{"id":4804,"date":"2025-09-24T16:14:00","date_gmt":"2025-09-24T14:14:00","guid":{"rendered":"https:\/\/mucbo.org\/projectes-mucbo\/els-boscs-del-passat-a-les-balears\/"},"modified":"2025-09-24T16:17:31","modified_gmt":"2025-09-24T14:17:31","slug":"els-boscs-del-passat-a-les-balears","status":"publish","type":"projectes-mucbo","link":"https:\/\/mucbo.org\/es\/projectes-mucbo\/els-boscs-del-passat-a-les-balears\/","title":{"rendered":"Els boscs del passat a les Balears"},"content":{"rendered":"<p>El MUCBO | Museu de Ci\u00e8ncies Naturals, per enc\u00e0rrec del Servei de Gesti\u00f3 Forestal de la Conselleria de Medi Ambient i Territori del Govern de les Illes Balears, realitzar\u00e0 els texts i coordinar\u00e0 la creaci\u00f3 d\u2019un quadernet did\u00e0ctic sobre els boscs del passat que existiren a les nostres illes, de fa uns 419 milions d\u2019anys a l\u2019actualitat. Es parlar\u00e0 de l\u2019evoluci\u00f3 de les plantes al llarg del temps, dels diferents ecosistemes f\u00f2ssils de les Balears en els que s\u2019han trobat restes vegetals. A m\u00e9s, tamb\u00e9 es parlar\u00e0 dels animals que hi vivien, i del clima i la geografia de cada moment. Finalment, el quadernet acabar\u00e0 amb un apartat sobre la import\u00e0ncia de les restes f\u00f2ssils i la necessitat de conservar-les, un llistat de bibliografia i un glossari de termes.<\/p><div class=\"wp-block-columns are-vertically-aligned-center is-layout-flex wp-container-core-columns-is-layout-9d6595d7 wp-block-columns-is-layout-flex\"><div class=\"wp-block-column is-vertically-aligned-center is-layout-flow wp-block-column-is-layout-flow\"><figure class=\"wp-block-image size-full\"><img decoding=\"async\" width=\"1890\" height=\"591\" src=\"https:\/\/mucbo.org\/wp-content\/uploads\/C_AG_PE_ME_NA_DI_GE_ME_NA_GE_FO_COL.png\" alt=\"\" class=\"wp-image-3374\" srcset=\"https:\/\/mucbo.org\/wp-content\/uploads\/C_AG_PE_ME_NA_DI_GE_ME_NA_GE_FO_COL.png 1890w, https:\/\/mucbo.org\/wp-content\/uploads\/C_AG_PE_ME_NA_DI_GE_ME_NA_GE_FO_COL-768x240.png 768w, https:\/\/mucbo.org\/wp-content\/uploads\/C_AG_PE_ME_NA_DI_GE_ME_NA_GE_FO_COL-1536x480.png 1536w, https:\/\/mucbo.org\/wp-content\/uploads\/C_AG_PE_ME_NA_DI_GE_ME_NA_GE_FO_COL-600x188.png 600w\" sizes=\"(max-width: 1890px) 100vw, 1890px\" \/><\/figure><\/div>\n\n<div class=\"wp-block-column is-vertically-aligned-center is-layout-flow wp-block-column-is-layout-flow\"><figure class=\"wp-block-image size-full\"><img decoding=\"async\" width=\"579\" height=\"331\" src=\"https:\/\/mucbo.org\/wp-content\/uploads\/xarxa_forestal_b.jpg\" alt=\"\" class=\"wp-image-3375\" \/><figcaption class=\"wp-element-caption\">binary comment<\/figcaption><\/figure><\/div>\n\n<div class=\"wp-block-column is-vertically-aligned-center is-layout-flow wp-block-column-is-layout-flow\"><\/div><\/div>","protected":false},"featured_media":4340,"template":"","class_list":["post-4804","projectes-mucbo","type-projectes-mucbo","status-publish","has-post-thumbnail","hentry"],"acf":[],"yoast_head":"<!-- This site is optimized with the Yoast SEO plugin v24.2 - https:\/\/yoast.com\/wordpress\/plugins\/seo\/ -->\n<title>Els boscs del passat a les Balears - MUCBO<\/title>\n<meta name=\"robots\" content=\"index, follow, max-snippet:-1, max-image-preview:large, max-video-preview:-1\" \/>\n<link rel=\"canonical\" href=\"https:\/\/mucbo.org\/es\/projectes-mucbo\/els-boscs-del-passat-a-les-balears\/\" \/>\n<meta property=\"og:locale\" content=\"es_ES\" \/>\n<meta property=\"og:type\" content=\"article\" \/>\n<meta property=\"og:title\" content=\"Els boscs del passat a les Balears - MUCBO\" \/>\n<meta property=\"og:description\" content=\"El MUCBO | Museu de Ci\u00e8ncies Naturals, per enc\u00e0rrec del Servei de Gesti\u00f3 Forestal de la Conselleria de Medi Ambient i Territori del Govern de les Illes Balears, realitzar\u00e0 els texts i coordinar\u00e0 la creaci\u00f3 d\u2019un quadernet did\u00e0ctic sobre els boscs del passat que existiren a les nostres illes, de fa uns 419 milions d\u2019anys [&hellip;]\" \/>\n<meta property=\"og:url\" content=\"https:\/\/mucbo.org\/es\/projectes-mucbo\/els-boscs-del-passat-a-les-balears\/\" \/>\n<meta property=\"og:site_name\" content=\"MUCBO\" \/>\n<meta property=\"article:modified_time\" content=\"2025-09-24T14:17:31+00:00\" \/>\n<meta property=\"og:image\" content=\"https:\/\/mucbo.org\/wp-content\/uploads\/WhatsApp-Image-2024-11-12-at-11.58.11.jpeg\" \/>\n\t<meta property=\"og:image:width\" content=\"1680\" \/>\n\t<meta property=\"og:image:height\" content=\"1260\" \/>\n\t<meta property=\"og:image:type\" content=\"image\/jpeg\" \/>\n<meta name=\"twitter:card\" content=\"summary_large_image\" \/>\n<meta name=\"twitter:label1\" content=\"Tiempo de lectura\" \/>\n\t<meta name=\"twitter:data1\" content=\"2 minutos\" \/>\n<script type=\"application\/ld+json\" class=\"yoast-schema-graph\">{\"@context\":\"https:\/\/schema.org\",\"@graph\":[{\"@type\":\"WebPage\",\"@id\":\"https:\/\/mucbo.org\/es\/projectes-mucbo\/els-boscs-del-passat-a-les-balears\/\",\"url\":\"https:\/\/mucbo.org\/es\/projectes-mucbo\/els-boscs-del-passat-a-les-balears\/\",\"name\":\"Els boscs del passat a les Balears - MUCBO\",\"isPartOf\":{\"@id\":\"https:\/\/mucbo.org\/es\/#website\"},\"primaryImageOfPage\":{\"@id\":\"https:\/\/mucbo.org\/es\/projectes-mucbo\/els-boscs-del-passat-a-les-balears\/#primaryimage\"},\"image\":{\"@id\":\"https:\/\/mucbo.org\/es\/projectes-mucbo\/els-boscs-del-passat-a-les-balears\/#primaryimage\"},\"thumbnailUrl\":\"https:\/\/mucbo.org\/wp-content\/uploads\/WhatsApp-Image-2024-11-12-at-11.58.11.jpeg\",\"datePublished\":\"2025-09-24T14:14:00+00:00\",\"dateModified\":\"2025-09-24T14:17:31+00:00\",\"breadcrumb\":{\"@id\":\"https:\/\/mucbo.org\/es\/projectes-mucbo\/els-boscs-del-passat-a-les-balears\/#breadcrumb\"},\"inLanguage\":\"es\",\"potentialAction\":[{\"@type\":\"ReadAction\",\"target\":[\"https:\/\/mucbo.org\/es\/projectes-mucbo\/els-boscs-del-passat-a-les-balears\/\"]}]},{\"@type\":\"ImageObject\",\"inLanguage\":\"es\",\"@id\":\"https:\/\/mucbo.org\/es\/projectes-mucbo\/els-boscs-del-passat-a-les-balears\/#primaryimage\",\"url\":\"https:\/\/mucbo.org\/wp-content\/uploads\/WhatsApp-Image-2024-11-12-at-11.58.11.jpeg\",\"contentUrl\":\"https:\/\/mucbo.org\/wp-content\/uploads\/WhatsApp-Image-2024-11-12-at-11.58.11.jpeg\",\"width\":1680,\"height\":1260},{\"@type\":\"BreadcrumbList\",\"@id\":\"https:\/\/mucbo.org\/es\/projectes-mucbo\/els-boscs-del-passat-a-les-balears\/#breadcrumb\",\"itemListElement\":[{\"@type\":\"ListItem\",\"position\":1,\"name\":\"Inicio\",\"item\":\"https:\/\/mucbo.org\/es\/\"},{\"@type\":\"ListItem\",\"position\":2,\"name\":\"Els boscs del passat a les Balears\"}]},{\"@type\":\"WebSite\",\"@id\":\"https:\/\/mucbo.org\/es\/#website\",\"url\":\"https:\/\/mucbo.org\/es\/\",\"name\":\"MUCBO\",\"description\":\"Fundaci\u00f3 Jard\u00ed Bot\u00e0nic de S\u00f3ller - Museu Balear de Ci\u00e8ncies Naturals\",\"potentialAction\":[{\"@type\":\"SearchAction\",\"target\":{\"@type\":\"EntryPoint\",\"urlTemplate\":\"https:\/\/mucbo.org\/es\/?s={search_term_string}\"},\"query-input\":{\"@type\":\"PropertyValueSpecification\",\"valueRequired\":true,\"valueName\":\"search_term_string\"}}],\"inLanguage\":\"es\"}]}<\/script>\n<!-- \/ Yoast SEO plugin. -->","yoast_head_json":{"title":"Els boscs del passat a les Balears - MUCBO","robots":{"index":"index","follow":"follow","max-snippet":"max-snippet:-1","max-image-preview":"max-image-preview:large","max-video-preview":"max-video-preview:-1"},"canonical":"https:\/\/mucbo.org\/es\/projectes-mucbo\/els-boscs-del-passat-a-les-balears\/","og_locale":"es_ES","og_type":"article","og_title":"Els boscs del passat a les Balears - MUCBO","og_description":"El MUCBO | Museu de Ci\u00e8ncies Naturals, per enc\u00e0rrec del Servei de Gesti\u00f3 Forestal de la Conselleria de Medi Ambient i Territori del Govern de les Illes Balears, realitzar\u00e0 els texts i coordinar\u00e0 la creaci\u00f3 d\u2019un quadernet did\u00e0ctic sobre els boscs del passat que existiren a les nostres illes, de fa uns 419 milions d\u2019anys [&hellip;]","og_url":"https:\/\/mucbo.org\/es\/projectes-mucbo\/els-boscs-del-passat-a-les-balears\/","og_site_name":"MUCBO","article_modified_time":"2025-09-24T14:17:31+00:00","og_image":[{"width":1680,"height":1260,"url":"https:\/\/mucbo.org\/wp-content\/uploads\/WhatsApp-Image-2024-11-12-at-11.58.11.jpeg","type":"image\/jpeg"}],"twitter_card":"summary_large_image","twitter_misc":{"Tiempo de lectura":"2 minutos"},"schema":{"@context":"https:\/\/schema.org","@graph":[{"@type":"WebPage","@id":"https:\/\/mucbo.org\/es\/projectes-mucbo\/els-boscs-del-passat-a-les-balears\/","url":"https:\/\/mucbo.org\/es\/projectes-mucbo\/els-boscs-del-passat-a-les-balears\/","name":"Els boscs del passat a les Balears - MUCBO","isPartOf":{"@id":"https:\/\/mucbo.org\/es\/#website"},"primaryImageOfPage":{"@id":"https:\/\/mucbo.org\/es\/projectes-mucbo\/els-boscs-del-passat-a-les-balears\/#primaryimage"},"image":{"@id":"https:\/\/mucbo.org\/es\/projectes-mucbo\/els-boscs-del-passat-a-les-balears\/#primaryimage"},"thumbnailUrl":"https:\/\/mucbo.org\/wp-content\/uploads\/WhatsApp-Image-2024-11-12-at-11.58.11.jpeg","datePublished":"2025-09-24T14:14:00+00:00","dateModified":"2025-09-24T14:17:31+00:00","breadcrumb":{"@id":"https:\/\/mucbo.org\/es\/projectes-mucbo\/els-boscs-del-passat-a-les-balears\/#breadcrumb"},"inLanguage":"es","potentialAction":[{"@type":"ReadAction","target":["https:\/\/mucbo.org\/es\/projectes-mucbo\/els-boscs-del-passat-a-les-balears\/"]}]},{"@type":"ImageObject","inLanguage":"es","@id":"https:\/\/mucbo.org\/es\/projectes-mucbo\/els-boscs-del-passat-a-les-balears\/#primaryimage","url":"https:\/\/mucbo.org\/wp-content\/uploads\/WhatsApp-Image-2024-11-12-at-11.58.11.jpeg","contentUrl":"https:\/\/mucbo.org\/wp-content\/uploads\/WhatsApp-Image-2024-11-12-at-11.58.11.jpeg","width":1680,"height":1260},{"@type":"BreadcrumbList","@id":"https:\/\/mucbo.org\/es\/projectes-mucbo\/els-boscs-del-passat-a-les-balears\/#breadcrumb","itemListElement":[{"@type":"ListItem","position":1,"name":"Inicio","item":"https:\/\/mucbo.org\/es\/"},{"@type":"ListItem","position":2,"name":"Els boscs del passat a les Balears"}]},{"@type":"WebSite","@id":"https:\/\/mucbo.org\/es\/#website","url":"https:\/\/mucbo.org\/es\/","name":"MUCBO","description":"Fundaci\u00f3 Jard\u00ed Bot\u00e0nic de S\u00f3ller - Museu Balear de Ci\u00e8ncies Naturals","potentialAction":[{"@type":"SearchAction","target":{"@type":"EntryPoint","urlTemplate":"https:\/\/mucbo.org\/es\/?s={search_term_string}"},"query-input":{"@type":"PropertyValueSpecification","valueRequired":true,"valueName":"search_term_string"}}],"inLanguage":"es"}]}},"_links":{"self":[{"href":"https:\/\/mucbo.org\/es\/wp-json\/wp\/v2\/projectes-mucbo\/4804","targetHints":{"allow":["GET"]}}],"collection":[{"href":"https:\/\/mucbo.org\/es\/wp-json\/wp\/v2\/projectes-mucbo"}],"about":[{"href":"https:\/\/mucbo.org\/es\/wp-json\/wp\/v2\/types\/projectes-mucbo"}],"wp:featuredmedia":[{"embeddable":true,"href":"https:\/\/mucbo.org\/es\/wp-json\/wp\/v2\/media\/4340"}],"wp:attachment":[{"href":"https:\/\/mucbo.org\/es\/wp-json\/wp\/v2\/media?parent=4804"}],"curies":[{"name":"wp","href":"https:\/\/api.w.org\/{rel}","templated":true}]}}