{"id":6450,"date":"2025-02-18T11:05:12","date_gmt":"2025-02-18T09:05:12","guid":{"rendered":"https:\/\/mucbo.org\/publicaciones-cientificas\/llibres-i-capitols-de-llibre\/"},"modified":"2026-04-14T15:52:31","modified_gmt":"2026-04-14T13:52:31","slug":"llibres-i-capitols-de-llibre","status":"publish","type":"page","link":"https:\/\/mucbo.org\/es\/publicaciones-cientificas\/llibres-i-capitols-de-llibre\/","title":{"rendered":"Llibres i cap\u00edtols de llibre"},"content":{"rendered":"<h3 class=\"wp-block-heading\"><strong>202<\/strong>6<\/h3><ul class=\"wp-block-list\"><li><strong>D\u00edaz-Calafat, J.<\/strong> &amp; <strong>Matamales-Andreu, R. <\/strong>(2026). <em>Llibre de resums de les III Jornades d\u2019Entomologia Balear<\/em>. MUCBO | Fundaci\u00f3 Jard\u00ed Bot\u00e0nic de S\u00f3ller-Museu Balear de Ci\u00e8ncies Naturals, S\u00f3ller. 14 pp.<\/li><\/ul><h3 class=\"wp-block-heading\"><strong>2025<\/strong><\/h3><ul class=\"wp-block-list\"><li><strong>D\u00edaz-Calafat, J.<\/strong>; <strong>Matamales-Andreu, R. <\/strong>&amp; <strong>Garcia, Ll. <\/strong>(2025). <em>Llibre de resums de la II Jornada d\u2019Entomologia Balear<\/em>. MUCBO | Fundaci\u00f3 Jard\u00ed Bot\u00e0nic de S\u00f3ller-Museu Balear de Ci\u00e8ncies Naturals; S\u00f3ller. 21 pp.<\/li>\n\n<li><strong>Garcia, Ll. <\/strong>(2025). <em>Porcellionides angelginesi<\/em> sp. nov. (Isopoda: Oniscidea: Porcellionidae), a new woodlice species from mountains and islets of Mallorca (Balearic Islands). <em>In<\/em>: Pons, G.X.; Vicens, D. &amp; Del Valle, L. (Eds.). <em>La passi\u00f3 sota terra d\u2019un bi\u00f2leg i carst\u00f2leg vocacional. Llibre homenatge a \u00c0ngel Gin\u00e9s. Monografies de la Societat d&#8217;Hist\u00f2ria Natural de les Balears<\/em>, 37. Societat d&#8217;Hist\u00f2ria Natural de les Balears; Palma: 299\u2013308.<\/li>\n\n<li><strong>Garcia, Ll.<\/strong> &amp; <strong>Matamales-Andreu, R.<\/strong> (2025). La font del Camp d\u2019en Prohom: una finestra a la fauna aqu\u00e0tica subterr\u00e0nia de la Vall de S\u00f3ller. <em>In<\/em>: Ajuntament de S\u00f3ller &amp; Ajuntament de Fornalutx (Eds.). <em>XIX Jornades d\u2019Estudis Locals de S\u00f3ller i Fornalutx<\/em>. Ajuntament de S\u00f3ller, Ajuntament de Fornalutx; S\u00f3ller, Fornalutx: 189\u2013198.<\/li>\n\n<li><strong>Ju\u00e1rez-Ruiz, J.<\/strong> &amp; <strong>Matamales-Andreu, R.<\/strong> (2025). <em>Mioc\u00e8: ecosistemes i biodiversitat<\/em>. MUCBO | Fundaci\u00f3 Jard\u00ed Bot\u00e0nic de S\u00f3ller-Museu Balear de Ci\u00e8ncies Naturals; S\u00f3ller. 138 pp.<\/li>\n\n<li><strong>Ju\u00e1rez-Ruiz, J. <\/strong>&amp; <strong>Matamales-Andreu, R.<\/strong> (2025). <em>Plioc\u00e8: ecosistemes i biodiversitat<\/em>. MUCBO | Fundaci\u00f3 Jard\u00ed Bot\u00e0nic de S\u00f3ller-Museu Balear de Ci\u00e8ncies Naturals; S\u00f3ller. 90 pp.<\/li>\n\n<li><strong>Ju\u00e1rez-Ruiz, J.<\/strong> &amp; <strong>Matamales-Andreu, R.<\/strong> (2025). <em>Pleistoc\u00e8: ecosistemes i biodiversitat<\/em>. MUCBO | Fundaci\u00f3 Jard\u00ed Bot\u00e0nic de S\u00f3ller-Museu Balear de Ci\u00e8ncies Naturals; S\u00f3ller. 130 pp.<\/li><\/ul><h3 class=\"wp-block-heading\"><strong>2024<\/strong><\/h3><ul class=\"wp-block-list\"><li><strong>Garcia, Ll.<\/strong> (2024). <em>Porcellio succinctus<\/em> Budde-Lund, 1885. <em>In<\/em>: Lencina, J.L.; Garc\u00eda-Meseguer, A.J.; Gallego, D.; Guardiola, B.; S\u00e1nchez-Fern\u00e1ndez, D.; Mill\u00e1n, A. &amp; Esteve-Selma, M.A. (Coords.). <em>Libro Rojo de los Invertebrados Continentales de la Regi\u00f3n de Murcia<\/em>. Consejer\u00eda de Medio Ambiente, Universidades, Investigaci\u00f3n y Mar Menor, Comunidad Aut\u00f3noma de la Regi\u00f3n de Murcia; Murcia: 56\u201357.<\/li>\n\n<li><strong>Garcia, Ll.<\/strong> (2024). <em>Armadillidium mateui<\/em> Vandel, 1953. <em>In<\/em>: Lencina, J.L.; Garc\u00eda-Meseguer, A.J.; Gallego, D.; Guardiola, B.; S\u00e1nchez-Fern\u00e1ndez, D.; Mill\u00e1n, A. &amp; Esteve-Selma, M.A. (Coords.). <em>Libro Rojo de los Invertebrados Continentales de la Regi\u00f3n de Murcia<\/em>. Consejer\u00eda de Medio Ambiente, Universidades, Investigaci\u00f3n y Mar Menor, Comunidad Aut\u00f3noma de la Regi\u00f3n de Murcia; Murcia: p. 223.<\/li>\n\n<li><strong>Garcia, Ll.<\/strong> (2024). <em>Porcellio auritus<\/em> Budde-Lund, 1885. <em>In<\/em>: Lencina, J.L.; Garc\u00eda-Meseguer, A.J.; Gallego, D.; Guardiola, B.; S\u00e1nchez-Fern\u00e1ndez, D.; Mill\u00e1n, A. &amp; Esteve-Selma, M.A. (Coords.). <em>Libro Rojo de los Invertebrados Continentales de la Regi\u00f3n de Murcia<\/em>. Consejer\u00eda de Medio Ambiente, Universidades, Investigaci\u00f3n y Mar Menor, Comunidad Aut\u00f3noma de la Regi\u00f3n de Murcia; Murcia: p. 224.<\/li>\n\n<li><strong>Garcia, Ll.<\/strong> (2024). <em>Porcellio bolivari<\/em> Dollfus, 1892. <em>In<\/em>: Lencina, J.L.; Garc\u00eda-Meseguer, A.J.; Gallego, D.; Guardiola, B.; S\u00e1nchez-Fern\u00e1ndez, D.; Mill\u00e1n, A. &amp; Esteve-Selma, M.A. (Coords.). <em>Libro Rojo de los Invertebrados Continentales de la Regi\u00f3n de Murcia<\/em>. Consejer\u00eda de Medio Ambiente, Universidades, Investigaci\u00f3n y Mar Menor, Comunidad Aut\u00f3noma de la Regi\u00f3n de Murcia; Murcia: p. 225.<\/li>\n\n<li><strong>Garcia, Ll.<\/strong> (2024). <em>Porcellio humberti<\/em> Paulian de F\u00e9lice, 1939. <em>In<\/em>: Lencina, J.L.; Garc\u00eda-Meseguer, A.J.; Gallego, D.; Guardiola, B.; S\u00e1nchez-Fern\u00e1ndez, D.; Mill\u00e1n, A. &amp; Esteve-Selma, M.A. (Coords.). <em>Libro Rojo de los Invertebrados Continentales de la Regi\u00f3n de Murcia<\/em>. Consejer\u00eda de Medio Ambiente, Universidades, Investigaci\u00f3n y Mar Menor, Comunidad Aut\u00f3noma de la Regi\u00f3n de Murcia; Murcia: p. 226.<\/li>\n\n<li><strong>Garcia, Ll.<\/strong> (2024). <em>Porcellionides fuscomarmoratus<\/em> (Budde-Lund, 1885). <em>In<\/em>: Lencina, J.L.; Garc\u00eda-Meseguer, A.J.; Gallego, D.; Guardiola, B.; S\u00e1nchez-Fern\u00e1ndez, D.; Mill\u00e1n, A. &amp; Esteve-Selma, M.A. (Coords.). <em>Libro Rojo de los Invertebrados Continentales de la Regi\u00f3n de Murcia<\/em>. Consejer\u00eda de Medio Ambiente, Universidades, Investigaci\u00f3n y Mar Menor, Comunidad Aut\u00f3noma de la Regi\u00f3n de Murcia; Murcia: p. 227.<\/li>\n\n<li><strong>Garcia, Ll.<\/strong> &amp; <strong>Matamales-Andreu, R.<\/strong> (2024). La hist\u00f2ria de la descoberta naturalista a les Balears: 31 anys d\u2019una exposici\u00f3 pionera al Museu de Ci\u00e8ncies Naturals de S\u00f3ller. <em>In<\/em>: Ajuntament de S\u00f3ller &amp; Ajuntament de Fornalutx (Eds.). <em>XVIII Jornades d\u2019Estudis Locals de S\u00f3ller i Fornalutx<\/em>. Ajuntament de S\u00f3ller, Ajuntament de Fornalutx; S\u00f3ller, Fornalutx: 193\u2013206.<\/li>\n\n<li><strong>Matamales-Andreu, R.<\/strong> (2024). <em>Pla Director. Museu Balear de Ci\u00e8ncies Naturals<\/em>. Fundaci\u00f3 Jard\u00ed Bot\u00e0nic de S\u00f3ller-Museu Balear de Ci\u00e8ncies Naturals; S\u00f3ller. 562 pp.<\/li><\/ul><h3 class=\"wp-block-heading\"><strong>2023<\/strong><\/h3><ul class=\"wp-block-list\"><li><strong>Garcia, Ll.<\/strong> (2023). Onisc\u00eddeos, Is\u00f3podos terrestres. <em>In<\/em>: Sendra, A. (Coord.). <em>Habitantes de la oscuridad. Fauna \u00cdbero-balear de las cuevas<\/em>. Sociedad Entomol\u00f3gica Aragonesa; Saragossa: 310\u2013322.<\/li>\n\n<li><strong>Garcia, Ll.<\/strong>; <strong>Matamales-Andreu, R.<\/strong> &amp; <strong>P\u00e9rez, M.I.<\/strong> (2023). La contribuci\u00f3 del Museu de Ci\u00e8ncies Naturals de S\u00f3ller a la literatura naturalista de Balears: 40 anys de publicacions cient\u00edfiques i divulgatives (1982-2022). <em>In<\/em>: Ajuntament de S\u00f3ller &amp; Ajuntament de Fornalutx (Eds.). <em>XVII Jornades d\u2019Estudis Locals de S\u00f3ller i Fornalutx<\/em>. Ajuntament de S\u00f3ller, Ajuntament de Fornalutx; S\u00f3ller, Fornalutx: 211\u2013241.<\/li>\n\n<li>Jaume, D.; Palero, F.; Herrando, S. &amp; <strong>Garcia, Ll.<\/strong> (2023). Is\u00f3podos, crust\u00e1ceos de patas similares. <em>In<\/em>: Sendra, A. (Coord.). <em>Habitantes de la oscuridad. Fauna \u00cdbero-balear de las cuevas<\/em>. Sociedad Entomol\u00f3gica Aragonesa; Saragossa: 303\u2013309.<\/li>\n\n<li><strong>Matamales-Andreu, R.<\/strong> (2023). Els f\u00f2ssils m\u00e9s antics de Mallorca: valoraci\u00f3 patrimonial dels jaciments paleontol\u00f2gics m\u00e9s excepcionals de la serra de Tramuntana. <em>In<\/em>: Consorci Serra de Tramuntana (Ed.). <em>Premis Serra de Tramuntana Recerca i Investigaci\u00f3. Estudis sobre el Patrimoni Mundial de la Serra de Tramuntana<\/em>. Consell de Mallorca; Palma: 1\u201328.<\/li>\n\n<li><strong>Matamales-Andreu, R. <\/strong>(2023). <em>Permian and Triassic ecosystems of the Gymnesic Islands (western Mediterranean)<\/em>. Tesi Doctoral. Institut Catal\u00e0 de Paleontologia Miquel Crusafont, Universitat Aut\u00f2noma de Barcelona; Barcelona. 752 pp.<\/li><\/ul><h3 class=\"wp-block-heading\"><strong>2022<\/strong><\/h3><ul class=\"wp-block-list\"><li><strong>Constantino, C. <\/strong>&amp; <strong>Constantino, C. <\/strong>(2022). Els bolets de S\u00f3ller. <em>In<\/em>: Ajuntament de S\u00f3ller &amp; Ajuntament de Fornalutx (Eds.). <em>XVI Jornades d\u2019Es\u00adtudis Locals de S\u00f3ller i Fornalutx<\/em>. Ajuntament de S\u00f3ller, Ajuntament de Fornalutx; S\u00f3ller, Fornalutx: 91\u201396.<\/li>\n\n<li><strong>Garcia, Ll. <\/strong>(2022). Guillem Colom Casasnovas i les pluges de fang de l\u2019any 1947.<em> In<\/em>: Ajuntament de S\u00f3ller &amp; Ajuntament de Fornalutx (Eds.). <em>XVI Jornades d\u2019Estudis Locals de S\u00f3ller i Fornalutx<\/em>. Ajuntament de S\u00f3ller, Ajuntament de Fornalutx; S\u00f3ller, Fornalutx: 181\u2013186.<\/li>\n\n<li>Pufahl, P.; Brasier, A.; Plink-Bj\u00f6rklund, P.; Brandano, M.; <strong>Mateu-Vicens, G.<\/strong> &amp; Baceta, J.I. (Eds.) (2022).&nbsp;<em>Understanding carbonate factories through palaeoecological and sedimentological signals \u2013 Tribute to Luis Pomar. Sedimentology, 69(1)<\/em>. Wiley, International Association of Sedimentologists. 393 pp.<\/li><\/ul><h3 class=\"wp-block-heading\"><strong>2021<\/strong><\/h3><ul class=\"wp-block-list\"><li><strong>Gradaille, J.Ll.<\/strong> &amp; Bonet, J. (2021). <em>Di\u00e0spores. Fruits i llavors de la Flora balear. Dispersi\u00f3<\/em>. Fundaci\u00f3 Jard\u00ed Bot\u00e0nic de S\u00f3ller-Museu Balear de Ci\u00e8ncies Naturals; S\u00f3ller. 546 pp.<\/li>\n\n<li><strong>Matamales-Andreu, R.<\/strong>; Oms, O. &amp; Fortuny, J. (2021). Paleoecosistemes del Permi\u00e0 i Tri\u00e0sic continental de Mallorca (Illes Balears, Mediterr\u00e0nia occidental): s\u00edntesi i prespectives futures. <em>In<\/em>: G\u00f3mez-Pujol, L.; Roig-Munar, F.X.; Gelabert, B.; Mart\u00edn, J.A. (Eds.). <em>De la terra a la mar i de la mar a la terra. Homenatge a Antonio Rodr\u00edguez-Perea.<\/em> <em>Monografies de la Societat d\u2019Hist\u00f2ria Natural de Balears<\/em>, 34. Societat d\u2019Hist\u00f2ria Natural de les Balears; Palma: 17\u201339.<\/li><\/ul><h3 class=\"wp-block-heading\"><strong>2020 <\/strong><\/h3><ul class=\"wp-block-list\"><li><strong>Garcia, Ll.<\/strong> (2020). Els Crustacis Is\u00f2podes terrestres. <em>In<\/em>: Mayol, J. (Coord.). <em>Atles de les petites illes i els illots de les Balears<\/em>. PIM &amp; S.H.N.B. Atlas of Small Mediterranean Islands, 1. <em>Monografies de la Societat d&#8217;Hist\u00f2ria Natural de les Balears<\/em>, 29. Ed. Perif\u00e8rics; Palma: 40\u201342.<\/li>\n\n<li><strong>Garcia, Ll.<\/strong> (2020). Crustacis de les aig\u00fces subterr\u00e0nies. <em>In<\/em>: Mayol, J. (Coord.). <em>Atles de les petites illes i els illots de les Balears<\/em>. PIM &amp; S.H.N.B. Atlas of Small Mediterranean Islands, 1. <em>Monografies de la Societat d&#8217;Hist\u00f2ria Natural de les Balears<\/em>, 29. Ed. Perif\u00e8rics; Palma: 108\u2013109.<\/li><\/ul><h3 class=\"wp-block-heading\"><strong>2019 <\/strong><\/h3><ul class=\"wp-block-list\"><li><strong>Arbona, J.M.<\/strong> (2019). La geologia de la vall de S\u00f3ller i Fornalutx a partir de la cartografia de detall. <em>In<\/em>: Ajuntament de S\u00f3ller &amp; Ajuntament de Fornalutx (Eds.). <em>XIII Jornades d\u2019Estudis Locals de S\u00f3ller i Fornalutx<\/em>. Ajuntament de S\u00f3ller, Ajuntament de Fornalutx; S\u00f3ller, Fornalutx: 153\u2013164.<\/li><\/ul><h3 class=\"wp-block-heading\"><strong>2018 <\/strong><\/h3><ul class=\"wp-block-list\"><li><strong>Garcia, Ll.<\/strong>; <strong>Pinya, S.<\/strong>; <strong>Mateu-Vicens, G.<\/strong>; <strong>Constantino, C.<\/strong>; <strong>Sacar\u00e9s, A. <\/strong>&amp; <strong>Arbona, J.<\/strong> (2018). <em>I Jornada d&#8217;Entomologia de les Illes Balears. Quadern de resums<\/em>. Museu Balear de Ci\u00e8ncies Naturals; S\u00f3ller. 24 pp.<\/li><\/ul><h3 class=\"wp-block-heading\"><strong>2017<\/strong><\/h3><ul class=\"wp-block-list\"><li><strong>Garcia, Ll.<\/strong> (2017). Joan Trias Castell (1916-1998) La seva contribuci\u00f3 a la microscopia divulgativa i a la did\u00e0ctica de les Ci\u00e8ncies Naturals.<em> In<\/em>: Ajuntament de S\u00f3ller &amp; Ajuntament de Fornalutx (Eds.). <em>VII Jornades d\u2019Estudis Locals de S\u00f3ller i Fornalutx<\/em>. Ajuntament de S\u00f3ller, Ajuntament de Fornalutx; S\u00f3ller, Fornalutx: 47\u201359.<\/li>\n\n<li><strong>Garcia, Ll.<\/strong> &amp; <strong>Vadell, M.<\/strong> (2014). La Bioespeleologia a la vall de S\u00f3ller. Hist\u00f2ria de les exploracions i biodiversitat. <em>In<\/em>: Ajuntament de S\u00f3ller &amp; Ajuntament de Fornalutx (Eds.). <em>VII Jornades d\u2019Estudis Locals de S\u00f3ller i Fornalutx<\/em>. Ajuntament de S\u00f3ller, Ajuntament de Fornalutx; S\u00f3ller, Fornalutx: 255\u2013269.<\/li><\/ul><h3 class=\"wp-block-heading\"><strong>2015<\/strong><\/h3><ul class=\"wp-block-list\"><li><strong>Gradaille, J.Ll.<\/strong> &amp; Llorens, Ll. (2015). <em>Plantes i flors de les Balears. Colette<\/em>. Fundaci\u00f3 Jard\u00ed Bot\u00e0nic de S\u00f3ller; S\u00f3ller. 344 pp.<\/li><\/ul><h3 class=\"wp-block-heading\"><strong>2013 <\/strong><\/h3><ul class=\"wp-block-list\"><li><strong>Garcia, Ll.<\/strong> (2013). Is\u00f3podos terrestres (Crustacea: Oniscidea) recolectados en cavidades subterr\u00e1neas de Ja\u00e9n. <em>In<\/em>: P\u00e9rez Fern\u00e1ndez, T. &amp; P\u00e9rez Ruiz, A. (Coords.). <em>Los invertebrados de h\u00e1bitats subterr\u00e1neos de Ja\u00e9n<\/em>. Grupo de Espeleolog\u00eda de Villacarrillo, Ja\u00e9n: 78\u201384.<\/li><\/ul><h3 class=\"wp-block-heading\"><strong>2010 <\/strong><\/h3><ul class=\"wp-block-list\"><li><strong>Garcia, Ll. <\/strong>&amp; <strong>Constantino, C. <\/strong>(2010). L&#8217;exploraci\u00f3 micol\u00f2gica de la Vall de S\u00f3ller del naturalista L\u00e9on Louis Rolland (1903-1904). <em>In<\/em>: Ajuntament de S\u00f3ller &amp; Ajuntament de Fornalutx (Eds.). <em>IV Jornades d\u2019Es\u00adtudis Locals de S\u00f3ller i Fornalutx<\/em>. Ajuntament de S\u00f3ller, Ajuntament de Fornalutx; S\u00f3ller: 133\u2013141.<\/li><\/ul><h3 class=\"wp-block-heading\"><strong>2009 <\/strong><\/h3><ul class=\"wp-block-list\"><li><strong>Constantino, C.<\/strong> (2009). 150 anys d\u2019estudis naturalistes a la vall de S\u00f3ller. <em>In<\/em>: Ajuntament de S\u00f3ller &amp; Ajuntament de Fornalutx (Eds.). <em>III Jornades d\u2019Es\u00adtudis Locals de S\u00f3ller i Fornalutx<\/em>. Ajuntament de S\u00f3ller, Ajuntament de Fornalutx; S\u00f3ller, Fornalutx: 15\u201331.<\/li>\n\n<li><strong>Garcia, Ll.<\/strong> (2009). Les \u00absomeretes\u00bb (Crustacis is\u00f2podes terrestres: Isopoda, Oniscidea) de la vall de S\u00f3ller (Mallorca). Aproximaci\u00f3 a una biodiversitat menystinguda. <em>In<\/em>: Ajuntament de S\u00f3ller &amp; Ajuntament de Fornalutx (Eds.). <em>III Jornades d\u2019Es\u00adtudis Locals de S\u00f3ller i Fornalutx<\/em>. Ajuntament de S\u00f3ller, Ajuntament de Fornalutx; S\u00f3ller, Fornalutx: 129\u2013146.<\/li><\/ul><h3 class=\"wp-block-heading\"><strong>2008 <\/strong><\/h3><ul class=\"wp-block-list\"><li><strong>Garcia, Ll. <\/strong>(2008). Els crustacis de les aig\u00fces subterr\u00e0nies de Cabrera. <em>In<\/em>: <em>Cabrera. Els tresors de l&#8217;Illa<\/em>. Promomallorca Edicions; Palma.<\/li>\n\n<li><strong>Constantino, C. <\/strong>(2009). 150 anys d\u2019estudis naturalistes a la vall de S\u00f3ller. <em>In<\/em>: Ajuntament de S\u00f3ller &amp; Ajuntament de Fornalutx (Eds.). <em>III Jornades d\u2019Es\u00adtudis Locals de S\u00f3ller i Fornalutx<\/em>. Ajuntament de S\u00f3ller, Ajuntament de Fornalutx; S\u00f3ller, Fornalutx: 15\u201331.<\/li>\n\n<li><strong>Constantino, C.<\/strong> (2009). Estudi de la flora del polvor\u00ed del cam\u00ed del Cingle. Un pulm\u00f3 verd enmig del Port de S\u00f3ller. <em>In<\/em>: Ajuntament de S\u00f3ller &amp; Ajuntament de Fornalutx (Eds.). <em>II Jornades d\u2019Es\u00adtudis Locals de S\u00f3ller i Fornalutx<\/em>. Ajuntament de S\u00f3ller, Ajuntament de Fornalutx; S\u00f3ller, Fornalutx: 157\u2013167.<\/li><\/ul><h3 class=\"wp-block-heading\"><strong>2007 <\/strong><\/h3><ul class=\"wp-block-list\"><li><strong>Garcia, Ll.<\/strong> (2008). Guillem Colom, entom\u00f2leg. Apunts sobre els inicis vocacionals d&#8217;un cient\u00edfic solleric de talla internacional i el paper dels insectes en la seva obra.<em>In<\/em>: Ajuntament de S\u00f3ller &amp; Ajuntament de Fornalutx (Eds.). <em>I Jornades d\u2019Es\u00adtudis Locals de S\u00f3ller i Fornalutx<\/em>. Ajuntament de S\u00f3ller, Ajuntament de Fornalutx; S\u00f3ller, Fornalutx: 79\u201394.<\/li>\n\n<li><strong>Garcia, Ll.<\/strong> (2008). Pesca artesanal i estudi de la biodiversitat local de Crustacis Dec\u00e0podes (Crustacea: Decapoda). El cas del Port de S\u00f3ller (Illes Balears).<em> In<\/em>: Ajuntament de S\u00f3ller &amp; Ajuntament de Fornalutx (Eds.). <em>I Jornades d\u2019Es\u00adtudis Locals de S\u00f3ller i Fornalutx<\/em>. Ajuntament de S\u00f3ller, Ajuntament de Fornalutx; S\u00f3ller, Fornalutx: 101\u2013112.<\/li>\n\n<li><strong>Celi\u00e0, L. <\/strong>(2008). L\u2019associaci\u00f3 Museu Balear de Ci\u00e8ncies Naturals: 25 anys tenint cura del nostre patrimoni. <em>In<\/em>: Ajuntament de S\u00f3ller &amp; Ajuntament de Fornalutx (Eds.). <em>I Jornades d\u2019Es\u00adtudis Locals de S\u00f3ller i Fornalutx<\/em>. Ajuntament de S\u00f3ller, Ajuntament de Fornalutx; S\u00f3ller, Fornalutx: 95\u2013100.<\/li>\n\n<li>Tuccimei, P.; Forn\u00f3s, J.J.;<strong> Gin\u00e9s, \u00c0.<\/strong>; Gin\u00e9s, J.; Gr\u00e0cia, F. &amp; Mucedda, M. (2007). Sea level change at Capo Caccia (NW Sardinia) and Mallorca (Balearic Islands) during oxygen isotope substage 5e, based on Th\/U datings of phreatic overgrowths on speleothems. <em>In<\/em>: Pons, G.X. &amp; Vicens, D. (Eds.). <em>Geomorfologia Litoral i Quaternari. Homenatge a Joan Cuerda Barcel\u00f3<\/em>. <em>Monografies de la Societat d\u2019Hist\u00f2ria Natural de les Balears<\/em>, 14: 121\u2013135.<\/li><\/ul><h3 class=\"wp-block-heading\"><strong>2006 <\/strong><\/h3><ul class=\"wp-block-list\"><li><strong>Garcia, Ll.<\/strong> (2006). Arthropoda, Malacostraca, Isopoda (Trichoniscidae, Philosciidae, Porcellionidae y Armadillidiidae). <em>In<\/em>: Domingo, J.; Montagud, S. &amp; Sendra, A. (Coords.). <em>Invertebrados End\u00e9micos de la Comunidad Valenciana<\/em>. Conselleria de Territori i Habitatge, Val\u00e8ncia: 102\u2013113.<\/li><\/ul><h3 class=\"wp-block-heading\"><strong>2005 <\/strong><\/h3><ul class=\"wp-block-list\"><li><strong>Constantino, C.<\/strong>; <strong>Garcia, Ll.<\/strong>; <strong>Vicens, D.<\/strong>; <strong>Mas, G.<\/strong>; <strong>Petitpierre, E.<\/strong>; <strong>Sacar\u00e9s, A.<\/strong>; <strong>Celi\u00e0, L. <\/strong>&amp; <strong>Mateu-Vicens, G. <\/strong>(2005). <em>Auba\u00efna. Butllet\u00ed del Museu Balear de Ci\u00e8ncies Naturals, any 6 (n\u00ba 1)<\/em>. Museu Balear de Ci\u00e8ncies Naturals; S\u00f3ller. 58 pp.<\/li>\n\n<li><strong>Garcia, Ll.<\/strong> &amp; Sacar\u00e9s, A. (2005). Els marges i la fauna. <em>In<\/em>: <em>Els marges, un tresor europeu<\/em>. Programa LEADER II: 34\u201336.<\/li><\/ul><h3 class=\"wp-block-heading\"><strong>2004 <\/strong><\/h3><ul class=\"wp-block-list\"><li><strong>Museu Balear de Ci\u00e8ncies Naturals<\/strong>, Universitat de les Illes Balears &amp; Sociedad Espa\u00f1ola de Espeleolog\u00eda y Ciencias del Karst (2004). <em>XIII Jornadas Cient\u00edficas de la SEDECK-Centenario del descubrimiento de Typhlocirolana moraguesi en las Cuevas del Drac<\/em>. S\u00f3ller, Palma. 135 pp.<\/li><\/ul><h3 class=\"wp-block-heading\"><strong>2003 <\/strong><\/h3><ul class=\"wp-block-list\"><li><strong>Constantino, C.<\/strong>; <strong>Garcia, Ll.<\/strong> &amp; <strong>Pons, G.X.<\/strong> (2003). <em>Auba\u00efna. Butllet\u00ed del Museu Balear de Ci\u00e8ncies Naturals, any 5 (n\u00ba 1)<\/em>. Museu Balear de Ci\u00e8ncies Naturals; S\u00f3ller. 32 pp.<\/li>\n\n<li>Gin\u00e9s, J.; Tuccimei, P.; Forn\u00f3s, J.J.; <strong>Gin\u00e9s, A.<\/strong>; Gr\u00e0cia, F. &amp; Vesica, P. (2003). The Upper Pleistocene sea-level history in Mallorca (Western Mediterranean) approached from the perspective of coastal phreatic speleothems. <em>In<\/em>: Ruiz-Zapata, M.B., <em>et al. <\/em>(Eds.). <em>Quaternary climatic changes and environmental crises in the Mediterranean region<\/em>. EDITORIAL; Alcal\u00e1 de Henares: 241\u2013247.<\/li>\n\n<li>Tuccimei, P.; Gin\u00e9s, J.; <strong>Gin\u00e9s, A.<\/strong>; Gr\u00e0cia, F. &amp; Forn\u00f3s, J.J. (2003). U-series ages of phreatic overgrowths on speleothems in coastal caves of Mallorca. New MC-ICPMS data for the construction of a sea level changes curve for the Last Interglacial in Western Mediterranean. <em>In<\/em>: Bakalowicz, M.; Causse, C. &amp; Genty, D. (Eds.). <em>Changements climatiques: l&#8217;enregistrement karstique III<\/em>. EDITORIAL; Montpellier: p. 169.<\/li><\/ul><h3 class=\"wp-block-heading\"><strong>2002 <\/strong><\/h3><ul class=\"wp-block-list\"><li><strong>Garcia, Ll.<\/strong>; <strong>Constantino, C.<\/strong>; <strong>Mateu, G.<\/strong> &amp; <strong>Vicens, M.<\/strong> (2002). <em>Auba\u00efna. Butllet\u00ed del Museu Balear de Ci\u00e8ncies Naturals, any 4 (n\u00ba 1-2)<\/em>. Museu Balear de Ci\u00e8ncies Naturals; S\u00f3ller. 38 pp.<\/li>\n\n<li>Gin\u00e9s, J.; Forn\u00f3s, J.J.; <strong>Gin\u00e9s, A.<\/strong>; Gr\u00e0cia, F.; Delitala, C.; Tadeucci, A.; Tuccimei, P. &amp; Vesica, P.L. (2002). Els espeleotemes fre\u00e0tics de les coves litorals de Mallorca: canvis del nivell de la Mediterr\u00e0nia i paleoclima en el Pleistoc\u00e8 Superior. <em>In<\/em>: Pons, G.X. &amp; Guijarro, J.A. (Eds.). <em>El canvi clim\u00e0tic: passat, present i futur. Monografies de la Societat d\u2019Hist\u00f2ria Natural de les Balears<\/em>, 9. Societat d\u2019Hist\u00f2ria Natural de les Balears; Palma: 33\u201352.<\/li><\/ul><h3 class=\"wp-block-heading\"><strong>2001<\/strong><\/h3><ul class=\"wp-block-list\"><li><strong>Constantino, C.<\/strong>; <strong>Garcia, Ll.<\/strong>; <strong>Gin\u00e9s, \u00c0.<\/strong>; <strong>Pla, V.<\/strong> &amp; <strong>Vicens, D.<\/strong> (2001). <em>Auba\u00efna. Butllet\u00ed del Museu Balear de Ci\u00e8ncies Naturals, any 3 (n\u00ba 1)<\/em>. Museu Balear de Ci\u00e8ncies Naturals; S\u00f3ller. 32 pp.<\/li>\n\n<li><strong>Constantino, C.<\/strong>; <strong>Garcia, Ll.<\/strong>; <strong>Mateu-Vicens, G.<\/strong> &amp; <strong>Vicens, M.<\/strong> (2001). <em>Auba\u00efna. Butllet\u00ed del Museu Balear de Ci\u00e8ncies Naturals, any 3 (n\u00ba 2)<\/em>. Museu Balear de Ci\u00e8ncies Naturals; S\u00f3ller. 36 pp.<\/li><\/ul><h3 class=\"wp-block-heading\"><strong>2000<\/strong><\/h3><ul class=\"wp-block-list\"><li><strong>Constantino, C.<\/strong>;<strong> Garcia, Ll.<\/strong>;<strong> Morey, B.<\/strong>;<strong> Mus, M.<\/strong>;<strong> Alomar, G.<\/strong>;<strong> Reyn\u00e9s, A.<\/strong>;<strong> Ferrer, I.<\/strong>;<strong> Rodr\u00edguez, R. <\/strong>&amp;<strong> Grimalt, M. <\/strong>(2000). <em>Auba\u00efna. Butllet\u00ed del Museu Balear de Ci\u00e8ncies Naturals, any 2 (n\u00ba 1)<\/em>. Museu Balear de Ci\u00e8ncies Naturals; S\u00f3ller. 28 pp.<\/li>\n\n<li><strong>Constantino, C.<\/strong>; <strong>Constantino, C.<\/strong> &amp; <strong>Garcia, Ll. <\/strong>(2000). <em>Auba\u00efna. Butllet\u00ed del Museu Balear de Ci\u00e8ncies Naturals, any 2 (n\u00ba 2)<\/em>. Museu Balear de Ci\u00e8ncies Naturals; S\u00f3ller. 29 pp.<\/li><\/ul><h3 class=\"wp-block-heading\"><strong>1999<\/strong><\/h3><ul class=\"wp-block-list\"><li><strong>Arbona, J.<\/strong>; <strong>Constantino, C.<\/strong>; <strong>Constantino, C.<\/strong> &amp; <strong>Garcia, Ll. <\/strong>(1999). <em>Auba\u00efna. Butllet\u00ed del Museu Balear de Ci\u00e8ncies Naturals, any 1 (n\u00ba 2)<\/em>. Museu Balear de Ci\u00e8ncies Naturals; S\u00f3ller. 31 pp.<\/li>\n\n<li><strong>Constantino, C.<\/strong>; <strong>Garcia, Ll.<\/strong>; <strong>Gin\u00e9s, \u00c0.<\/strong>; <strong>Vicens, M.<\/strong>; <strong>Rossell\u00f3, J.A. <\/strong>&amp; <strong>Sacar\u00e9s, A. <\/strong>(1999). <em>Auba\u00efna. Butllet\u00ed del Museu Balear de Ci\u00e8ncies Naturals, any 1 (n\u00ba 2)<\/em>. Museu Balear de Ci\u00e8ncies Naturals; S\u00f3ller. 38 pp.<\/li><\/ul><h3 class=\"wp-block-heading\"><strong>1998 <\/strong><\/h3><ul class=\"wp-block-list\"><li><strong>Gin\u00e9s, A.<\/strong> (1998). L\u2019exocarst de la Serra de Tramuntana de Mallorca. <em>In<\/em>: Forn\u00f3s, J.J. (Ed.). <em>Aspectes geol\u00f2gics de les Balears<\/em>. Universitat de les Illes Balears, Palma: 361\u2212389.&nbsp;<\/li><\/ul><h3 class=\"wp-block-heading\"><strong>1996 <\/strong><\/h3><ul class=\"wp-block-list\"><li><strong>Constantino, C.<\/strong> &amp; Siquier, J. (1996). <em>Els bolets de les Balears<\/em>. Micobalear, S\u00f3ller. 479 pp.<\/li>\n\n<li>Fiol, Ll.; Forn\u00f3s, J.J. &amp; <strong>Gin\u00e9s, A.<\/strong> (1996). The role of biokarstic processes on the development of \u00absolutional \u00bb rillenkarren: an experience on Jurassic carbonate rocks of Mallorca. In: <em>Forn\u00f3s, J.J. &amp; Gin\u00e9s, A. (eds). Karren Landforms.<\/em> Universitat de les Illes Balears, Servei de Publicacions i Intercanvi Cient\u00edfic. Palma de Mallorca. 63\u221264.<\/li>\n\n<li>Forn\u00f3s, J.J. &amp; <strong>Gin\u00e9s, A.<\/strong> (1996). Karren Landforms. In: <em>Forn\u00f3s, J.J. &amp; Gin\u00e9s, A. (eds). Karren Landforms.<\/em> Universitat de les Illes Balears, Servei de Publicacions i Intercanvi Cient\u00edfic. Palma de Mallorca. 17\u221222.<\/li>\n\n<li><strong>Gin\u00e9s, A.<\/strong> (1996). The geoecological significance of two types of dissolution flutes wider than rillenkarren observed in Mallorca (Spain). In: <em>Forn\u00f3s, J.J. &amp; Gin\u00e9s, A. (eds). Karren Landforms.<\/em> Universitat de les Illes Balears, Servei de Publicacions i Intercanvi Cient\u00edfic. Palma de Mallorca. Pp.163.<\/li>\n\n<li><strong>Gin\u00e9s, A.<\/strong> (1996). An environmental approach to the typology of karren landform assemblages in a Mediterranean mid-mountain karst: the Serra de Tramuntana, Mallorca, Spain. In: <em>Forn\u00f3s, J.J. &amp; Gin\u00e9s, A. (eds). Karren Landforms.<\/em> Universitat de les Illes Balears, Servei de Publicacions i Intercanvi Cient\u00edfic. Palma de Mallorca. 163\u2212176.<\/li>\n\n<li><strong>Gin\u00e9s, A.<\/strong> (1996). Quantitative data as a base for the morphometrical definition of rillenkarren features found on limestones. In: <em>Forn\u00f3s, J.J. &amp; Gin\u00e9s, A. (eds). Karren Landforms.<\/em> Universitat de les Illes Balears, Servei de Publicacions i Intercanvi Cient\u00edfic. Palma de Mallorca. 177\u2212191.<\/li><\/ul><h3 class=\"wp-block-heading\"><strong>1995 <\/strong><\/h3><ul class=\"wp-block-list\"><li>Forn\u00f3s, J.J.; <strong>Gin\u00e9s, A.<\/strong>; Gin\u00e9s, J. &amp; Rodr\u00edguez-Perea, A. (1995). El paleocarst a Mallorca. <em>In<\/em>: Federaci\u00f3 Balear d\u2019Espeleologia (Ed.). <em>El carst i les coves de Mallorca. Endins<\/em>, 20, <em>Monografies de la Societat d\u2019Hist\u00f2ria Natural de les Balears<\/em>, 3. Federaci\u00f3 Balear d\u2019Espeleologia; Palma: 113\u2212124.<\/li>\n\n<li><strong>Gin\u00e9s, A.<\/strong> (1995). Deforestation and karren development in Majorca, Spain. <em>In<\/em>: B\u00e1r\u00e1ny-Kevei, I. (Ed.). <em>Environmental effects on karst terrains<\/em>. Special issue of Acta Geographica Szegediensis. Homage to L\u00e1szl\u00f3 Jakucs, Szeged: 25\u201332.<\/li>\n\n<li><strong>Gin\u00e9s, A. <\/strong>(1995). Els espeleotemes de les coves de Mallorca. <em>In<\/em>: Federaci\u00f3 Balear d\u2019Espeleologia (Ed.). <em>El carst i les coves de Mallorca. Endins<\/em>, 20, <em>Monografies de la Societat d\u2019Hist\u00f2ria Natural de les Balears<\/em>, 3. Federaci\u00f3 Balear d\u2019Espeleologia; Palma: 87\u221297.<\/li>\n\n<li><strong>Gin\u00e9s, A.<\/strong> &amp; Gin\u00e9s, J. (1995). Les formes exoc\u00e0rstiques de l\u2019illa de Mallorca. <em>In<\/em>: Federaci\u00f3 Balear d\u2019Espeleologia (Ed.). <em>El carst i les coves de Mallorca. Endins<\/em>, 20, <em>Monografies de la Societat d\u2019Hist\u00f2ria Natural de les Balears<\/em>, 3. Federaci\u00f3 Balear d\u2019Espeleologia; Palma:59\u221270.<\/li>\n\n<li>Gin\u00e9s, J. &amp; <strong>Gin\u00e9s, A.<\/strong> (1995). Aspectes geocronol\u00f2gics del carst a Mallorca.<em> In<\/em>: Federaci\u00f3 Balear d\u2019Espeleologia (Ed.). <em>El carst i les coves de Mallorca. Endins<\/em>, 20, <em>Monografies de la Societat d\u2019Hist\u00f2ria Natural de les Balears<\/em>, 3. Federaci\u00f3 Balear d\u2019Espeleologia; Palma: 99\u2212112.<\/li>\n\n<li><strong>Gin\u00e9s, A.<\/strong> &amp; Mayol, J. (1995). Conservaci\u00f3 del carst i les coves de Mallorca.<em> In<\/em>: Federaci\u00f3 Balear d\u2019Espeleologia (Ed.). <em>El carst i les coves de Mallorca. Endins<\/em>, 20, <em>Monografies de la Societat d\u2019Hist\u00f2ria Natural de les Balears<\/em>, 3. Federaci\u00f3 Balear d\u2019Espeleologia; Palma: 205\u2212216.<\/li>\n\n<li>Siquier, J.Ll.; Lillo, X.; <strong>Constantino, C.<\/strong> &amp; P\u00e9rez de Gregorio, M.A. (1995). Estudi de la micoflora de s\u2019Albufera de Mallorca. <em>In<\/em>: Mart\u00ednez Taberner, A. &amp; Mayol Serra, J. (Eds.). <em>S\u2019Albufera de Mallorca. Monografies de la Societat d\u2019Hist\u00f2ria Natural de les Balears<\/em>, 4. SHNB-Editorial Moll; Palma: 59\u221270.<\/li><\/ul><h3 class=\"wp-block-heading\"><strong>1994 <\/strong><\/h3><ul class=\"wp-block-list\"><li><strong>Arbona, J. <\/strong>(1994). Geologia. <em>In<\/em>: <em>El Barranc de Biniaraix. Guia d&#8217;Interpretaci\u00f3 del Medi<\/em>. Consell Insular de Mallorca, Palma.<\/li>\n\n<li><strong>Garcia, Ll. <\/strong>(1994). Fauna: Els invertebrats. <em>In<\/em>: <em>El Barranc de Biniaraix. Guia d&#8217;Interpretaci\u00f3 del Medi<\/em>. Consell Insular de Mallorca, Palma.<\/li><\/ul><h3 class=\"wp-block-heading\"><strong>1993 <\/strong><\/h3><ul class=\"wp-block-list\"><li>Corbera, J.; Ballesteros, E. &amp; <strong>Garcia, Ll.<\/strong> (1993). Els crustacis dec\u00e0podes. <em>In<\/em>: Alcover, J.A.; Ballesteros, E. &amp; Forn\u00f3s, J.J. (Eds.). <em>L\u2019arxip\u00e8lag de Cabrera, Hist\u00f2ria Natural<\/em>. Editorial Moll-CSIC, <em>Monografies de la Societat d&#8217;Hist\u00f2ria Natural de les Balears<\/em>, 2. Editorial Moll-CSIC; Palma: 579\u2212587.<\/li>\n\n<li><strong>Garcia, Ll.<\/strong> &amp; Cruz, A. (1993). Els is\u00f2podes terrestres (Crustacea: Isopoda: Oniscidea). <em>In<\/em>: Alcover, J.A.; Ballesteros, E. &amp; Forn\u00f3s, J.J. (Eds.). <em>L\u2019arxip\u00e8lag de Cabrera, Hist\u00f2ria Natural<\/em>. <em>Monografies de la Societat d&#8217;Hist\u00f2ria Natural de les Balears<\/em>, 2. Editorial Moll-CSIC; Palma: 323\u2212332.<\/li>\n\n<li><strong>Gin\u00e9s, A.<\/strong> (1993). Morfologies exoc\u00e0rstiques. <em>In<\/em>: Alcover, J.A.; Ballesteros, E. &amp; Forn\u00f3s, J.J. (Eds.). <em>L\u2019arxip\u00e8lag de Cabrera, Hist\u00f2ria Natural<\/em>. <em>Monografies de la Societat d&#8217;Hist\u00f2ria Natural de les Balears<\/em>, 2. Editorial Moll-CSIC; Palma: 153\u2212160.<\/li>\n\n<li><strong>Gin\u00e9s, A.<\/strong>; <strong>Arbona, J.<\/strong> &amp; <strong>Garcia, Ll.<\/strong> (1993). <em>Historia de las Ciencias Naturales en las islas Baleares<\/em>. Guia de l&#8217;exposici\u00f3. Museu Balear de Ci\u00e8ncies Naturals; S\u00f3ller. 20 pp. (versions en castell\u00e0, angl\u00e8s i alemany)<\/li><\/ul><h3 class=\"wp-block-heading\"><strong>1987 <\/strong><\/h3><ul class=\"wp-block-list\"><li>Straka, H.; Haeupler, H.; Llorens, L. &amp; <strong>Orell, J.<\/strong> (1987). <em>F\u00fchrer zur Flora von Mallorca<\/em>. Gustav Fischer Verlag; Stuttgart-New York. 216 pp.<\/li><\/ul><h3 class=\"wp-block-heading\"><strong>1985 <\/strong><\/h3><ul class=\"wp-block-list\"><li><strong>Constantino, C. <\/strong>&amp; <strong>Siquier, J. <\/strong>(1985). <em>Petita guia dels bolets de les Balears<\/em>. Conselleria d&#8217;Agricultura i Pesca, Govern Balear; Palma. 36 pp.<\/li><\/ul>","protected":false},"excerpt":{"rendered":"<p>2026 2025 2024 2023 2022 2021 2020 2019 2018 2017 2015 2013 2010 2009 2008 2007 2006 2005 2004 2003 2002 2001 2000 1999 1998 1996 1995 1994 1993 1987 1985<\/p>\n","protected":false},"author":1,"featured_media":0,"parent":4822,"menu_order":0,"comment_status":"closed","ping_status":"closed","template":"","meta":{"_acf_changed":false,"footnotes":""},"class_list":["post-6450","page","type-page","status-publish","hentry"],"acf":[],"yoast_head":"<!-- This site is optimized with the Yoast SEO plugin v24.2 - https:\/\/yoast.com\/wordpress\/plugins\/seo\/ -->\n<title>Llibres i cap\u00edtols de llibre | MUCBO<\/title>\n<meta name=\"robots\" content=\"index, follow, max-snippet:-1, max-image-preview:large, max-video-preview:-1\" \/>\n<link rel=\"canonical\" href=\"https:\/\/mucbo.org\/es\/publicaciones-cientificas\/llibres-i-capitols-de-llibre\/\" \/>\n<meta property=\"og:locale\" content=\"es_ES\" \/>\n<meta property=\"og:type\" content=\"article\" \/>\n<meta property=\"og:title\" content=\"Llibres i cap\u00edtols de llibre | MUCBO\" \/>\n<meta property=\"og:description\" content=\"2026 2025 2024 2023 2022 2021 2020 2019 2018 2017 2015 2013 2010 2009 2008 2007 2006 2005 2004 2003 2002 2001 2000 1999 1998 1996 1995 1994 1993 1987 1985\" \/>\n<meta property=\"og:url\" content=\"https:\/\/mucbo.org\/es\/publicaciones-cientificas\/llibres-i-capitols-de-llibre\/\" \/>\n<meta property=\"og:site_name\" content=\"MUCBO\" \/>\n<meta property=\"article:modified_time\" content=\"2026-04-14T13:52:31+00:00\" \/>\n<meta name=\"twitter:card\" content=\"summary_large_image\" \/>\n<meta name=\"twitter:label1\" content=\"Tiempo de lectura\" \/>\n\t<meta name=\"twitter:data1\" content=\"17 minutos\" \/>\n<script type=\"application\/ld+json\" class=\"yoast-schema-graph\">{\"@context\":\"https:\/\/schema.org\",\"@graph\":[{\"@type\":\"WebPage\",\"@id\":\"https:\/\/mucbo.org\/es\/publicaciones-cientificas\/llibres-i-capitols-de-llibre\/\",\"url\":\"https:\/\/mucbo.org\/es\/publicaciones-cientificas\/llibres-i-capitols-de-llibre\/\",\"name\":\"Llibres i cap\u00edtols de llibre | MUCBO\",\"isPartOf\":{\"@id\":\"https:\/\/mucbo.org\/es\/#website\"},\"datePublished\":\"2025-02-18T09:05:12+00:00\",\"dateModified\":\"2026-04-14T13:52:31+00:00\",\"breadcrumb\":{\"@id\":\"https:\/\/mucbo.org\/es\/publicaciones-cientificas\/llibres-i-capitols-de-llibre\/#breadcrumb\"},\"inLanguage\":\"es\",\"potentialAction\":[{\"@type\":\"ReadAction\",\"target\":[\"https:\/\/mucbo.org\/es\/publicaciones-cientificas\/llibres-i-capitols-de-llibre\/\"]}]},{\"@type\":\"BreadcrumbList\",\"@id\":\"https:\/\/mucbo.org\/es\/publicaciones-cientificas\/llibres-i-capitols-de-llibre\/#breadcrumb\",\"itemListElement\":[{\"@type\":\"ListItem\",\"position\":1,\"name\":\"Inicio\",\"item\":\"https:\/\/mucbo.org\/es\/\"},{\"@type\":\"ListItem\",\"position\":2,\"name\":\"Publicaciones cient\u00edficas\",\"item\":\"https:\/\/mucbo.org\/es\/publicaciones-cientificas\/\"},{\"@type\":\"ListItem\",\"position\":3,\"name\":\"Llibres i cap\u00edtols de llibre\"}]},{\"@type\":\"WebSite\",\"@id\":\"https:\/\/mucbo.org\/es\/#website\",\"url\":\"https:\/\/mucbo.org\/es\/\",\"name\":\"MUCBO\",\"description\":\"Fundaci\u00f3 Jard\u00ed Bot\u00e0nic de S\u00f3ller - Museu Balear de Ci\u00e8ncies Naturals\",\"potentialAction\":[{\"@type\":\"SearchAction\",\"target\":{\"@type\":\"EntryPoint\",\"urlTemplate\":\"https:\/\/mucbo.org\/es\/?s={search_term_string}\"},\"query-input\":{\"@type\":\"PropertyValueSpecification\",\"valueRequired\":true,\"valueName\":\"search_term_string\"}}],\"inLanguage\":\"es\"}]}<\/script>\n<!-- \/ Yoast SEO plugin. -->","yoast_head_json":{"title":"Llibres i cap\u00edtols de llibre | MUCBO","robots":{"index":"index","follow":"follow","max-snippet":"max-snippet:-1","max-image-preview":"max-image-preview:large","max-video-preview":"max-video-preview:-1"},"canonical":"https:\/\/mucbo.org\/es\/publicaciones-cientificas\/llibres-i-capitols-de-llibre\/","og_locale":"es_ES","og_type":"article","og_title":"Llibres i cap\u00edtols de llibre | MUCBO","og_description":"2026 2025 2024 2023 2022 2021 2020 2019 2018 2017 2015 2013 2010 2009 2008 2007 2006 2005 2004 2003 2002 2001 2000 1999 1998 1996 1995 1994 1993 1987 1985","og_url":"https:\/\/mucbo.org\/es\/publicaciones-cientificas\/llibres-i-capitols-de-llibre\/","og_site_name":"MUCBO","article_modified_time":"2026-04-14T13:52:31+00:00","twitter_card":"summary_large_image","twitter_misc":{"Tiempo de lectura":"17 minutos"},"schema":{"@context":"https:\/\/schema.org","@graph":[{"@type":"WebPage","@id":"https:\/\/mucbo.org\/es\/publicaciones-cientificas\/llibres-i-capitols-de-llibre\/","url":"https:\/\/mucbo.org\/es\/publicaciones-cientificas\/llibres-i-capitols-de-llibre\/","name":"Llibres i cap\u00edtols de llibre | MUCBO","isPartOf":{"@id":"https:\/\/mucbo.org\/es\/#website"},"datePublished":"2025-02-18T09:05:12+00:00","dateModified":"2026-04-14T13:52:31+00:00","breadcrumb":{"@id":"https:\/\/mucbo.org\/es\/publicaciones-cientificas\/llibres-i-capitols-de-llibre\/#breadcrumb"},"inLanguage":"es","potentialAction":[{"@type":"ReadAction","target":["https:\/\/mucbo.org\/es\/publicaciones-cientificas\/llibres-i-capitols-de-llibre\/"]}]},{"@type":"BreadcrumbList","@id":"https:\/\/mucbo.org\/es\/publicaciones-cientificas\/llibres-i-capitols-de-llibre\/#breadcrumb","itemListElement":[{"@type":"ListItem","position":1,"name":"Inicio","item":"https:\/\/mucbo.org\/es\/"},{"@type":"ListItem","position":2,"name":"Publicaciones cient\u00edficas","item":"https:\/\/mucbo.org\/es\/publicaciones-cientificas\/"},{"@type":"ListItem","position":3,"name":"Llibres i cap\u00edtols de llibre"}]},{"@type":"WebSite","@id":"https:\/\/mucbo.org\/es\/#website","url":"https:\/\/mucbo.org\/es\/","name":"MUCBO","description":"Fundaci\u00f3 Jard\u00ed Bot\u00e0nic de S\u00f3ller - Museu Balear de Ci\u00e8ncies Naturals","potentialAction":[{"@type":"SearchAction","target":{"@type":"EntryPoint","urlTemplate":"https:\/\/mucbo.org\/es\/?s={search_term_string}"},"query-input":{"@type":"PropertyValueSpecification","valueRequired":true,"valueName":"search_term_string"}}],"inLanguage":"es"}]}},"_links":{"self":[{"href":"https:\/\/mucbo.org\/es\/wp-json\/wp\/v2\/pages\/6450","targetHints":{"allow":["GET"]}}],"collection":[{"href":"https:\/\/mucbo.org\/es\/wp-json\/wp\/v2\/pages"}],"about":[{"href":"https:\/\/mucbo.org\/es\/wp-json\/wp\/v2\/types\/page"}],"author":[{"embeddable":true,"href":"https:\/\/mucbo.org\/es\/wp-json\/wp\/v2\/users\/1"}],"replies":[{"embeddable":true,"href":"https:\/\/mucbo.org\/es\/wp-json\/wp\/v2\/comments?post=6450"}],"version-history":[{"count":10,"href":"https:\/\/mucbo.org\/es\/wp-json\/wp\/v2\/pages\/6450\/revisions"}],"predecessor-version":[{"id":10772,"href":"https:\/\/mucbo.org\/es\/wp-json\/wp\/v2\/pages\/6450\/revisions\/10772"}],"up":[{"embeddable":true,"href":"https:\/\/mucbo.org\/es\/wp-json\/wp\/v2\/pages\/4822"}],"wp:attachment":[{"href":"https:\/\/mucbo.org\/es\/wp-json\/wp\/v2\/media?parent=6450"}],"curies":[{"name":"wp","href":"https:\/\/api.w.org\/{rel}","templated":true}]}}