{"version":"1.0","provider_name":"MUCBO","provider_url":"https:\/\/mucbo.org\/es\/","title":"Iniciando el Ciclo de Ornitolog\u00eda con Cristina Fiol - MUCBO","type":"rich","width":600,"height":338,"html":"<blockquote class=\"wp-embedded-content\" data-secret=\"F6c0zi2iFR\"><a href=\"https:\/\/mucbo.org\/es\/iniciant-el-cicle-dornitologia-amb-cristina-fiol\/\">Iniciando el Ciclo de Ornitolog\u00eda con Cristina Fiol<\/a><\/blockquote><iframe sandbox=\"allow-scripts\" security=\"restricted\" src=\"https:\/\/mucbo.org\/es\/iniciant-el-cicle-dornitologia-amb-cristina-fiol\/embed\/#?secret=F6c0zi2iFR\" width=\"600\" height=\"338\" title=\"\u00abIniciando el Ciclo de Ornitolog\u00eda con Cristina Fiol\u00bb \u2014 MUCBO\" data-secret=\"F6c0zi2iFR\" frameborder=\"0\" marginwidth=\"0\" marginheight=\"0\" scrolling=\"no\" class=\"wp-embedded-content\"><\/iframe><script>\n\/*! This file is auto-generated *\/\n!function(d,l){\"use strict\";l.querySelector&&d.addEventListener&&\"undefined\"!=typeof URL&&(d.wp=d.wp||{},d.wp.receiveEmbedMessage||(d.wp.receiveEmbedMessage=function(e){var t=e.data;if((t||t.secret||t.message||t.value)&&!\/[^a-zA-Z0-9]\/.test(t.secret)){for(var s,r,n,a=l.querySelectorAll('iframe[data-secret=\"'+t.secret+'\"]'),o=l.querySelectorAll('blockquote[data-secret=\"'+t.secret+'\"]'),c=new RegExp(\"^https?:$\",\"i\"),i=0;i<o.length;i++)o[i].style.display=\"none\";for(i=0;i<a.length;i++)s=a[i],e.source===s.contentWindow&&(s.removeAttribute(\"style\"),\"height\"===t.message?(1e3<(r=parseInt(t.value,10))?r=1e3:~~r<200&&(r=200),s.height=r):\"link\"===t.message&&(r=new URL(s.getAttribute(\"src\")),n=new URL(t.value),c.test(n.protocol))&&n.host===r.host&&l.activeElement===s&&(d.top.location.href=t.value))}},d.addEventListener(\"message\",d.wp.receiveEmbedMessage,!1),l.addEventListener(\"DOMContentLoaded\",function(){for(var e,t,s=l.querySelectorAll(\"iframe.wp-embedded-content\"),r=0;r<s.length;r++)(t=(e=s[r]).getAttribute(\"data-secret\"))||(t=Math.random().toString(36).substring(2,12),e.src+=\"#?secret=\"+t,e.setAttribute(\"data-secret\",t)),e.contentWindow.postMessage({message:\"ready\",secret:t},\"*\")},!1)))}(window,document);\n\/\/# sourceURL=https:\/\/mucbo.org\/wp-includes\/js\/wp-embed.min.js\n<\/script>\n","thumbnail_url":"https:\/\/mucbo.org\/wp-content\/uploads\/WhatsApp-Image-2025-04-06-at-23.21.54.jpeg","thumbnail_width":1104,"thumbnail_height":828,"description":"El s\u00e1bado 5 de abril se inaugur\u00f3 el Ciclo de Ornitolog\u00eda con el taller \u201c\u00bfDe qu\u00e9 hablan los p\u00e1jaros?\u201d, conducido por la bi\u00f3loga Cristina Fiol. Los participantes pudieron conocer la variedad de sonidos que pueden emitir las aves, a trav\u00e9s de la siringe (su \u00f3rgano vocal), pero tambi\u00e9n mediante la vibraci\u00f3n de sus plumas, el [&hellip;]"}