{"id":6444,"date":"2025-02-18T11:02:55","date_gmt":"2025-02-18T09:02:55","guid":{"rendered":"https:\/\/mucbo.org\/scientific-publications\/comunicacions-a-congressos\/"},"modified":"2026-04-27T16:28:45","modified_gmt":"2026-04-27T14:28:45","slug":"comunicacions-a-congressos","status":"publish","type":"page","link":"https:\/\/mucbo.org\/en\/scientific-publications\/comunicacions-a-congressos\/","title":{"rendered":"Comunicacions a congressos"},"content":{"rendered":"<h3 class=\"wp-block-heading\"><strong>2026<\/strong><\/h3><ul class=\"wp-block-list\"><li><strong>D\u00edaz-Calafat, J.<\/strong> (2026). Coneixem realment la diversitat d\u2019abelles de les Illes Balears? <em>Llibre de resums de les III Jornades d\u2019Entomologia Balear<\/em>: p. 8.<\/li>\n\n<li><strong>D\u00edaz-Calafat, J.<\/strong> &amp; <strong>Matamales-Andreu, R.<\/strong> (2026). Per qu\u00e8 cada pic es veuen manco cuques de llum a Mallorca? <em>Llibre de resums de les III Jornades d\u2019Entomologia Balear<\/em>: p. 9.<\/li>\n\n<li><strong>Garcia, Ll.<\/strong> (2026). Josep Rullan i Mir i la seva aportaci\u00f3 a l\u2019entomologia aplicada a l\u2019agricultura. <em>Llibre de resums de les III Jornades d\u2019Entomologia Balear<\/em>: p. 2.<\/li>\n\n<li><strong>Garcia, Ll.<\/strong> (2026). Els is\u00f2podes terrestres (Crustacea: Oniscidea) end\u00e8mics de les Illes Balears. Una revisi\u00f3. <em>Llibre de resums de les III Jornades d\u2019Entomologia Balear<\/em>: p. 3.<\/li>\n\n<li><strong>Matamales-Andreu, R.<\/strong> (2026). Els invertebrats aqu\u00e0tics de la font de na Mem\u00f2ria (Manacor, Mallorca, Mediterr\u00e0nia occidental). <em>Llibre de resums de les III Jornades d\u2019Entomologia Balear<\/em>: p. 10.<\/li>\n\n<li><strong>Rodr\u00edguez-Fern\u00e1ndez, C.<\/strong> (2026). Escarabats beneficiosos per les nostres plantes. <em>Llibre de resums de les III Jornades d\u2019Entomologia Balear<\/em>: p. 11.<\/li><\/ul><h3 class=\"wp-block-heading\"><strong>2025<\/strong><\/h3><ul class=\"wp-block-list\"><li>Allu\u00e9, E.; Chandraratne, R.M.M.; <strong>Gallego, D.<\/strong>; Salavert, A.; Alias, A.; <strong>Bibiloni, M.<\/strong>; Ekanayake, P.; Hansani, P.N.; Hello-Lapreire, G.; Nawarathna, S.; Embuldeniya, P.; <strong>Mart\u00ed, A.I.<\/strong>; <strong>Matamales-Andreu, R.<\/strong>; <strong>Munar, P. <\/strong>&amp; Picornell, Ll. (2025). From the Mediterranean to the Indian Ocean through the study of firewood. <em>Island legacies: prehistoric insular ecosystems, societies, and climate change in the Mediterranean<\/em>: p. 83.<\/li>\n\n<li><strong>D\u00edaz-Calafat, J.<\/strong> (2025). Coneixem realment la diversitat d\u2019abelles de les Illes Balears? <em>IX Jornades de Medi Ambient de les Illes Balears. Llibre de pon\u00e8ncies i comunicacions<\/em>: 571\u2013574.<\/li>\n\n<li><strong>D\u00edaz-Calafat, J.<\/strong> (2025). Qu\u00e8 \u00e9s <em>Andrena flavipes ibizensis<\/em>? <em>IX Jornades de Medi Ambient de les Illes Balears. Llibre de pon\u00e8ncies i comunicacions<\/em>: 579\u2013582.<\/li>\n\n<li><strong>D\u00edaz-Calafat, J. <\/strong>&amp; Ribas-Marqu\u00e8s, E<strong>. <\/strong>(2025). Primeres dades sobre les vespes nocturnes de Balears. <em>Llibre de resums de la II Jornada d\u2019Entomologia Balear<\/em>: p. 8.<\/li>\n\n<li><strong>D\u00edaz-Calafat, J.<\/strong>; Barroso, M.; Sch\u00f6ninger Almaraz, K.D.; Perez, R.C.; Colinas, N.; Jimenez-Llobera, A.; Capa, M. &amp; D\u00edaz-Lorca, A. (2025). Cap a un cat\u00e0leg actualitzat de les formigues de Menorca: creaci\u00f3 d\u2019una col\u00b7lecci\u00f3 p\u00fablica de refer\u00e8ncia i dades gen\u00e8tiques d\u2019acc\u00e9s obert. <em>IX Jornades de Medi Ambient de les Illes Balears. Llibre de pon\u00e8ncies i comunicacions<\/em>: 575\u2013578.<\/li>\n\n<li><strong>Garcia, Ll. <\/strong>(2025). L&#8217;entomologia naturalista i cient\u00edfica a les Illes Balears: passat, present i futur. <em>Llibre de resums de la II Jornada d\u2019Entomologia Balear<\/em>: p. 2.<\/li>\n\n<li><strong>Garc\u00eda-Palou, J.<\/strong> &amp; <strong>Matamales-Andreu, R.<\/strong> (2025). Taphonomy of the lower Permian Torrent de na Nadala site of Mallorca (western Mediterranean): a trampling case. <em>Abstract book of the 10<sup>th<\/sup> International Meeting on Taphonomy and Fossilization, Taphos 2025<\/em>: 61\u201362.<\/li>\n\n<li><strong>Ju\u00e1rez-Ruiz, J. <\/strong>(2025). Les icnites d\u2019insectes al Plioc\u00e8, Plio-quaternari i Pleistoc\u00e8 de Mallorca (Illes Balears, Mediterr\u00e0nia occidental). <em>Llibre de resums de la II Jornada d\u2019Entomologia Balear<\/em>: p. 4.<\/li>\n\n<li><strong>Matamales-Andreu, R. <\/strong>(2025). Els insectes f\u00f2ssils de l\u2019Anisi\u00e0 (Tri\u00e0sic Mitj\u00e0, fa 247 milions d\u2019anys) de Mallorca, Mediterr\u00e0nia occidental. <em>Llibre de resums de la II Jornada d\u2019Entomologia Balear<\/em>: p. 3.<\/li>\n\n<li><strong>Matamales-Andreu, R.<\/strong> (2025). La posici\u00f3 estratigr\u00e0fica i la identitat taxon\u00f2mica dels ossos de tetr\u00e0podes del Permi\u00e0 de Mallorca trobats a la d\u00e8cada del 1980. <em>IX Jornades de Medi Ambient de les Illes Balears. Llibre de pon\u00e8ncies i comunicacions<\/em>: 94\u201397.<\/li>\n\n<li><strong>Matamales-Andreu, R.<\/strong> (2025). Noves troballes d\u2019icnites de vertebrats al Permi\u00e0 de Menorca. <em>IX Jornades de Medi Ambient de les Illes Balears. Llibre de pon\u00e8ncies i comunicacions<\/em>: 102\u2013105.<\/li>\n\n<li><strong>Matamales-Andreu, R.<\/strong>; <strong>Ju\u00e1rez-Ruiz, J.<\/strong> &amp; <strong>Mateu-Vicens, G.<\/strong> (2025). Dos episodis de \u00ab<em>Lago Mare<\/em>\u00bb al Mioc\u00e8 terminal de Mallorca. <em>IX Jornades de Medi Ambient de les Illes Balears. Llibre de pon\u00e8ncies i comunicacions<\/em>: 98\u2013101.<\/li>\n\n<li><strong>Rodr\u00edguez-Fern\u00e1ndez, C.<\/strong> (2025). Insectes beneficiosos, joies vivents: coneixent els nostres \u00abaliats\u00bb en l\u2019agricultura i la jardineria. <em>Llibre de resums de la II Jornada d\u2019Entomologia Balear<\/em>: p. 19.<\/li>\n\n<li>Su\u00e0rez, J.; Villa, A.; <strong>Matamales-Andreu, R.<\/strong>; Sanz-Aguilar, A.; Igual, J.M.; Tavecchia, G.; Bassitta, M.; Rotger, A.; Ramon, C. &amp; Terrassa, B. (2025). Variacions temporals en la mida corporal de <em>Podarcis lilfordi<\/em> (G\u00fcnther, 1874) i la seva relaci\u00f3 amb la cobertura vegetal. <em>IX Jornades de Medi Ambient de les Illes Balears. Llibre de pon\u00e8ncies i comunicacions<\/em>: 599\u2013602.<\/li>\n\n<li>Su\u00e0rez, J.; Villa, A.; <strong>Matamales-Andreu, R.<\/strong>; Sanz-Aguilar, A.; Igual, J.M.; Tavecchia, G.; Bassitta, M. &amp; Rotger, A. (2025). Estudi biom\u00e8tric preliminar del dimorfisme sexual de <em>Podarcis lilfordi<\/em> (G\u00fcnther, 1874) a vuit illots de Mallorca. <em>IX Jornades de Medi Ambient de les Illes Balears. Llibre de pon\u00e8ncies i comunicacions<\/em>: 603\u2013605.<\/li><\/ul><h3 class=\"wp-block-heading\"><strong>2024<\/strong><\/h3><ul class=\"wp-block-list\"><li><strong>Garcia, Ll.<\/strong> (2024). Apuntes sobre la divulgaci\u00f3n de la biolog\u00eda subterr\u00e1nea en Mallorca (Islas Baleares), cuna de la bioespeleolog\u00eda. <em>VII Encuentro Ib\u00e9rico de Biolog\u00eda Subterr\u00e1nea, Nerja, M\u00e1laga, Noviembre 2024, Libro de Actas. Trabajos de Investigaci\u00f3n de la Cueva de Nerja<\/em>, 2: 56\u201367.&nbsp;<\/li>\n\n<li><strong>Garcia, Ll.<\/strong> &amp; <strong>Matamales-Andreu, R.<\/strong> (2024). La font del Camp d\u2019en Prohom: una finestra a la fauna aqu\u00e0tica subterr\u00e0nia de la Vall de S\u00f3ller. <em>IX Jornades d&#8217;Estudis Locals de S\u00f3ller i Fornalutx<\/em>: 17\u201318.&nbsp;<\/li>\n\n<li><strong>Matamales-Andreu, R.<\/strong>; Kammerer, C.F.; Angielczyk, K.D.; Sim\u00f5es, T.R.; Mujal, E.; Galobart, \u00c0. &amp; Fortuny, J. (2024). First therapsid fossil from the Permian of the Mediterranean. <em>Abstracts and Proceedings of the Geological Society of Norway<\/em>, 1(2024): p. 34.&nbsp;<\/li>\n\n<li><strong>Matamales-Andreu, R.<\/strong>; Kammerer, C.F.; Angielczyk, K.D.; Sim\u00f5es, T.R.; Mujal, E.; Galobart, \u00c0. &amp; Fortuny, J. (2024). A partial therapsid skeleton from the Permian of Mallorca (western Mediterranean). <em>22nd biennial Meeting of the Palaeontological Society of Southern Africa<\/em>: p. 72.&nbsp;<\/li><\/ul><h3 class=\"wp-block-heading\"><strong>2023<\/strong><\/h3><ul class=\"wp-block-list\"><li><strong>Garcia, Ll.<\/strong> &amp; <strong>Matamales-Andreu, R.<\/strong> (2023). La hist\u00f2ria de la descoberta naturalista a les Balears: 31 anys d&#8217;una exposici\u00f3 pionera al Museu de Ci\u00e8ncies Naturals de S\u00f3ller. <em>XVIII Jornades d\u2019estudis locals de S\u00f3ller i Fornalutx<\/em>: p. 8.<\/li>\n\n<li><strong>Matamales-Andreu, R.<\/strong>; Mujal, E.; Galobart, \u00c0. &amp; Fortuny, J. (2023). Discovery of several medium-sized moradisaurine captorhinids (Reptilia) in the Permian of Mallorca (western Mediterranean). <em>20<sup>th<\/sup> Annual Conference of the European Association of Vertebrate Palaeontologists<\/em>: p. 163.<\/li>\n\n<li>Mujal, E.; <strong>Matamales-Andreu, R.<\/strong>; Galobart, \u00c0. &amp; Fortuny, J. (2023). Co-occurrence of <em>Hyloidichnus<\/em> tracks and moradisaurine skeletons in the Permian of Mallorca (W Mediterranean). <em>4<sup>th<\/sup> Palaeontological Virtual Congress<\/em>: p. 177.<\/li><\/ul><h3 class=\"wp-block-heading\"><strong>2022<\/strong><\/h3><ul class=\"wp-block-list\"><li><strong>Garcia, Ll.; Matamales-Andreu, R. <\/strong>&amp; <strong>P\u00e9rez, M.I. <\/strong>(2022). La contribuci\u00f3 del Mu\u00adseu de Ci\u00e8ncies Naturals de S\u00f3ller a la literatura naturalista de Balears: 40 anys de publicacions cient\u00edfiques i divulgatives (1982-2022). <em>XVII Jornades d\u2019Estudis Locals de S\u00f3ller i Fornalutx<\/em>: p. 10.<\/li>\n\n<li><strong>Matamales-Andreu, R. <\/strong>(2022). R\u00e8ptils i avantpassats dels mam\u00edfers: registre f\u00f2ssil del Permi\u00e0 de Mallorca. <em>Llibre de pon\u00e8ncies i comunicacions de les VIII Jornades de Medi Ambient de les Illes Balears<\/em>: 83\u201386.<\/li>\n\n<li><strong>Matamales-Andreu, R. <\/strong>(2022). R\u00e8ptils i primers mosquits: registre f\u00f2ssil del Tri\u00e0\u00adsic continental de Mallorca. <em>Llibre de pon\u00e8ncies i comunicacions de les VIII Jornades de Medi Ambient de les Illes Balears<\/em>: 87\u201390.<\/li>\n\n<li><strong>Matamales-Andreu, R. <\/strong>(2022). Mol\u00b7luscs, notosaures i ictiosaures: registre f\u00f2ssil del Tri\u00e0sic mar\u00ed de Mallorca. <em>VIII Jornades<\/em><em> de Medi Ambient de les Illes Balears<\/em>: 91\u201394.<\/li><\/ul><h3 class=\"wp-block-heading\"><strong>2021<\/strong><\/h3><ul class=\"wp-block-list\"><li><strong>Matamales-Andreu, R.<\/strong>; Galobart, \u00c0 &amp; Fortuny, J. (2021). New occurrences of small moradisaurine captorhinid eureptiles from the Permian of Mallorca (western Mediterranean). <em>XVIII annual conference of the European Association of Vertebrate Palaeontologists<\/em>:p. 115.<\/li><\/ul><h3 class=\"wp-block-heading\"><strong>2020 <\/strong><\/h3><ul class=\"wp-block-list\"><li><strong>Ju\u00e1rez-Ruiz, J.<\/strong> &amp; <strong>Matamales-Andreu, R.<\/strong> (2020). Mollusca (Ammonoidea, Gastropoda, Bivalvia) from the Upper Ladinian (Middle Triassic) of the island of Mallorca (Balearic Islands, western Mediterranean): preliminary data. <em>XVIII Encuentro de J\u00f3venes Investigadores en Paleontolog\u00eda<\/em>: p. 19.<\/li><\/ul><h3 class=\"wp-block-heading\"><strong>2019 <\/strong><\/h3><ul class=\"wp-block-list\"><li><strong>Ju\u00e1rez-Ruiz, J.<\/strong> &amp; <strong>Matamales-Andreu, R.<\/strong> (2019). Variabilidad morfol\u00f3gica de una asociaci\u00f3n de <em>Melanopsis<\/em> F\u00e9russac, 1807 (Gastropoda, Cerithioidea, Melanopsidae) del Oligoceno inferior de Mallorca (Mediterr\u00e1neo occidental). <em>XVII Encuentro de J\u00f3venes Investigadores en Paleontolog\u00eda<\/em>: p. 42.<\/li>\n\n<li><strong>Matamales-Andreu, R.<\/strong>; Fortuny, J.; Mujal, E. &amp; Galobart, \u00c0. (2019, p\u00f2ster). Tetrapod tracks from the Permian of Mallorca (western Mediterranean): preliminary data, biostratigraphic and biogeographic inferences. <em>The Palaeontological Association, 63rd annual meeting<\/em>: p. 107.<\/li><\/ul><h3 class=\"wp-block-heading\"><strong>2018 <\/strong><\/h3><ul class=\"wp-block-list\"><li>Company, M. &amp; <strong>Matamales-Andreu, R.<\/strong> (2018). <em>Baronnites hirsutus<\/em> (Olcostephanidae, Cret\u00e1cico Inferior): un caso particular de dimorfismo sexual en ammonites. <em>XXXIV Jornadas de Paleontolog\u00eda; IV Congreso Ib\u00e9rico de Paleontolog\u00eda<\/em>: 253\u2013258.<\/li>\n\n<li><strong>Garcia, Ll.<\/strong> (2018). Atles dels is\u00f2podes terrestres de Balears, una feina inacabada. Proposta de continu\u00eftat, col\u00b7laboraci\u00f3 i ampliaci\u00f3 del mapa de Miri\u00e0podes de Balears. <em>I Jornada d&#8217;Entomologia de les Illes Balears. Quadern de resums<\/em>: 13\u201314.<\/li>\n\n<li>Jaume-Ramis, S.; D\u00edaz-Calafat, J.; Ruiz, M. &amp; <strong>Pinya, S. <\/strong>(2018). Est\u00e0 <em>Sphodromantis viridis<\/em> (lnsecta: Mantidae) envaint les Illes Balears? <em>I Jornada d&#8217;Entomologia de les Illes Balears. Quadern de resums<\/em>: p. 21.<\/li>\n\n<li><strong>Ju\u00e1rez-Ruiz, J.<\/strong> &amp; <strong>Matamales-Andreu, R.<\/strong> (2018). Ammonoidea del intervalo Albiense terminal\u2013Cenomaniense basal de Mallorca (Illes Balears). <em>XVI Encuentro de J\u00f3venes Investigadores en Paleontolog\u00eda<\/em>: 25\u201328.<\/li>\n\n<li><strong>Matamales-Andreu, R.<\/strong> (2018). Valoraci\u00f3n patrimonial del conjunto de afloramientos de cala Blanca (Mallorca, Illes Balears) seg\u00fan los par\u00e1metros del Inventario Espa\u00f1ol de Lugares de Inter\u00e9s Geol\u00f3gico (IELIG). <em>XVI Encuentro de J\u00f3venes Investigadores en Paleontolog\u00eda<\/em>: 267\u2013270.<\/li>\n\n<li><strong>Matamales-Andreu, R.<\/strong>; Arnal, F.A.M. &amp; Crespo Roures, V.D. (2018). \u00bfEra Mallorca una isla durante el Pale\u00f3geno? <em>XVI Encuentro de J\u00f3venes Investigadores en Paleontolog\u00eda<\/em>: 191\u2013194.<\/li>\n\n<li><strong>Pinya, S.<\/strong>; Perell\u00f3, E. &amp; Lassnig, N. (2018). El Cataleg d&#8217;Invertebrats de les Illes Balears i el seu \u00fas com a eina per a la promoci\u00f3 del turisme de natura. <em>I Jornada d&#8217;Entomologia de les Illes Balears. Quadern de resums<\/em>: p. 16.<\/li>\n\n<li>Ribas-Marqu\u00e8s, E.; Ruiz-Cornejo, M.J.; Truyols, X. &amp; <strong>Pinya, S.<\/strong> (2018) Ecologia de n\u00f2ctuids de Mallorca. Abund\u00e0ncia, activitat i plantes nutr\u00edcies. <em>I Jornada d&#8217;Entomologia de les Illes Balears. Quadern de resums<\/em>: p. 12.<\/li>\n\n<li>Verd, M.; Petitpierre, E.; <strong>Sacar\u00e9s, A.<\/strong> &amp; Jurado-Rivera, J.A. (2018). Identificaci\u00f3 molecular simult\u00e0nia dels cole\u00f2pters crisom\u00e8lids de Sa Dragonera i de les seves plantes hoste (Mallorca, Illes Balears). <em>I Jornada d&#8217;Entomologia de les Illes Balears. Quadern de resums<\/em>: p. 24.<\/li><\/ul><h3 class=\"wp-block-heading\"><strong>2013 <\/strong><\/h3><ul class=\"wp-block-list\"><li>Bover, P.; Ginard, A.; <strong>Cresp\u00ed, D.<\/strong>; Pons, G.X. &amp; Vicens, D. (2013). Els f\u00f2ssils de vertebrats pleistocens procedents de la cova des Coral\u00b7loides de la serra de na Burguesa al MNIB-SHNB. <em>VI Jornades de Medi Ambient de les Illes Balears. Pon\u00e8ncies i Resums<\/em>: 450\u2013451.<\/li>\n\n<li>Ginard, A.; Bover, P.; <strong>Cresp\u00ed, D.<\/strong>; Gr\u00e0cia, F.; Gual, M.\u00c0.; Balaguer, P. &amp; Vicens, D. (2013). Les coves litorals de la franja costanera entre es Rac\u00f3 des Llobets i cala Esglesieta (Llucmajor, Illa de Mallorca). <em>VI Jornades de Medi Ambient de les Illes Balears. Pon\u00e8ncies i Resums<\/em>: 35\u201336.<\/li>\n\n<li><strong>Mas, G.<\/strong> (2013). Primera cita d\u2019icnof\u00f2ssils atribu\u00efbles a formigues (Hymenoptera, Formicidae) a paleos\u00f2ls del Plistoc\u00e8 de Mallorca. <em>VI Jornades de Medi Ambient de les Illes Balears. Pon\u00e8ncies i Resums<\/em>: 56\u201358.<\/li>\n\n<li>Vicens, D.; Ginard, A.; <strong>Cresp\u00ed, D.<\/strong> &amp; Bover, P. (2013). Activitats mineres a la serra de na Burguesa (Illa de Mallorca): pedreres d\u2019\u00e0rids, pedreres de roques ornamentals, obtenci\u00f3 de cal\u00e7 i extracci\u00f3 d\u2019aigua.<em> VI Jornades de Medi Ambient de les Illes Balears. Pon\u00e8ncies i Resums<\/em>: p. 37.<\/li>\n\n<li>Vicens, D.; Ginard, A.; <strong>Cresp\u00ed, D.<\/strong> &amp; Bover, P. (2013). Catalogaci\u00f3 del patrimoni de la mineria de guix a la serra de na Burguesa. <em>VI Jornades de Medi Ambient de les Illes Balears. Pon\u00e8ncies i Resums<\/em>: 75\u201376.<\/li>\n\n<li>Vicens, D.; Ginard, A.; <strong>Cresp\u00ed, D.<\/strong> &amp; Bover, P. (2013). Els dip\u00f2sits del Pleistoc\u00e8 superior de la franja costanera situada entre es Rac\u00f3 des Llobets i cala Esglesieta (Llucmajor). <em>VI Jornades de Medi Ambient de les Illes Balears. Pon\u00e8ncies i Resums<\/em>: 38\u201339.<\/li>\n\n<li>Vicens, D.; Ginard, A.; <strong>Cresp\u00ed, D.<\/strong> &amp; Bover, P. (2013). Treballs relacionats amb l\u2019estudi del carst, realitzats entre 2009 i 2013 per l\u2019Speleo Club Mallorca, a la serra de na Burguesa (Serra de Tramuntana, Mallorca). VI Jornades del Medi Ambient de les Illes Balears (2013). <em>VI Jornades de Medi Ambient de les Illes Balears. Pon\u00e8ncies i Resums<\/em>: 40\u201341.<\/li><\/ul><h3 class=\"wp-block-heading\"><strong>2012 <\/strong><\/h3><ul class=\"wp-block-list\"><li><strong>Mas, G.<\/strong> (2012). Efectes de despla\u00e7ament Plioquaternari de la falla de Sencelles en relaci\u00f3 amb la conca sediment\u00e0ria d\u2019Inca. <em>XIII Jornades d&#8217;Estudis Locals d\u2019Inca, 2012<\/em>: 19\u201329.<\/li><\/ul><h3 class=\"wp-block-heading\"><strong>2011 <\/strong><\/h3><ul class=\"wp-block-list\"><li>Gibert, J.M. de; <strong>Mas, G.<\/strong> &amp; Ekdale, A.A. (2011). A double-helix trace fossil and associated ichnofabrics from the Miocene of Mallorca, Balearic Islands, Spain. <em>XI International Ichnofabric Workshop<\/em>: 1\u20132.<\/li>\n\n<li><strong>Mas, G.<\/strong> &amp; Astudillo, H. (2011). Un f\u00f2ssil jur\u00e0ssic amb un nom popular peculiar a la vall de S\u00f3ller. <em>V Jornades d\u2019Estudis Locals de S\u00f3ller i Fornalutx.<\/em> Ajuntament de S\u00f3ller; Ajuntament de Fornalutx: 97\u2013108.<\/li>\n\n<li><strong>Mas, G.<\/strong> &amp; Martorell, J. (2011). Un nou lloc d\u2019inter\u00e8s geol\u00f2gic per al patrimoni natural de Manacor: Propostes d\u2019us did\u00e0ctic i de geoconservaci\u00f3. <em>VI Jornades d\u2019Estudis Locals de Manacor, 2010<\/em>. Ajuntament de Manacor: 85\u2013111.<\/li><\/ul><h3 class=\"wp-block-heading\"><strong>2010 <\/strong><\/h3><ul class=\"wp-block-list\"><li><strong>Mas, G.<\/strong>; Astudillo, H. &amp; Quintana, J. (2010). Topon\u00edmia de motivaci\u00f3 paleontol\u00f2gica de les Illes Balears. <em>In<\/em>: Bassa, R. &amp; Latorre, F. (Eds.). <em>XXIII Jornada d\u2019Antropon\u00edmia i Topon\u00edmia &#8211; V Seminari de Metodologia en Topon\u00edmia i Normalitzaci\u00f3 Ling\u00fc\u00edstica<\/em>: 209\u2013238.<\/li><\/ul><h3 class=\"wp-block-heading\"><strong>2008 <\/strong><\/h3><ul class=\"wp-block-list\"><li><strong>Mas, G.<\/strong> (2008). Les formes marines de Crocodylia (Reptilia) com indicadors de canvi clim\u00e0tic al Neogen de la Mediterr\u00e0nia occidental. <em>In<\/em>: Pons, G.X. (Ed.). <em>V Jornades de Medi Ambient de les Illes Balears. Pon\u00e8ncies i<\/em> <em>Resums<\/em>. Societat d\u2019Hist\u00f2ria Natural de les Balears, Palma: 90\u201392.<\/li><\/ul><h3 class=\"wp-block-heading\"><strong>2004 <\/strong><\/h3><ul class=\"wp-block-list\"><li><strong>Mas, G.<\/strong> (2004). Comunicaci\u00f3 preliminar sobre la freq\u00fc\u00e8ncia de grans Cetacis (Mammalia) al Plioc\u00e8 mitj\u00e0 \u2013 superior de la conca sediment\u00e0ria de Palma (Illes Balears). Implicacions paleoambientals. <em>In<\/em>: Pons, G.X. (Ed.). <em>IV Jornades de Medi Ambient de les Illes Balears. Pon\u00e8ncies i Resums<\/em>. Societat d\u2019Hist\u00f2ria Natural de les Balears, Palma: 63\u201367.<\/li><\/ul><h3 class=\"wp-block-heading\"><strong>2003 <\/strong><\/h3><ul class=\"wp-block-list\"><li>Tuccimei, P.; Forn\u00f3s, J.J.; <strong>Gin\u00e9s, \u00c0.<\/strong>; Gin\u00e9s, J.; Gr\u00e0cia, F. &amp; Mucedda, M. (2003). Sea level change at Capo Caccia (Sardinia) and Mallorca (Balearic Islands) during oxygen isotope substage 5e, based on Th\/U datings of phreatic overgrowths on speleothems. <em>In<\/em>: <em>International Geological Correlation Programme Project No. 437: Coastal Environmental Change During Sea-Level Highstands: A Global Synthesis with implications for management of future coastal change<\/em>: 235\u2212238.<\/li><\/ul><h3 class=\"wp-block-heading\"><strong>2002 <\/strong><\/h3><ul class=\"wp-block-list\"><li>Gin\u00e9s, J.; Tuccimei, P.; Forn\u00f3s, J.J.; <strong>Gin\u00e9s, A.<\/strong>; Gr\u00e0cia, F. &amp; Vesica, P. (2002). The Upper Pleistocene sea-level history in Mallorca (Western Mediterranean) approached from the perspective of coastal phreatic speleothems. <em>Meeting on Quaternary climatic changes and environmental crises in the Mediterranean region<\/em>.<\/li><\/ul><h3 class=\"wp-block-heading\"><strong>2001 <\/strong><\/h3><ul class=\"wp-block-list\"><li><strong>Benn\u00e0sser, F.<\/strong> &amp; <strong>Cresp\u00ed, D.<\/strong> (2001). El Museu a l&#8217;escola: les formigues. <em>III Jornades del Medi Ambient de les Illes Balears<\/em>: 239\u2212241<\/li>\n\n<li><strong>Constantino, C.<\/strong>, <strong>Constantino, C.<\/strong> &amp; <strong>Siquier, J.L.<\/strong> (2001). Contribuci\u00f3 al coneixement micol\u00f2gic de la Serra de Tramuntana. I. Basidiomicets. Ordre Boletals. <em>III Jornades del Medi Ambient de les Illes Balears<\/em>: 147\u2212148.<\/li>\n\n<li><strong>Garcia, Ll.<\/strong> (2001). Estudi dels is\u00f2podes terrestres (Crustacea: Isopoda: Oniscidea) del Parc Natural de sa Dragonera (Illes Balears, Mediterr\u00e0nia occidental). Resultats preliminars. <em>III Jornades del Medi Ambient de les Illes Balears<\/em>: 131\u2212133.<\/li>\n\n<li><strong>Garcia, Ll.<\/strong>; <strong>Celi\u00e0, L.<\/strong>; <strong>Constantino, C.<\/strong>; <strong>Gin\u00e9s, A. <\/strong>&amp; <strong>Sacar\u00e9s, A. <\/strong>(2001). El Museu Balear de Ci\u00e8ncies Naturals, 14 anys despr\u00e9s. <em>III Jornades del Medi Ambient de les Illes Balears<\/em>: 245\u2212247<\/li>\n\n<li>Gin\u00e9s, J.; Tuccimei, P.; Delitala, C.; Forn\u00f3s, J.J.; <strong>Gin\u00e9s, A.<\/strong>; Gr\u00e0cia, F.; Taddeucci, A. &amp; Vesica, P.L. (2001). Canvis del nivell mar\u00ed i paleoclima durant el Pleistoc\u00e8 Superior a la Mediterr\u00e0nia occidental: aportacions procedents de l\u2019estudi dels espeleotemes fre\u00e0tics presents a les coves litorals de Mallorca. <em>III Jornades del Medi Ambient de les Illes Balears<\/em>: 86\u221287.<\/li>\n\n<li><strong>Pla, V.<\/strong> &amp; Vicens, D. (2001). Breu hist\u00f2ria i principals caracter\u00edstiques d\u2019\u201cEndins\u201d, revista de la Federaci\u00f3 Balear d\u2019Espeleologia. <em>III Jornades del Medi Ambient de les Illes Balears<\/em>: 107\u2212108.<\/li>\n\n<li>Pons\u2212Moy\u00e0, J.; Pons, G.X.; Collado, M. &amp; <strong>Cifre, M.<\/strong> (2001). Els \u00e0rcids de les Balears: <em>Asperarca secreta<\/em> La Perna, 1998 (Mollusca: Bivalvia: Arcidae) nou per a la fauna de la Mediterr\u00e0nia occidental. <em>III Jornades del Medi Ambient de les Illes Balears<\/em>: 127\u2212128.<\/li>\n\n<li>Vicens, D. &amp; <strong>Pla, V.<\/strong> (2001). Josep Maria Palau i l\u2019Equip Mallorqu\u00ed d\u2019Espeleologia (1955-1956). <em>III Jornades del Medi Ambient de les Illes Balears<\/em>: 110\u2212111.<\/li><\/ul><h3 class=\"wp-block-heading\"><strong>2000 <\/strong><\/h3><ul class=\"wp-block-list\"><li>Tuccimei, P.; Antonioli, F.; Delitala, M.C.; Forn\u00f3s, J.J.; <strong>Gin\u00e9s, A.<\/strong>; Gin\u00e9s, J.; Mucedda, M.; Orr\u00f9, P. &amp; Taddeucci, A. (2000). Sea level changes during oxigen isotope stage 5 at Capo Caccia (Alghero, Sardinia), based on U\/Th datings of phreatic overgrowths on speleothems and geomorphological evidences. <em>Convegno AIQUA, &#8220;L&#8217;Eemiano e il Tirreniano in ltalia&#8221;<\/em>: 24\u221226.<\/li><\/ul><h3 class=\"wp-block-heading\"><strong>1998 <\/strong><\/h3><ul class=\"wp-block-list\"><li>Benn\u00e0sser, F. &amp; <strong>Cresp\u00ed, D.<\/strong> (1998). Los f\u00f3siles de las Baleares. Una actividad sobre f\u00f3siles en el Museo Balear de Ciencias Naturales. <em>Documentos del X Simposio sobre la Ense\u00f1anza de las Ciencias de la Tierra<\/em>: 53\u221260.<\/li>\n\n<li>Frontera, M. &amp; <strong>Garcia, Ll.<\/strong> (1998). El gabinet d\u2019Hist\u00f2ria Natural de can Conrado a Santa Maria del Cam\u00ed. Valoraci\u00f3 i utilitat did\u00e0ctica. <em>1es Jornades d\u2019Estudis locals en mem\u00f2ria de Josep Cap\u00f3<\/em>. Ajuntament de Santa Maria del Cam\u00ed. 277\u2212286.<\/li><\/ul><h3 class=\"wp-block-heading\"><strong>1997 <\/strong><\/h3><ul class=\"wp-block-list\"><li>Tuccimei, P.; Gin\u00e9s, J.; <strong>Gin\u00e9s, A.<\/strong> &amp; Forn\u00f3s, J.J. (1997). Th\/U dating of sea level-controlled phreatic speleothems from coastal caves in Mallorca (Western Mediterranean). IN: Jeannin, P.-Y. (Ed.). <em>Proceedings of the 12<sup>th<\/sup> International Congress of Speleology<\/em>, 1(7\u22128): 37\u221240.<\/li><\/ul><h3 class=\"wp-block-heading\"><strong>1996 <\/strong><\/h3><ul class=\"wp-block-list\"><li><strong>Sacar\u00e9s, A.<\/strong>; G\u00f3mez-Zurita, J. &amp; Petitpierre, E. (1996). Biodiversity of Chrysomelidae in the Balearic Islands. <em>21<sup>th<\/sup> International Congress of Entomology<\/em>.<\/li>\n\n<li>Vesica, P.; Tuccimei, P.; Turi, B.; Forn\u00f3s, J.J.; <strong>Gin\u00e9s, A.<\/strong> &amp; Gin\u00e9s, J. (1996). Th\/U dating and C-O isotope analyses of speleothems from coastal caves in Mallorca (Spain). <em>30<sup>th<\/sup> International Geological Congress, Abstracts Volume 1<\/em>: p. 87.<\/li><\/ul><h3 class=\"wp-block-heading\"><strong>1993 <\/strong><\/h3><ul class=\"wp-block-list\"><li>Gin\u00e9s, J. &amp; <strong>Gin\u00e9s, A.<\/strong> (1993). Speleochronological approach to some coastal caves from \u201cCap Vermell\u201d area in Mallorca Island (Spain). <em>Proceedings of the XI International Congress of Speleology<\/em>: 56\u221258.<\/li><\/ul><h3 class=\"wp-block-heading\"><strong>1990 <\/strong><\/h3><ul class=\"wp-block-list\"><li><strong>Arbona, J.<\/strong> (1990). Cartografia geol\u00f2gica de la zona de s&#8217;Illeta (S\u00f3ller, Serra de Tramuntana de Mallorca). <em>II Jornades del Medi Ambient de les Balears<\/em>.<\/li>\n\n<li>Bosch, M.A.; Ginard, A.; <strong>Pla, V. <\/strong>&amp; Sastre, B. (1990). Projecte per una base de dades flor\u00edstica de les Balears. <em>II Jornades del Medi Ambient de les Balears<\/em>.<\/li>\n\n<li><strong>Constantino, C. <\/strong>(1990). El g\u00e8nere <em>Amanita<\/em> a Mallorca.<em> II Jornades del Medi Ambient de les Balears<\/em>.<\/li>\n\n<li><strong>Gradaille, J.L. <\/strong>&amp; Llorens, L. (1990). Sobre els criteris utilitzats per a l&#8217;elaboraci\u00f3 del projecte d&#8217;ampliaci\u00f3 del Jard\u00ed Bot\u00e0nic de S\u00f3ller.<em> II Jornades del Medi Ambient de les Balears<\/em>.<\/li>\n\n<li><strong>Gradaille, J.Ll. <\/strong>&amp; Sastre, B. (1990). Notes flor\u00edstiques de Mallorca. <em>II Jornades del Medi Ambient de les Balears<\/em>.<\/li><\/ul><h3 class=\"wp-block-heading\"><strong>1989<\/strong><\/h3><ul class=\"wp-block-list\"><li>Tebar, J.; Gradaille, J.L. &amp; Llorens, L. (1989). Sobre las comunidades de caducifolios en la monta\u00f1a de Mallorca (Baleares). <em>IX Jornadas de Fitosociolog\u00eda<\/em>.<\/li><\/ul><h3 class=\"wp-block-heading\"><strong>1987 <\/strong><\/h3><ul class=\"wp-block-list\"><li><strong>Arbona, J.<\/strong> (1987). Tractament inform\u00e0tic de la topografia de Mallorca per a la cartografia geol\u00f2gica. <em>Primeres Jornades del Medi Ambient de les Balears<\/em>.<\/li>\n\n<li><strong>Arbona, J.<\/strong> &amp; <strong>Garcia, Ll.<\/strong> (1987). El per qu\u00e8 i el com del Museu Balear de Ci\u00e8ncies Naturals de S\u00f3ller. <em>Primeres Jornades del Medi Ambient de les Balears<\/em>.<\/li>\n\n<li>Ballesteros, E.; Dantart, Ll.; <strong>Garcia, Ll.<\/strong>; Massut\u00ed, C. &amp; Zabala, M. (1987). La comunitat de \u201cm\u00e4erl\u201d de les zones del Freu de Cabrera i Sud de Menorca. <em>Primeres Jornades del Medi Ambient de les Balears<\/em>.<\/li>\n\n<li><strong>Garcia, Ll.<\/strong> (1987). Faun\u00edstica de Crustacis Dec\u00e0podes a l&#8217;Illa de Mallorca. <em>Primeres Jornades del Medi Ambient de les Balears<\/em>.<\/li>\n\n<li><strong>Gradaille, J.L.<\/strong> (1987). Un proyecto de Jard\u00edn Bot\u00e1nico para las Baleares en el Valle de S\u00f3ller. <em>Primeres Jornades del Medi Ambient de les Balears<\/em>.<\/li>\n\n<li>Jaume, D. &amp; <strong>Garcia, Ll.<\/strong> (1987). Les <em>Jaera<\/em> (ISOPODA, ASELLOTA) de les aig\u00fces epicontinentals de l&#8217;Illa de Mallorca. <em>Primeres Jornades del Medi Ambient de les Balears<\/em>.<\/li>\n\n<li><strong>Sastre, B.<\/strong> (1987). Distribuci\u00f3 i tipus de basses a Sa Marina de Llucmajor.<em> Primeres Jornades del Medi Ambient de les Balears<\/em>.<\/li>\n\n<li><strong>Siquier, J.<\/strong> &amp; <strong>Constantino, C.<\/strong> (1987). Assenyalament de nous bolets per a l&#8217;illa de Mallorca. <em>Primeres Jornades del Medi Ambient de les Balears<\/em>.<\/li><\/ul>","protected":false},"excerpt":{"rendered":"<p>2026 2025 2024 2023 2022 2021 2020 2019 2018 2013 2012 2011 2010 2008 2004 2003 2002 2001 2000 1998 1997 1996 1993 1990 1989 1987<\/p>\n","protected":false},"author":1,"featured_media":0,"parent":4820,"menu_order":0,"comment_status":"closed","ping_status":"closed","template":"","meta":{"_acf_changed":false,"footnotes":""},"class_list":["post-6444","page","type-page","status-publish","hentry"],"acf":[],"yoast_head":"<!-- This site is optimized with the Yoast SEO plugin v24.2 - https:\/\/yoast.com\/wordpress\/plugins\/seo\/ -->\n<title>Comunicacions a congressos | MUCBO<\/title>\n<meta name=\"robots\" content=\"index, follow, max-snippet:-1, max-image-preview:large, max-video-preview:-1\" \/>\n<link rel=\"canonical\" href=\"https:\/\/mucbo.org\/en\/scientific-publications\/comunicacions-a-congressos\/\" \/>\n<meta property=\"og:locale\" content=\"en_US\" \/>\n<meta property=\"og:type\" content=\"article\" \/>\n<meta property=\"og:title\" content=\"Comunicacions a congressos | MUCBO\" \/>\n<meta property=\"og:description\" content=\"2026 2025 2024 2023 2022 2021 2020 2019 2018 2013 2012 2011 2010 2008 2004 2003 2002 2001 2000 1998 1997 1996 1993 1990 1989 1987\" \/>\n<meta property=\"og:url\" content=\"https:\/\/mucbo.org\/en\/scientific-publications\/comunicacions-a-congressos\/\" \/>\n<meta property=\"og:site_name\" content=\"MUCBO\" \/>\n<meta property=\"article:modified_time\" content=\"2026-04-27T14:28:45+00:00\" \/>\n<meta name=\"twitter:card\" content=\"summary_large_image\" \/>\n<meta name=\"twitter:label1\" content=\"Est. reading time\" \/>\n\t<meta name=\"twitter:data1\" content=\"17 minutes\" \/>\n<script type=\"application\/ld+json\" class=\"yoast-schema-graph\">{\"@context\":\"https:\/\/schema.org\",\"@graph\":[{\"@type\":\"WebPage\",\"@id\":\"https:\/\/mucbo.org\/en\/scientific-publications\/comunicacions-a-congressos\/\",\"url\":\"https:\/\/mucbo.org\/en\/scientific-publications\/comunicacions-a-congressos\/\",\"name\":\"Comunicacions a congressos | MUCBO\",\"isPartOf\":{\"@id\":\"https:\/\/mucbo.org\/en\/#website\"},\"datePublished\":\"2025-02-18T09:02:55+00:00\",\"dateModified\":\"2026-04-27T14:28:45+00:00\",\"breadcrumb\":{\"@id\":\"https:\/\/mucbo.org\/en\/scientific-publications\/comunicacions-a-congressos\/#breadcrumb\"},\"inLanguage\":\"en-US\",\"potentialAction\":[{\"@type\":\"ReadAction\",\"target\":[\"https:\/\/mucbo.org\/en\/scientific-publications\/comunicacions-a-congressos\/\"]}]},{\"@type\":\"BreadcrumbList\",\"@id\":\"https:\/\/mucbo.org\/en\/scientific-publications\/comunicacions-a-congressos\/#breadcrumb\",\"itemListElement\":[{\"@type\":\"ListItem\",\"position\":1,\"name\":\"Inicio\",\"item\":\"https:\/\/mucbo.org\/en\/\"},{\"@type\":\"ListItem\",\"position\":2,\"name\":\"Scientific publications\",\"item\":\"https:\/\/mucbo.org\/en\/scientific-publications\/\"},{\"@type\":\"ListItem\",\"position\":3,\"name\":\"Comunicacions a congressos\"}]},{\"@type\":\"WebSite\",\"@id\":\"https:\/\/mucbo.org\/en\/#website\",\"url\":\"https:\/\/mucbo.org\/en\/\",\"name\":\"MUCBO\",\"description\":\"Fundaci\u00f3 Jard\u00ed Bot\u00e0nic de S\u00f3ller - Museu Balear de Ci\u00e8ncies Naturals\",\"potentialAction\":[{\"@type\":\"SearchAction\",\"target\":{\"@type\":\"EntryPoint\",\"urlTemplate\":\"https:\/\/mucbo.org\/en\/?s={search_term_string}\"},\"query-input\":{\"@type\":\"PropertyValueSpecification\",\"valueRequired\":true,\"valueName\":\"search_term_string\"}}],\"inLanguage\":\"en-US\"}]}<\/script>\n<!-- \/ Yoast SEO plugin. -->","yoast_head_json":{"title":"Comunicacions a congressos | MUCBO","robots":{"index":"index","follow":"follow","max-snippet":"max-snippet:-1","max-image-preview":"max-image-preview:large","max-video-preview":"max-video-preview:-1"},"canonical":"https:\/\/mucbo.org\/en\/scientific-publications\/comunicacions-a-congressos\/","og_locale":"en_US","og_type":"article","og_title":"Comunicacions a congressos | MUCBO","og_description":"2026 2025 2024 2023 2022 2021 2020 2019 2018 2013 2012 2011 2010 2008 2004 2003 2002 2001 2000 1998 1997 1996 1993 1990 1989 1987","og_url":"https:\/\/mucbo.org\/en\/scientific-publications\/comunicacions-a-congressos\/","og_site_name":"MUCBO","article_modified_time":"2026-04-27T14:28:45+00:00","twitter_card":"summary_large_image","twitter_misc":{"Est. reading time":"17 minutes"},"schema":{"@context":"https:\/\/schema.org","@graph":[{"@type":"WebPage","@id":"https:\/\/mucbo.org\/en\/scientific-publications\/comunicacions-a-congressos\/","url":"https:\/\/mucbo.org\/en\/scientific-publications\/comunicacions-a-congressos\/","name":"Comunicacions a congressos | MUCBO","isPartOf":{"@id":"https:\/\/mucbo.org\/en\/#website"},"datePublished":"2025-02-18T09:02:55+00:00","dateModified":"2026-04-27T14:28:45+00:00","breadcrumb":{"@id":"https:\/\/mucbo.org\/en\/scientific-publications\/comunicacions-a-congressos\/#breadcrumb"},"inLanguage":"en-US","potentialAction":[{"@type":"ReadAction","target":["https:\/\/mucbo.org\/en\/scientific-publications\/comunicacions-a-congressos\/"]}]},{"@type":"BreadcrumbList","@id":"https:\/\/mucbo.org\/en\/scientific-publications\/comunicacions-a-congressos\/#breadcrumb","itemListElement":[{"@type":"ListItem","position":1,"name":"Inicio","item":"https:\/\/mucbo.org\/en\/"},{"@type":"ListItem","position":2,"name":"Scientific publications","item":"https:\/\/mucbo.org\/en\/scientific-publications\/"},{"@type":"ListItem","position":3,"name":"Comunicacions a congressos"}]},{"@type":"WebSite","@id":"https:\/\/mucbo.org\/en\/#website","url":"https:\/\/mucbo.org\/en\/","name":"MUCBO","description":"Fundaci\u00f3 Jard\u00ed Bot\u00e0nic de S\u00f3ller - Museu Balear de Ci\u00e8ncies Naturals","potentialAction":[{"@type":"SearchAction","target":{"@type":"EntryPoint","urlTemplate":"https:\/\/mucbo.org\/en\/?s={search_term_string}"},"query-input":{"@type":"PropertyValueSpecification","valueRequired":true,"valueName":"search_term_string"}}],"inLanguage":"en-US"}]}},"_links":{"self":[{"href":"https:\/\/mucbo.org\/en\/wp-json\/wp\/v2\/pages\/6444","targetHints":{"allow":["GET"]}}],"collection":[{"href":"https:\/\/mucbo.org\/en\/wp-json\/wp\/v2\/pages"}],"about":[{"href":"https:\/\/mucbo.org\/en\/wp-json\/wp\/v2\/types\/page"}],"author":[{"embeddable":true,"href":"https:\/\/mucbo.org\/en\/wp-json\/wp\/v2\/users\/1"}],"replies":[{"embeddable":true,"href":"https:\/\/mucbo.org\/en\/wp-json\/wp\/v2\/comments?post=6444"}],"version-history":[{"count":12,"href":"https:\/\/mucbo.org\/en\/wp-json\/wp\/v2\/pages\/6444\/revisions"}],"predecessor-version":[{"id":10950,"href":"https:\/\/mucbo.org\/en\/wp-json\/wp\/v2\/pages\/6444\/revisions\/10950"}],"up":[{"embeddable":true,"href":"https:\/\/mucbo.org\/en\/wp-json\/wp\/v2\/pages\/4820"}],"wp:attachment":[{"href":"https:\/\/mucbo.org\/en\/wp-json\/wp\/v2\/media?parent=6444"}],"curies":[{"name":"wp","href":"https:\/\/api.w.org\/{rel}","templated":true}]}}