{"id":6440,"date":"2025-02-18T11:00:29","date_gmt":"2025-02-18T09:00:29","guid":{"rendered":"https:\/\/mucbo.org\/scientific-publications\/articles-cientifics\/"},"modified":"2026-04-20T17:46:15","modified_gmt":"2026-04-20T15:46:15","slug":"articles-cientifics","status":"publish","type":"page","link":"https:\/\/mucbo.org\/en\/scientific-publications\/articles-cientifics\/","title":{"rendered":"Articles cient\u00edfics"},"content":{"rendered":"<h3 class=\"wp-block-heading\"><strong>2026<\/strong><\/h3><ul class=\"wp-block-list\"><li><strong>Garcia, Ll.<\/strong> (2026). Is\u00f3podos terrestres (Crustacea, Oniscidea) recolectados por el G.E.V entre 2002 y 2025: localidades, fauna, principales resultados y futuros estudios. <em>Monograf\u00edas Bioespeleol\u00f3gicas<\/em>, 20: 19\u201327.<\/li>\n\n<li><strong>Garcia, Ll.<\/strong> (2026). Primer registro de <em>Graeconiscus gevi <\/em>(Isopoda: Oniscidea: Trichoniscidae) en la provincia de Ja\u00e9n (Andaluc\u00eda, Espa\u00f1a). <em>Monograf\u00edas Bioespeleol\u00f3gicas<\/em>, 20: 1\u20134.<\/li>\n\n<li><strong>Garcia, Ll.<\/strong>; Miralles-N\u00fa\u00f1ez, A. &amp; Cruz-Su\u00e1rez, A. (2026). Subterranean Philosciidae from Spain with the description of a new genus and two new species (Crustacea, Isopoda, Oniscidea). <em>Subterranean Biology<\/em>, 56: 1\u201328.<\/li>\n\n<li>Ensslin, A.; Clemente, A.; Liu, U.; Zippel, E.; Pinto-Cruz, C.; Sanchez Romero, C.; Schneider, S.; Agut Escrig, A.; Allender, C.; Annamaa, K.; Antic, M.; Asset, B.; Bacchetta, G.; Baranzani, O.; Barata, A.; Bardin, P.; Bavcon, J.; Belo, A.D.F.; Belovarska, M.; Benkhelifa, K.; Berg, C.; Bernhardt, K.-G.; Beza, M.; Bjureke, K.; Bohm, S.; Borgmann, P.; Borrell, J.; Buord, S.; Cambecedes, J.; Carruggio, F.; Carta, A.; Casimiro, P.; Chapman, T.; Cicova, I.; Crisnaire, R.; Cristaudo, A.; De la Rosa, L.; Delmas, M.; Desheva, G.; Di Cecco, V.; Di Martino, L.; Diadema, K.; Dixon, L.; Dostatny, D.; Duval, M.; Eberwein, R.K.; Etxeberria-Okariz, M.; Favier, C.; Fenby, N.; Fernandes, M.P.; Ferrando-Pardo, I.; Ferrer, P.; Fort, N.; Forte, L.; Freitas, C.F.; Gailite, A.; Galej-Ciwis, K.; Garcia, R.M.; Garc\u00eda-del Bao, A.I.; Gautier, C.; Gelvonauskis, B.; Giusso del Galdo, G.P.; Gonz\u00e1lez P\u00e9rez, M.A.; Gourvil, J.; Gouveia, L.; Helminger, T.; Hermosilla Lorenzo, B.; Hugot, L.; Hyv\u00e4rinen, M.; Jan\u017eekovi\u010d, I.; K\u00f6nig, A.; Krigas, N.; Laguna, E.; Lap\u00e9bie, L.; Larpin, D.; Lazarevi\u0107, M.; Lifshitz, D.; Lipa, V.; Lobo, C.; Lohwasser, U.; Loriot, S.; Magrini, S.; Mantino, F.; Mariotti, M.; Matiatou, E.; Mendel, L.; Millet, M.; Miranto, M.; Mondoni, A.; Moreno V\u00e1zquez, S.; Negri, V.; Nick, P.; Niemczyk, M.; Nobrega, H.; Olejniczak, P.; Pa\u0142ucka, M.; Papanastasi, K.; Papanikolaou, I.; Pinheiro de Carvalho, M.A.A.; Porceddu, M.; Porevis, S.; Poschlod, P.; Raggi, L.; Rancane, S.; Rasran, L.; Ravnjak, B.; Rivi\u00e8re, S.; Roumier, A.; Ruci\u0144ska, A.; Schlatti, F.; Schmidt, M.; Seznec, G.-X.; Sim-Sim, M.; Soares, A.L.; Stoeckl, N.; Strajeru, S.; Stukeniene, G.; \u0160u\u0161ek, A.; Titze, A.; Trinder, S.; Tsvetanova, Z.; Van Hintum, T.; Van Rooijen, N.; <strong>Vicens Forn\u00e9s, M.<\/strong>; Villani, M.; Villegas, S.; White, F.J.; Zachago, S.; Zappa, E.; Zsigmond, V. &amp; Godefroid, S. (2026). Status and future of seed conservation of threatened plants in the post-2020 era. <em>Plants People Planet<\/em>, 2026: 1\u201315. (early view)<\/li>\n\n<li><strong>Matamales-Andreu, R. <\/strong>(2026). El caragol terrestre <em>Lychnopsis<\/em> i altres t\u00e0xons relacionats del Paleogen de Mallorca (Mediterr\u00e0nia occidental). <em>Bollet\u00ed de la Societat d\u2019Hist\u00f2ria Natural de les Balears<\/em>, 69: 25\u201349.<\/li>\n\n<li>P\u00e9rez-G\u00f3mez, \u00c1 &amp; <strong>Garcia, Ll.<\/strong> (2026). Is\u00f3podos terrestres del brezal mediterr\u00e1neo (herriza) en la provincia de C\u00e1diz. <em>Revista de la Sociedad Gaditana de Historia Natural<\/em>, 20: 25\u201331.<\/li><\/ul><h3 class=\"wp-block-heading\"><strong>2025<\/strong><\/h3><ul class=\"wp-block-list\"><li>De Vitis, M.; Di Cecco, V.; Abdelaal, M.; Bacchetta, G.; Bavcon, J.; Benmenni, K.S.; Blanchelli, M.; Dagher Kharrat, M.B.; Buhaglar, J.A.; Carruggio, F.; Carta, A.; Casavecchia, S.; Cristaudo, A.; Dess\u00ec, L.; Di Martino, L.; Dixon, L.; Fabrini, G.; Favier-Vittori, C.; Ferrando-Pardo, I.; Ferrer-Gallego, P.P.; Forte, L.; Fournaraki, C.; Gigante, D.; Iannaccone, M.; Kahale, R.; Khalidi, A.; Koutsovoulou, K.; Krigas, N.; Laguna, E.; Lamoliere, A.; Lifshitz, D.; Maloupa, E.; Mantino, F.; Mariotti, M.; Markaki, E.; Mart\u00ednez-Nieto, M.I.; Gati, E.M.; Negri, V.; Oikonomidis, S.; Panero, I.; Papanastasi, K.; Porceddu, M.; Raggi, L.; Ravnjak, B.; Salmeri, C.; Soriano, P.; Touhami, I.; <strong>Vicens Forn\u00e9s, M.<\/strong>; Villani, M.; Yahi, N.; Zappa, E. &amp; Magrini, S. (2025). Seed banking of mediterranean coastal plants: an analysis to identify current seed availability and gaps to guide future seed collection and habitat restoration activities. <em>Journal of Coastal Conservation<\/em>, 29: 50.<\/li>\n\n<li><strong>D\u00edaz-Calafat, J.<\/strong> &amp; Luna-Santamar\u00eda, J. (2025). Why do queen bumblebees emerge from hibernation during weekends? <em>Apidologie<\/em>, 56: 66.<\/li>\n\n<li><strong>D\u00edaz-Calafat, J.<\/strong>; Garcia-Febrero, \u00d2. &amp; Pons-Gomila, M. (2025). Actualitzaci\u00f3 sobre la distribuci\u00f3 de les vespes ex\u00f2tiques <em>Sceliphron curvatum<\/em> i <em>S. caementarium<\/em> a les Illes Balears (Hymenoptera: Sphecidae). <em>Bollet\u00ed de la Societat d\u2019Hist\u00f2ria Natural de les Balears<\/em>, 68: 47\u201355.<\/li>\n\n<li><strong>Garcia, Ll.<\/strong> &amp; Buades-Rode\u00f1o, B. (2025). Primers registres a les Illes Balears de l&#8217;is\u00f2pode terrestre al\u00b7l\u00f2cton <em>Armadillidium arcangelii<\/em> Strouhal, 1929 (Crustacea, Oniscidea: Armadillidiidae). <em>Bollet\u00ed de la Societat d&#8217;Hist\u00f2ria Natural de les Balears<\/em>, 68: 89\u201396.<\/li>\n\n<li><strong>Matamales-Andreu, R.<\/strong>; Mujal, E.; Galobart, \u00c0. &amp; Fortuny, J. (2025). Track-trackmaker correlation of co-occurring gorgonopsian bones and footprints from the early\u2013?middle Permian of equatorial Pangaea.<em> Palaeogeography, Palaeoclimatology, Palaeoecology<\/em>, 667: 113174.<\/li>\n\n<li>Siquier, J.L.; Salom, J.C.; Pintos, \u00c0.; Planas, J.; Ribes, M.\u00c1.; Costa, S. &amp; <strong>Constantino, C. <\/strong>(2025). Contribuci\u00f3 al coneixement micol\u00f2gic de les Illes Balears (Espanya). XXVIII. <em>Revista Catalana de Micologia<\/em>, 45: 37\u201375.<\/li>\n\n<li><strong>Vicens-Forn\u00e9s, M.<\/strong> (2025). S\u00f3ller Botanical Garden. <em>Samara<\/em>, Millennium Seed Bank 25th Anniversary Edition: p. 58.<\/li><\/ul><h3 class=\"wp-block-heading\"><strong>2024<\/strong><\/h3><ul class=\"wp-block-list\"><li>Cifuentes, J.; Robla, J. &amp;&nbsp;<strong>Garcia, Ll.&nbsp;<\/strong>(2024). Description of&nbsp;<em>Armadillidium<\/em>&nbsp;<em>boalense<\/em>&nbsp;sp. nov. from northern Spain, with remarks and a key of the genus in the Iberian Peninsula and the Balearic Islands (Isopoda: Oniscidea: Armadillidiidae).&nbsp;<em>Zootaxa<\/em>, 5497(1): 83\u201399.<\/li>\n\n<li><strong>Garcia, Ll. <\/strong>(2024). On the identity of <em>Porcellionides glaber <\/em>(C. Koch in Rosenhauer, 1856): a redescription with nomenclatural and taxonomical remarks (Isopoda: Oniscidea: Porcellionidae). <em>Bollet\u00ed de la Societat d\u2019Hist\u00f2ria Natural de les Balears, <\/em>67: 41\u201354.<\/li>\n\n<li><strong>Garcia, Ll.<\/strong>; Morey, G.; Morrison, D. &amp; Pozo, M. (2024). First record of <em>Neocyamus physeteris <\/em>(Pouchet, 1888) (Crustacea: Amphipoda: Cyamidae), ectoparasite of the sperm whale (<em>Physeter macrocephalus <\/em>Linnaeus, 1758) off the Balearic Islands and iberian waters. <em>Bollet\u00ed de la Societat d\u2019Hist\u00f2ria Natural de les Balears, <\/em>67: 9\u201315.<\/li>\n\n<li><strong>Ju\u00e1rez-Ruiz, J.<\/strong> &amp; <strong>Matamales-Andreu, R.<\/strong> (2024). Dep\u00f2sits miocens i plio-quaternaris entre cala Figuera i el banc d\u2019Eivissa (Calvi\u00e0, Mallorca, Mediterr\u00e0nia occidental): evoluci\u00f3 paleoambiental i registre f\u00f2ssil. <em>Bollet\u00ed de la Societat d&#8217;Hist\u00f2ria Natural de les Balears<\/em>, 67: 75\u2013104.&nbsp;<\/li>\n\n<li><strong>Matamales-Andreu, R.<\/strong> &amp; <strong>Garc\u00eda-Palou, J.<\/strong> (2024). Noves dades sobre el paleoambient i la malacofauna del jaciment del Pleistoc\u00e8 superior del mol\u00ed de Santa Pon\u00e7a (Mallorca, Illes Balears, Mediterr\u00e0nia occidental). <em>Bollet\u00ed de la Societat d\u2019Hist\u00f2ria Natural de les Balears<\/em>, 67: 55\u201365.<\/li>\n\n<li><strong>Matamales-Andreu, R.<\/strong>; Kammerer, C.F.; Angielczyk, K.D.; Sim\u00f5es, T.R.; Mujal, E.; Galobart, \u00c0. &amp; Fortuny, J. (2024). Early\u2013middle Permian Mediterranean gorgonopsian suggests an equatorial origin of therapsids. <em>Nature Communications<\/em>, 15: 10346.&nbsp;<\/li>\n\n<li>Robla, J.; Orihuela-Rivero, R.; De Smedt, P.; Matarredona, M. &amp; <strong>Garcia, Ll.<\/strong> (2024). A colourful world with a dark future: Unregulated trade as an emerging threat for woodlice (Isopoda: Oniscidea) of Spain. <em>Insect Conservation and Diversity<\/em>, 18(2): 161\u2013176.<\/li><\/ul><h3 class=\"wp-block-heading\"><strong>2023<\/strong><\/h3><ul class=\"wp-block-list\"><li>Dom\u00e9nech, C.; Cabanillas, D.; Gilgado, J.D.; <strong>Garcia, Ll.<\/strong> &amp; Hern\u00e1ndez-Corral, J. (2023). Contribuci\u00f3n al conocimiento de los ciempi\u00e9s, milpi\u00e9s (Myriapoda: Chilopoda, Diplopoda) e is\u00f3podos terrestres (Crustacea: Oniscidea) de la sierra de Aitana (Alicante, Espa\u00f1a). <em>Arxius de Miscel\u00b7l\u00e0nia Zool\u00f2gica<\/em>, 21: 129\u2013149.<\/li>\n\n<li><strong>Garcia, Ll.<\/strong> (2023). A new species of <em>Cristarmadillidium <\/em>from central Spain with remarks on <em>Estenarmadillidium <\/em>and <em>Iberiarmadillidium <\/em>(Isopoda: Oniscidea: Armadillidiidae). <em>Zootaxa<\/em>, 5323 (2): 285\u2013292.<\/li>\n\n<li><strong>Garcia, Ll.<\/strong> (2023). L&#8217;is\u00f2pode terrestre <em>Armadillidium pretusi<\/em> Cruz, 1992 (Crustacea: Oniscidea: Armadillidiidae), un rar endemisme de la serra de Tramuntana (Mallorca, Illes Balears): noves observacions i notes morfol\u00f2giques. <em>Bollet\u00ed de la Societat d\u2019Hist\u00f2ria Natural de les Balears<\/em>, 66: 187\u2013196.<\/li>\n\n<li><strong>Garcia, Ll. <\/strong>(2023). <em>Porcellio danieli <\/em>sp. nov., a new terrestrial isopod from Southern Spain closely related to maghrebian species of the genus (Isopoda: Oniscidea: Porcellionidae). <em>Revue suisse de <\/em>Zoologie, 130(2): 297\u2013305.<\/li>\n\n<li><strong>Ju\u00e1rez-Ruiz, J.<\/strong> &amp; Altaba, C.R. (2023). L&#8217;\u00fas de l&#8217;evid\u00e8ncia cient\u00edfica a l&#8217;\u00e0mbit de la taxonomia: r\u00e8plica a \u201cSobre la detecci\u00f3 d&#8217;una incongru\u00e8ncia en l&#8217;al\u00e7ada de la closca de l&#8217;holotip d&#8217;<em>Iberellus colladoi <\/em>Ju\u00e1rez-Ruiz &amp; Altaba, 2022. Implicacions taxon\u00f2miques\u201d. <em>Nemus<\/em>, 13: 219\u2013223.<\/li>\n\n<li><strong>Ju\u00e1rez-Ruiz, J.<\/strong> &amp; Oss\u00f3, \u00c0. (2023). L\u2019anomur m\u00e9s antic d\u2019Ib\u00e8ria: pres\u00e8ncia d\u2019<em>Schobertella <\/em>Schweigert, Fraaye, Havlik i N\u00fctzel 2013 (Decapoda, Paguroidea) al Pliensbaqui\u00e0 superior (Jur\u00e0ssic inferior) de Mallorca (Illes Balears, Mediterrani Occidental). <em>Bollet\u00ed de la Societat d\u2019Hist\u00f2ria Natural de les Balears, <\/em>66: 141\u2013148.<\/li>\n\n<li><strong>Matamales-Andreu, R. <\/strong>(2023). Noves dades sobre l\u2019os d\u2019un tetr\u00e0pode de gran mida del Permi\u00e0 mitj\u00e0\u2013superior de Menorca (Mediterr\u00e0nia occidental). <em>Bollet\u00ed de la Societat d\u2019Hist\u00f2ria Natural de Balears<\/em>, 66: 75\u201385.<\/li>\n\n<li><strong>Matamales-Andreu, R.<\/strong>; Mujal, E.; Galobart, \u00c0. &amp; Fortuny, J. (2023). A new medium-sized moradisaurine captorhinid eureptile from the Permian of Mallorca (Balearic Islands, western Mediterranean) and correlation with the co-occurring ichnogenus <em>Hyloidichnus<\/em>.<em> Papers in Palaeontology<\/em>, 9(3): e1498.<\/li>\n\n<li>Pe\u00f1alver, E.; <strong>Matamales-Andreu, R.<\/strong>; <strong>Ju\u00e1rez-Ruiz, J.<\/strong>; Nel, A.; Lozano, R. &amp; P\u00e9rez-de la Fuente, R. (2023). Early detritivory and sedimentivory in insects based on <em>in situ<\/em> gut contents from Triassic aquatic immatures. <em>Papers in Palaeontology<\/em>, 9(1): e1478.<\/li>\n\n<li>Salom, J.C.; <strong>Constantino, C.<\/strong>; Bellanger, J.-M.; Planas, J. &amp; Siquier, J.L. (2023). El genero <em>Morchella<\/em> en las Illes Balears (Espa\u00f1a) II: <em>Morchella anatolica<\/em> I\u015filo\u011flu, Spooner, Alli &amp; Solak. <em>ERROTARI<\/em>, 18: 92\u201399.<\/li>\n\n<li>Salom, J.C.; Siquier, J.L.; Pintos, \u00c0.; Esteve-Ravent\u00f3s, F.; Pancorbo, F.; Lado, C.; Espinosa, J.; Costa, S.; Ribes, M.\u00c1.; Planas, J.; Serra, A.; Llistosella, J. &amp; <strong>Constantino, C. <\/strong>(2023). Notes corol\u00f2giques sobre la funga i els mixomicets de les Piti\u00fcses &#8211; Eivissa i Formentera. VI. (Illes Balears, Espanya). <em>Revista Catalana de Micologia<\/em>, 43: 61\u2013109.<\/li>\n\n<li>Siquier, J.L.; Pintos, \u00c0.; Salom, J.C.; Esteve-Ravent\u00f3s, F.; Pancorbo, F.; Planas, J.; <strong>Constantino, C. <\/strong>&amp; Fiol, Ll.(2023). Contribuci\u00f3 al coneixement micol\u00f2gic de les Illes Balears (Espanya). XXVII. <em>Revista Catalana de Micologia<\/em>, 43: 3\u201331.<\/li><\/ul><h3 class=\"wp-block-heading\"><strong>2022<\/strong><\/h3><ul class=\"wp-block-list\"><li>Baceta, J.I. &amp; <strong>Mateu-Vicens, G.<\/strong> (2022). Seagrass development in terrigenous-influenced inner ramp settings during the middle Eocene (Urbasa-Andia Plateau, Western Pyrenees, North Spain). <em>Sedimentology<\/em>, 69(1): 301\u2013344.&nbsp;<\/li>\n\n<li>Brandano, M.; <strong>Mateu-Vicens, G.<\/strong> &amp; Baceta, J.I. (2022).&nbsp;Understanding carbonate factories through palaeoecological and sedimentological signals \u2013 Tribute to Luis Pomar. <em>Sedimentology<\/em>, 69(1): 5\u201323.<\/li>\n\n<li>D\u00edaz-Calafat, J. &amp; <strong>Garcia, Ll.<\/strong> (2022). <em>Cephalonomia<\/em> Westwood 1833 (Hymenoptera: Chrysidoidea: Bethylidae): primer registre d\u2019aquest g\u00e8nere de vespes d\u2019inter\u00e8s sanitari a Balears. <em>Bollet\u00ed de la Societat d&#8217;Hist\u00f2ria Natural de les Balears<\/em>, 65: 91\u201395.<\/li>\n\n<li><strong>Garcia, Ll.<\/strong> (2022). Description of <em>Maghreboniscus rojasi<\/em> sp. nov. from Southern Spain and validation of the genus by the designation of a type species (Isopoda: Oniscidea: Spelaeoniscidae). <em>Zootaxa<\/em>, 5190(2): 267\u2013274.<\/li>\n\n<li><strong>Garcia, Ll. <\/strong>&amp; Pinya, S. (2022). Pres\u00e8ncia de la gambeta <em>Palaemon varians <\/em>Leach, 1814 (Crustacea: Decapoda: Palaemonidae) en una llacuna costanera del LIC 5310029 Na Borges a Mallorca. <em>Bollet\u00ed de la Societat d\u2019Hist\u00f2ria Natural de Balears<\/em>, 65: 131\u2013137.<\/li>\n\n<li><strong>Garcia, Ll.<\/strong> &amp; Robla, J. (2022). <em>Buchnerillo atlanticus<\/em> sp. nov., a new halophilic woodlouse (Isopoda: Oniscidea: incertae sedis) from the Atlantic coast of the Iberian Peninsula, with ecological remarks.&nbsp;<em>European Journal of Taxonomy<\/em>,&nbsp;821(1), 1\u201315.<\/li>\n\n<li><strong>Garcia, Ll. <\/strong>&amp; Rojas, D. (2022). Rediscovery of the endogean terrestrial isopod <em>Paraschizidium hispanum <\/em>Arcangeli, 1935 (Crustacea: Oniscidea: Armadillidi\u00adidae) in the Iberian Peninsula. <em>Revista de la Sociedad Gaditana de Historia Natural<\/em>, 16: 45\u201348.<\/li>\n\n<li><strong>Ju\u00e1rez-Ruiz, J. <\/strong>&amp; Altaba, C.R. (2022). Evid\u00e8ncies primerenques del g\u00e8nere <em>Ibere\u00adllus <\/em>Hesse, 1908 (Gastropoda: Stylommatophora: Helicidae: Allognathini) al Plioc\u00e8 inferior de Mallorca, amb descripci\u00f3 d\u2019<em>Iberellus colladoi <\/em>sp. nov. <em>Nemus<\/em>, 12: 187\u2013193.<\/li>\n\n<li><strong>Ju\u00e1rez-Ruiz, J.<\/strong> &amp; Mas, G. (2022). Els dip\u00f2sits litorals atribu\u00efts hist\u00f2ricament al Plioc\u00e8-Plistoc\u00e8 inferior de Mallorca (Illes Balears, Mediterrani occidental): revisi\u00f3, biocronologia de mol\u00b7luscs i implicacions paleogeogr\u00e0fiques. <em>Bollet\u00ed de la Societat d&#8217;Hist\u00f2ria Natural de les Balears<\/em>, 65: 237\u2013257.<\/li>\n\n<li>Khokhlova, A.; Gudnitz, M.N.; Ferriol, P.; Tejada, S.; Sureda, A.; Pinya, S. &amp; <strong>Mateu-Vicens, G.<\/strong> (2022). Epiphytic foraminifers as indicators of heavy-metal pollution in <em>Posidonia oceanica <\/em>seagrass meadows. <em>Ecological Indicators<\/em>, 140: 109006.<\/li>\n\n<li><strong>Matamales-Andreu, R. <\/strong>(2022). Documentaci\u00f3 d\u2019un peix del Mioc\u00e8 inferior d\u2019Esporles (Mallorca, illes Balears, Mediterr\u00e0nia occidental). <em>Nemus<\/em>, 12: 318\u2013322.<\/li>\n\n<li><strong>Matamales-Andreu, R.<\/strong>; Mujal, E.; Dinar\u00e8s-Turell, J.; Kustatscher, E.; Roghi, G.; Oms, O.; Galobart, \u00c0. &amp; Fortuny, J. (2022). Early\u2013middle Permian ecosystems of equatorial Pangaea: Integrated multi-stratigraphic and palaeontological review of the Permian of Mallorca (Balearic Islands, western Mediterranean). <em>Earth-Science Reviews<\/em>, 228: 103948.<\/li>\n\n<li>Moreira, X.; Abdala-Roberts, L.; Castagneyrol, B.; Caujap\u00e9-Castells, J.; Cruz-Guedes, J.; Lago-N\u00fa\u00f1ez, B.; <strong>Vicens-Forn\u00e9s, M. <\/strong>&amp; Garc\u00eda-Verdugo, C. (2022). A phylogenetically controlled test does not support the prediction of lower putative anti-herbivore leaf traits for insular woody species. <em>Journal of Biogeography<\/em>, 49(2): 274\u2013285.<\/li>\n\n<li>Pe\u00f1alver, E.; <strong>Matamales-Andreu, R.<\/strong>; Nel, A. &amp; P\u00e9rez-de la Fuente, R. (2022). Early adaptations of true flies (Diptera) to moist and aquatic continental environments. <em>Papers in Palaeontology<\/em>, 8(6): e1472.<\/li>\n\n<li>Saez, L.; Serapio, J.; Medina, L.; Lloret, F.; Guasp, E.; <strong>Vicens, M.<\/strong>; Costa, S.; Valls, P.; Moreno Morall, G.; Dom\u00ednguez, L. A.: Bibiloni, G.; Rita, J. &amp; Romero Zarco, C. M. (2022). Nuevos datos flor\u00edsticos, correcciones y otras notas fitogeogr\u00e1ficas de las Islas Baleares. <em>Acta Botanica Malacitana<\/em>, 47, 35\u201348.<\/li><\/ul><h3 class=\"wp-block-heading\"><strong>2021<\/strong><\/h3><ul class=\"wp-block-list\"><li>Baceta, J.I. &amp; <strong>Mateu-Vicens, G.<\/strong> (2021). Seagrass development in terrigenous-influenced inner ramp settings during the middle Eocene (Urbasa\u2013Andia Plateau, Western Pyrenees, North Spain). <em>Sedimentology<\/em>, 69(1): 301\u2013344.<\/li>\n\n<li><strong>Garcia, Ll.<\/strong> (2021). <em>Porcellio wadianae<\/em> Garcia &amp; Parejo-Pulido, 2021, un sin\u00f3nimo m\u00e1s moderno de <em>Porcellio veraensis<\/em> Cifuentes, 2020 (Isopoda: Oniscidea: Porcellionidae). <em>Bollet\u00ed de la Societat d&#8217;Hist\u00f2ria Natural de les Balears<\/em>, 64: 145\u2013153.<\/li>\n\n<li><strong>Garcia, Ll.<\/strong> &amp; Cabanillas, D. (2021). Los is\u00f3podos terrestres (Crustacea, Isopoda, Oniscidea) del entorno de las Lagunas de Ambroz: una zona urbana en proceso de renaturalizaci\u00f3n en el municipio de Madrid (Espa\u00f1a). <em>Bolet\u00edn de la Asociaci\u00f3n Espa\u00f1ola de Entomolog\u00eda<\/em>, 45(3\u20134): 161\u2013175.<\/li>\n\n<li><strong>Garcia, Ll.<\/strong> &amp; Robla, J. (2021). First record of <em>Armadilloniscus candidus<\/em> Budde-Lund, 1885 in the coastal areas of the Iberian Peninsula (Crustacea: Oniscidea: Detonidae). <em>Bollet\u00ed de la Societat d&#8217;Hist\u00f2ria Natural de les Balears<\/em>, 64: 39\u201346.<\/li>\n\n<li><strong>Garcia, Ll.<\/strong> &amp; Rojas, D. (2021). Is\u00f3podos terrestres (Crustacea: Isopoda: Oniscidea) de Andaluc\u00eda: nuevas citas y especies interesantes. <em>Revista de la Sociedad Gaditana de Historia Natural<\/em>, 15: 47\u201352.<\/li>\n\n<li><strong>Garcia, Ll.<\/strong>; Parejo-Pulido, D. &amp; S\u00e9chet, E. (2021). A new species of <em>Porcellio<\/em> Latreille, 1804 (Crustacea: Isopoda: Oniscidea) from Spain and the first report of woodlice from the Extremadura region. <em>Graellsia<\/em>, 77(1): e125.<\/li>\n\n<li><strong>Garcia, Ll.<\/strong>; Robla, J. &amp; Cabanillas, D. (2021). Confirmation of the presence of <em>Philoscia muscorum<\/em> (Scopoli, 1763) (Isopoda: Oniscidea: Philosciidae) in the Iberian Peninsula. <em>Bulletin of the British Myriapod &amp; Isopod Group<\/em>, 33: 79\u201387.<\/li>\n\n<li>G\u00f3mez de Dios, M.A.; Tinaut, A.; Salo\u00f1a-Bordas, M.I.; Delgado, J.A.; Arbea, J.; Baechli, G.; Baixeras, J.; Balanzategui, I.; Barranco, P.; Baz, A.; Castro-Tovar, A.; Cerny, M.; Carles-Tolr\u00e1, M.; Cabanillas, D.; Estrada Pe\u00f1a, A.; Falc\u00f3, V.; Gaju-Ricart, M.; Gamarra, P.; <strong>Garcia, Ll.<\/strong>; Langton, P.; Lencina, J.L.; Mengual, X.; Molero Baltan\u00e1s, R.; Nartshuk, E.; Navarro, C.; Obreg\u00f3n, R.; Outerelo, R.; P\u00e9rez Hidalgo, N.; Rodr\u00edguez, B.; Tolosa, L. &amp; van Erkelens, J.A. (2021). Primer cat\u00e1logo de invertebrados habitantes de las peque\u00f1as islas mediterr\u00e1neas cercanas a la costa almeriense (Almer\u00eda, Espa\u00f1a) (Eumetazoa, Arthropoda y Mollusca). <em>Bolet\u00edn de la Real Sociedad Espa\u00f1ola de Historia Natural<\/em>, 116: 41\u201356.<\/li>\n\n<li>Hoffmann, R.; Stevens, K.; H\u00e4rer, J.; <strong>Ju\u00e1rez-\u00adRuiz, J.<\/strong>; Klug, C. &amp; Schweigert, G. (2021). Fressen und gefressen werden: \u00dcber die Lebensweise von Ammoniten. <em>Geofokus, Geowissenschaftliche Mitteilungen<\/em>, 85: 8\u201320.<\/li>\n\n<li><strong>Ju\u00e1rez-Ruiz, J.<\/strong> &amp; <strong>Matamales-Andreu, R.<\/strong> (2021). Mollusca (Ammonoidea, Gastropoda, Bivalvia) from the upper Ladinian (Middle Triassic) of the island of Mallorca (Balearic Islands, western Mediterranean): preliminary data. <em>Ci\u00eancias da Terra Procedia<\/em>, 1(2021): 21\u201324.<\/li>\n\n<li><strong>Matamales-Andreu, R.<\/strong>; Mujal, E.; Galobart, \u00c0. &amp; Fortuny, J. (2021). Insights on the evolution of synapsid locomotion based on tetrapod tracks from the lower Permian of Mallorca (Balearic Islands, western Mediterranean). <em>Palaeogeography, Palaeoclimatology, Palaeoecology<\/em>, 579: 110589, 1\u201310.<\/li>\n\n<li><strong>Matamales-Andreu, R.<\/strong>; Oms, O.; Galobart, \u00c0. &amp; Fortuny, J. (2021). Middle\u2013Upper Triassic marine vertebrates of Mallorca (Balearic Islands, western Mediterranean). <em>Historical Biology<\/em>, 33(10): 2520\u20132533.<\/li>\n\n<li><strong>Matamales-Andreu, R.<\/strong>; Pe\u00f1alver, E.; Mujal, E.; Oms, O.; Scholze, F.; Ju\u00e1rez, J.; Galobart, \u00c0. &amp; Fortuny, J. (2021). Early\u2013Middle Triassic fluvial ecosystems of Mallorca (Balearic Islands): Biotic communities and environmental evolution in the equatorial western peri-Tethys. <em>Earth-Science Reviews<\/em>, 222: 103783.<\/li>\n\n<li><strong>Matamales-Andreu, R.<\/strong>; Roig-Munar, F.X.; Oms, O.; Galobart, \u00c0. &amp; Fortuny, J. (2021). A captorhinid-dominated assemblage from the palaeoequatorial Permian of Menorca (Balearic Islands, western Mediterranean). <em>Earth and Environmental Science Transactions of the Royal Society of Edinburgh<\/em>, 112(2): 125\u2013145.<\/li>\n\n<li><strong>Pinya, S.<\/strong>; Renga, E.; Fern\u00e1ndez, G.; <strong>Mateu-Vicens, G.<\/strong>; Tejada, S.; Cap\u00f3, X. &amp; Sureda, A. (2021). Physiological biomarkers in loggerhead turtles (<em>Caretta caretta<\/em>) as a tool for monitoring sanitary evolution in marine recovery centres. <em>Science of The Total Environment<\/em>, 757: 143930.<\/li>\n\n<li>S\u00e1ez, Ll.; Mestre, E.; <strong>Vicens, M.<\/strong> &amp; Romero-Zarco, C.M. (2021). <em>Medicago soleirolii<\/em> (Fabaceae), especie a excluir de la flora ibero-balear. <em>Acta Botanica Malacitana<\/em>, 46: 151\u2013153.&nbsp;<\/li>\n\n<li>Scholze, F. &amp; <strong>Matamales-Andreu, R.<\/strong> (2021). Triassic clam shrimps (\u201cConchostraca\u201d; Branchiopoda: Diplostraca) from Mallorca: Taxonomic description and interregional comparisons. <em>Zootaxa<\/em>, 4964(3): 471\u2013496.<\/li><\/ul><h3 class=\"wp-block-heading\"><strong>2020<\/strong><\/h3><ul class=\"wp-block-list\"><li>Cap\u00f3, X.; Tejada, S.; Ferriol, P.; Pinya, S.; <strong>Mateu-Vicens, G.<\/strong>; Montero-Gonz\u00e1lez, I.; Box, A. &amp; Sureda, A. (2020).&nbsp;Hypersaline water from desalinization plants causes oxidative damage in <em>Posidonia oceanica<\/em> meadows. <em>Science of The Total Environment<\/em>, 736: 139601.<\/li>\n\n<li><strong>Garcia, Ll.<\/strong> (2020). Algunas observaciones morfol\u00f3gicas sobre <em>Cristarmadillidium breuili<\/em> Vandel, 1954 (Oniscidea: Armadillidiidae) del Complejo del Arroyo de la Rambla (Peal de Becerro, Ja\u00e9n). <em>Monograf\u00edas Bioespeleol\u00f3gicas<\/em>, 15: 1\u20134.<\/li>\n\n<li><strong>Garcia, Ll.<\/strong> (2020). <em>Armadillidium nahumi<\/em> n. sp. (Crustacea: Oniscidea: Armadillidiidae), a new terrestrial isopod from catalan Pre-Pyrenees (Iberian Peninsula). <em>Bollet\u00ed de la Societat d&#8217;Hist\u00f2ria Natural de les Balears<\/em>, 63: 89\u201396.<\/li>\n\n<li><strong>Garcia, Ll.<\/strong> (2020). Corrigendum: Sobre la presencia de <em>Porcellio scaber<\/em> (Isopoda: Oniscidea) en una cavidad de C\u00f3rdoba. <em>Monograf\u00edas Bioespeleol\u00f3gicas<\/em>, 15: 13.<\/li>\n\n<li><strong>Garcia, Ll.<\/strong> (2020). Description of <em>Mica iberica<\/em> sp. nov. and <em>Porcellio cibioi<\/em> sp. nov., two new terrestrial isopods previously confused with <em>Porcellio ingenuus<\/em> Budde-Lund, 1885 (Isopoda: Oniscidea: Porcellionidae). <em>Bollet\u00ed de la Societat d&#8217;Hist\u00f2ria Natural de les Balears<\/em>, 63: 159\u2013173.<\/li>\n\n<li><strong>Garcia, Ll.<\/strong>; Miralles-N\u00fa\u00f1ez, A. &amp; P\u00e9rez, T. (2020). A new genus and species of cave-dwelling terrestrial isopod (Crustacea: Oniscidea: Trichoniscidae) from Southern Spain. <em>Zootaxa<\/em>, 4822(2): 257\u2013268.<\/li>\n\n<li><strong>Garcia, Ll.<\/strong>; Miralles-N\u00fa\u00f1ez, A. &amp; P\u00e9rez, T. (2020). First record of the genus <em>Graeconiscus<\/em> Strouhal, 1940 (Isopoda, Oniscidea, Trichoniscidae) in the Iberian Peninsula with the description of a new troglobitic species. <em>Subterranean Biology<\/em>, 36: 51\u201361.<\/li>\n\n<li>Gil, L.; Cap\u00f3, X.; Tejada, S.; <strong>Mateu-Vicens, G.<\/strong>; Ferriol, P.; <strong>Pinya, S.<\/strong> &amp; Sureda, A. (2020). Salt variation induces oxidative stress response in aquatic macrophytes: The case of the Eurasian water-milfoil <em>Myriophyllum spicatum<\/em> L. (Saxifragales: Haloragaceae). <em>Estuarine, Coastal and Shelf Science<\/em>, 239: 106756.<\/li>\n\n<li>Ju\u00e1rez-Ruiz, J.; <strong>Matamales-Andreu, R.<\/strong> &amp; Kadolsky, D. (2020). Shape and habitat disparity in Palaeogene land snails (Stylommatophora, Orthalicoidea, Vidaliellidae) of southwestern Europe: two new bulimoid genera from the Palaeogene of Mallorca (Balearic Islands, western Mediterranean). <em>Journal of Iberian Geology<\/em>, 46: 195\u2013207.<\/li><\/ul><h3 class=\"wp-block-heading\"><strong>2019<\/strong><\/h3><ul class=\"wp-block-list\"><li><strong>Garcia, Ll.<\/strong> (2019). Nuevos registros de Is\u00f3podos terrestres (Crustacea: Oniscidea) en Espa\u00f1a meridional (Andaluc\u00eda y Murcia). <em>Revista de la Sociedad Gaditana de Historia Natural<\/em>, 13: 27\u201332.<\/li>\n\n<li><strong>Garcia, Ll.<\/strong> &amp; P\u00e9rez-Fern\u00e1ndez, T. (2019). Nuevos datos sobre is\u00f3podos terrestres (Crustacea: Oniscidea) recolectados en algunas cavidades subterr\u00e1neas de Ja\u00e9n, Granada, M\u00e1laga y Albacete. <em>Monograf\u00edas Bioespeleol\u00f3gicas<\/em>, 14: 1\u20135.<\/li>\n\n<li><strong>Garcia, Ll.<\/strong>; P\u00e9rez-G\u00f3mez, A. &amp; Rodr\u00edguez-Luque, F. (2019). A new species of <em>Lucasius<\/em> (Isopoda: Oniscidea: Porcellionidae) from Southern Spain, with remarks on <em>Lucasius myrmecophilus<\/em> Kinahan, 1859. <em>Bolet\u00edn de la Sociedad Entomol\u00f3gica Aragonesa<\/em>,&nbsp;64: 11\u201320.<\/li>\n\n<li>Febrer-Serra, M.; Lassnig, N.; Colomar, V.; Sureda, A. &amp; <strong>Pinya, S.<\/strong> (2019). Population traits of the invasive Trachemys scripta elegans (Reptilia: Testudines: Emydidae) (Wied-Neuwied 1838) at Mallorca (Balearic Islands, Spain). <em>Bollet\u00ed de la Societat d&#8217;Hist\u00f2ria Natural de les Balears<\/em>, 62: 145\u2013159.<\/li>\n\n<li><strong>Ju\u00e1rez-Ruiz, J.<\/strong> &amp; <strong>Matamales-Andreu, R.<\/strong> (2019). Variabilidad morfol\u00f3gica de una asociaci\u00f3n de <em>Melanopsis<\/em> F\u00e9russac, 1807 (Gastropoda, Cerithioidea, Melanopsidae) del Oligoceno inferior de Mallorca (Mediterr\u00e1neo occidental). <em>Zub\u00eda, revista de ciencias<\/em>, Monogr\u00e1fico 31: 163\u2013168.<\/li>\n\n<li><strong>Matamales-Andreu, R.<\/strong> (2019). Historical review together with stratigraphical and taphonomical considerations on the upper Pleistocene deposit of Arenal de son Servera (Mallorca, Balearic Islands). <em>Carnets de G\u00e9ologie<\/em>, 19: 277\u2013285.<\/li>\n\n<li><strong>Matamales-Andreu, R.<\/strong> &amp; Company, M. (2019). Morphological variability patterns in the <em>Balearites-Pseudothurmannia<\/em> genera boundary (Ammonoidea, late Hauterivian): taxonomic and biostratigraphic implications. <em>Journal of Systematic Palaeontology<\/em>, 17(13): 869\u2013895.<\/li>\n\n<li><strong>Matamales-Andreu, R.<\/strong>; Ju\u00e1rez-Ruiz, J.; Pictet, A. &amp; Moreno-Bedmar, J. (2019). <em>Glaucoceras<\/em> gen. nov., a small uncoiled ammonoid from the Tethyan late Hauterivian (Early Cretaceous): evolutionary implications at the dawn of the diversification of heteromorphic lineages. <em>Cretaceous Research<\/em>, 100: 114\u2013125.<\/li>\n\n<li>Moreno-Bedmar, J.A.; Gonz\u00e1lez-Le\u00f3n, O.; Quiroz Barrag\u00e1n, J. &amp; <strong>Matamales-Andreu, R.<\/strong> (2019). \u00bfCu\u00e1l es la relevancia de los f\u00f3siles? El caso de los amonites cret\u00e1cicos de la Formaci\u00f3n La Pe\u00f1a del norte de M\u00e9xico. <em>Nuestra Tierra<\/em>, 32: 7\u201310.<\/li>\n\n<li>Siquier, J. L. Salom, J. C. &amp; <strong>Constantino, C.<\/strong> (2019). <em>Agaricus macrolepis<\/em> (Pil\u00e1t &amp; Pouzaer) Boisselet &amp; Courtec, primera citaci\u00f3 a les Illes Balears (Espanya). <em>Revista Catalana de Micologia<\/em>, 40: 63\u201366.<\/li><\/ul><h3 class=\"wp-block-heading\"><strong>2018<\/strong><\/h3><ul class=\"wp-block-list\"><li>Bert, D.; Bersac, S.; <strong>Ju\u00e1rez-Ruiz, J.<\/strong> &amp; Hughes, Z. (2018). Size reduction and ornamental oscillation within a Barremian lineage of giant heteromorphic ammonites (Early Cretaceous, northwestern Tethyan margin). <em>Cretaceous Research<\/em>, 88: 173\u2013186.<\/li>\n\n<li><strong>Garcia, Ll.<\/strong>; Pinya, S.; Colomar, V.; Par\u00eds, T.; Puig, M.; Rebassa, M. &amp; Mayol, J. (2018). The first recorded occurrences of the invasive crab <em>Callinectes sapidus<\/em> Rathbun, 1896 (Crustacea: Decapoda: Portunidae) in coastal lagoons of the Balearic Islands (Spain). <em>BioInvasions Records<\/em>, 7(2): 191\u2013196.<\/li>\n\n<li>Hoffmann, R.; Stevens, K.; H\u00e4rer, J.; <strong>Ju\u00e1rez-Ruiz, J.<\/strong>; Klug, C. &amp; Schweigert, G. (2018). Fressen und gefressen werden: \u00dcber die Lebensweise von Ammoniten. <em>GEOfokus<\/em>, 85: 8\u201320.<\/li>\n\n<li><strong>Matamales-Andreu, R.<\/strong>; Moreno-Bedmar, J.A.; Mart\u00ednez, R.; Grauges, A.; Najarro, M. &amp; Rosales, I. (2018). Review of the late Aptian ammonoids of the Reoc\u00edn area (Basque-Cantabrian Basin, Cantabria, Spain), stratigraphic implications and correlation to the third-order Ap 4 sequence. <em>Journal of Iberian Geology<\/em>, 44: 539\u2013549.<\/li><\/ul><h3 class=\"wp-block-heading\"><strong>2017<\/strong><\/h3><ul class=\"wp-block-list\"><li>D\u00edaz-Calafat, J.; <strong>Garcia, Ll.<\/strong> &amp; Pinya Fern\u00e1ndez, S. (2017). First record of <em>Plagionotus arcuatus<\/em> (Linnaeus, 1758) (Coleoptera: Cerambycidae) in the Balearic Islands. <em>Bolet\u00edn de la Sociedad Entomol\u00f3gica Aragonesa<\/em>,&nbsp;61(2): 281\u2013282.<\/li>\n\n<li><strong>Garcia, Ll.<\/strong> &amp; P\u00e9rez Fern\u00e1ndez, T. (2017). <em>Eluma caelata<\/em> (Miers, 1877) un is\u00f3podo terrestre (Crustacea: Oniscidea: Armadillidiidae) recolectado en las cuevas de Navilla de Fuente Acero (Cazorla, Ja\u00e9n) y sus registros en el medio subterr\u00e1neo andaluz. <em>Monograf\u00edas Bioespeleol\u00f3gicas<\/em>, 12: 14\u201318.<\/li>\n\n<li><strong>Garcia, Ll.<\/strong>; Robledo, A. &amp; Villar Zabal, E. (2017). Redescubrimiento y redescripci\u00f3n de&nbsp;<em>Porcellio succinctus<\/em>&nbsp;Budde-Lund, 1885 (Isopoda: Oniscidea: Porcellionidae), con notas adicionales para su identificaci\u00f3n.&nbsp;<em>Bolet\u00edn de la Sociedad Entomol\u00f3gica Aragonesa<\/em>, 60: 187\u2013194.<\/li>\n\n<li><strong>Matamales-Andreu, R.<\/strong> &amp; Quiroz-Barrag\u00e1n, J. (2017). Algunos ammonites heteromorfos de la Formaci\u00f3n La Pe\u00f1a, Aptiano del estado de Durango, Norte de M\u00e9xico, resguardados en el Museo Paleontol\u00f3gico de la Laguna. <em>Paleontolog\u00eda Mexicana<\/em>, 6(2): 67\u201371.<\/li>\n\n<li><strong>Matamales-Andreu, R.<\/strong>; <strong>Ju\u00e1rez, J.<\/strong> &amp; Martinell, J. (2017). Estructures de macrobioerosi\u00f3 en <em>Persististrombus latus<\/em> (Gmelin, 1971) del Pleistoc\u00e8 superior de Mallorca (illes Balears, Mediterr\u00e0nia Occidental). <em>Nemus<\/em>, 7: 19\u201329.<\/li>\n\n<li>Petitpierre, E.; <strong>Sacar\u00e9s, A.<\/strong> &amp; Jurado-Rivera, J.A. (2017). Updated checklist of Balearic leaf beetles (Coleoptera: Chrysomelidae).&nbsp;<em>Zootaxa<\/em>, 4272(2): 151\u2013177.<\/li>\n\n<li>Sureda, A.; Tejada, S.; Cap\u00f3, X.; Meli\u00e0, C.; Ferriol, P.; Pinya, S. &amp; <strong>Mateu-Vicens, G.<\/strong> (2017). Oxidative stress response in the seagrass <em>Posidonia oceanica<\/em> and the seaweed <em>Dasycladus vermicularis <\/em>associated to the invasive tropical green seaweed <em>Halimeda incrassata<\/em>. <em>Science of The Total Environment<\/em>, 601\u2013602: 918\u2013925.<\/li><\/ul><h3 class=\"wp-block-heading\"><strong>2016<\/strong><\/h3><ul class=\"wp-block-list\"><li><strong>Ju\u00e1rez, J.<\/strong> &amp; <strong>Matamales-Andreu, R.<\/strong> (2016). T\u00e0xons in\u00e8dits o poc coneguts per al Pleistoc\u00e8 superior litoral de Mallorca (Illes Balears, Mediterrani occidental) i consideracions sobre alguns jaciments. <em>Bollet\u00ed de la Societat d\u2019Hist\u00f2ria Natural de Balears<\/em>, 59: 39\u201367.<\/li>\n\n<li><strong>Mateu-Vicens, G.<\/strong>; Sebasti\u00e1n, T.; Khokhlova, A.; Leza, M.M. &amp; Deudero, S. (2016). Characterization of nitrogen and carbon stable isotopes in epiphytic foraminiferal morphotypes.&nbsp;<em>Journal of Foraminiferal Research<\/em>,&nbsp;46(3): 271\u2013284.<\/li><\/ul><h3 class=\"wp-block-heading\"><strong>2014<\/strong><\/h3><ul class=\"wp-block-list\"><li>Ginard, A.; Bover, P.; Vicens, D. &amp; <strong>Cresp\u00ed, D.<\/strong> (2014). Les exploracions espeleol\u00f2giques a les Illes Balears: el paper de l\u2019Speleo Club Mallorca. <em>Endins<\/em>, 36: 27\u201350.<\/li>\n\n<li>Ginard, A.; Vicens, D.; Bover, P.; <strong>Cresp\u00ed, D.<\/strong>; Gr\u00e0cia, F.; Gual, M.\u00c0. &amp; Balaguer, P. (2014). Coves litorals, geomorfologia i jaciments del quaternari de la marina de Llucmajor. Zona 1: La franja costanera entre es rac\u00f3 des Llobets i cala Esglesieta (2a Part). <em>Endins<\/em>, 36: 131\u2013150.<\/li>\n\n<li><strong>Mas, G.<\/strong>; Astudillo, H.; Quintana, J. &amp; Obrador, A. (2014). Etnopaleonton\u00edmia balear. Recull de noms populars de f\u00f2ssils de les Illes Balears. <em>Estudis Rom\u00e0nics (Institut d&#8217;Estudis Catalans)<\/em>, 36: 131\u2013164.<\/li>\n\n<li><strong>Mateu-Vicens, G.<\/strong>; Khokhlova, A. &amp; Sebasti\u00e1n-Pastor, T. (2014).&nbsp;Epiphytic foraminiferal indices as bioindicators in Mediterranean seagrass meadows. <em>Journal of Foraminiferal Research<\/em>, 44(3): 325\u2013339.<\/li>\n\n<li>Trias, M.; Bover, P.; Gin\u00e9s, J.; Gr\u00e0cia, F.; Palomar, B.; <strong>Vadell, M.<\/strong> &amp; Ruiz, F. (2014). La Cova Novella de na Llebrona (Manacor, Mallorca). <em>Endins<\/em>, 36: 51\u201358.<\/li><\/ul><h3 class=\"wp-block-heading\"><strong>2013<\/strong><\/h3><ul class=\"wp-block-list\"><li>Forn\u00f3s, J.J.; Gr\u00e0cia, F.; <strong>Mas, G.<\/strong> &amp; Vicens D. (2013). Estratigrafia de la cova des Dol\u00e7 (Col\u00f2nia de Sant Jordi, Mallorca). <em>Bollet\u00ed de la Societat d&#8217;Hist\u00f2ria Natural de les Balears<\/em>, 56: 165\u2013175.<\/li>\n\n<li><strong>Mas, G.<\/strong> (2013). Definici\u00f3 i caracteritzaci\u00f3 de la Formaci\u00f3 ses Olles (Lago Mare, Messini\u00e0 terminal) a l\u2019Illa de Mallorca (Illes Balears, Mediterr\u00e0nia occidental). <em>Bollet\u00ed de la Societat d&#8217;Hist\u00f2ria Natural de les Balears<\/em>, 56: 209\u2013231.<\/li>\n\n<li><strong>Mas, G.<\/strong>; Escalante, F. &amp; Quintana, J. (2013). Primera cita de un Delphinidae en el Ne\u00f3geno de las Islas Baleares. <em>Batalleria<\/em>, 18: 45\u201351.<\/li>\n\n<li>P\u00e9rez, T. &amp; <strong>Garcia, L.<\/strong> (2013). Nueva localidad para el is\u00f3podo troglobio <em>Trichoniscus perezi<\/em> Garcia, 2008 (Crustacea: Oniscidea: Trichoniscidae). <em>Gota a gota<\/em>, 2: 85\u201389.<\/li>\n\n<li>Zaragoza J.A. &amp; <strong>Vadell, M.<\/strong> (2013). <em>Chthonius (Chthonius) campaneti<\/em>, a new pseudoscorpion species from Coves de Campanet, Mallorca (Spain). <em>Revista Ib\u00e9rica de Aracnolog\u00eda<\/em>, 23: 33\u201341.<\/li><\/ul><h3 class=\"wp-block-heading\"><strong>2012<\/strong><\/h3><ul class=\"wp-block-list\"><li><strong>Garcia, Ll.<\/strong> (2012). El Museo Balear de Ciencias Naturales de S\u00f3ller (Mallorca). <em>Naturaleza Aragonesa<\/em>, 29: 55\u201361.<\/li>\n\n<li>Gibert, J.M. de; <strong>Mas, G.<\/strong> &amp; Ekdale, A.A. (2012). Architectural complexity of marine crustacean burrows: unusual helical trace fossils from the Miocene of Mallorca, Spain. <em>Lethaia<\/em>, 45: 574\u2013585.<\/li>\n\n<li>Palmer, M.; Pons, G.X.; Outerelo, R.; Vives, E.; Bell\u00e9s, X.; <strong>Garcia, Ll.<\/strong>; Linde, M.; G\u00f3mez-Pujol, Ll. &amp; March, D. (2012). Mapping species richness of endemic macroinvertebrates by overlapping distribution maps. <em>Bollet\u00ed de la Societat d&#8217;Hist\u00f2ria Natural de les Balears<\/em>, 55: 99\u2013122.<\/li><\/ul><h3 class=\"wp-block-heading\"><strong>2011<\/strong><\/h3><ul class=\"wp-block-list\"><li><strong>Mas, G.<\/strong> (2011). El mar\u00e8s de Mallorca: concepte, caracteritzaci\u00f3 i tipologia. <em>Estudis Bale\u00e0rics<\/em>, 100\u2013101: 151\u2013171.<\/li>\n\n<li><strong>Morey, B.<\/strong>; <strong>Mas, G.<\/strong> &amp; Ripoll, J. (2011). <em>El patrimoni paleontol\u00f2gic de Palma (Mallorca, Balears). Catalogaci\u00f3, caracteritzaci\u00f3 valoraci\u00f3. Propostes de gesti\u00f3, conservaci\u00f3 i \u00fas social<\/em>. Premi Ciutat de Palma 2009 (Beques d\u2019investigaci\u00f3: \u00c0rea de Ci\u00e8ncies Naturals). Ajuntament de Palma. Mem\u00f2ria d\u2019investigaci\u00f3. 250 pp. (in\u00e8dit).<\/li>\n\n<li>P\u00e9rez, T. &amp; <strong>Garcia, Ll.<\/strong> (2011). Nueva localidad para <em>Trichoniscus perezi<\/em> Garcia, 2008 (Oniscidea: Trichoniscidae) en la provincia de Ja\u00e9n (Andaluc\u00eda, Espa\u00f1a). <em>Bolet\u00edn de la Sociedad Andaluza de Entomolog\u00eda<\/em>, 17: 69\u201370.<\/li>\n\n<li>Pons, G.X. &amp; <strong>Vadell, M.<\/strong> (2011). Biospeleologia de les cavitats de les illes Balears: invertebrats terrestres. <em>Endins<\/em>, 35: 241\u2013256.<\/li>\n\n<li>Sendra, A.; Achurra, A.; Barranco, P.; Beruete, E.; Borges, P.A.V.; Herrero-Borgo\u00f1\u00f3n, J.J.; Camacho, A.I.; Gal\u00e1n, C.; <strong>Garcia, Ll.<\/strong>; Jaume, D.; Jordana, R.; Modesto, J. Monsalve, M.A.; Orom\u00ed, P.; Ortu\u00f1o, V.M.; Prieto, C.; Reboleira, A.S.; Rodr\u00edguez, P.; Salgado, J.M.; Teruel, S.; Tinaut, A. &amp; Zaragoza, J.A. (2011). Biodiversidad, regiones biogeogr\u00e1ficas y conservaci\u00f3n de la fauna subterr\u00e1nea Hispano-lusa. <em>Bolet\u00edn de la Sociedad Entomol\u00f3gica Aragonesa<\/em>, 49: 365\u2013400.<\/li>\n\n<li>Vicens, D.; Gr\u00e0cia, F.; Balaguer, P.; Ginard, A.; <strong>Cresp\u00ed, D.<\/strong> &amp; Bover, P. (2011). Cavitats litorals de g\u00e8nesi marina a les illes Balears. <em>Endins<\/em>, 35: 227\u2013236.<\/li><\/ul><h3 class=\"wp-block-heading\"><strong>2010<\/strong><\/h3><ul class=\"wp-block-list\"><li><strong>Cresp\u00ed, D.<\/strong>; <strong>Bover, P.<\/strong>; Ginard, A.; Vicens, D.; <strong>Vadell, M.<\/strong>; Barcel\u00f3, M.\u00c0. &amp; Gr\u00e0cia, F. (2010). Les cavitats de la serra de na Burguesa. Zona 9: Son Boronat-L\u2019Hostalet (3a part) (Calvi\u00e0, Mallorca). <em>Endins<\/em>, 34: 125\u2013140.<\/li>\n\n<li>Ginard, A.; Vicens, D.; Rossell\u00f3, J.A.; Pons, G.X.; Mir-Gual, M.; <strong>Pla, V.<\/strong>; <strong>Cresp\u00ed, D.<\/strong>; Barcel\u00f3, M.\u00c0. &amp; Bover, P. (2010). Pterid\u00f2fits i bri\u00f2fits de les cavitats de la serra de na Burguesa (Serra de Tramuntana, Mallorca). <em>Endins<\/em>, 34: 69\u201386.<\/li>\n\n<li><strong>Mas, G.<\/strong> &amp; Ripoll, J. (2010). Cambres de pupaci\u00f3 d\u2019insectes cole\u00f2pters del Plioc\u00e8-Pleistoc\u00e8 inferior de Mallorca (Illes Balears, Mediterr\u00e0nia occidental). Significaci\u00f3 paleoambiental i cronoestratigr\u00e0fica. <em>Bollet\u00ed de la Societat d&#8217;Hist\u00f2ria Natural de les Balears<\/em>, 53: 91\u2013106.<\/li>\n\n<li><strong>Mas, G.<\/strong>; Astudillo, H.; Quintana, J. &amp; Gr\u00e0cia, F. (2010). Espeleotopon\u00edmia de motivaci\u00f3 paleontol\u00f2gica i antracotopon\u00edmia de les Illes Balears. <em>Endins<\/em>, 34: 155\u2013164.<\/li>\n\n<li><strong>Mas, G.<\/strong>; Obrador, A.; Fern\u00e1ndez, M. &amp; Quintana, J. (2010). <em>Tomistoma<\/em> cf. <em>lusitanica<\/em> (Vianna i Moraes, 1945) (Reptilia: Crocodylia) del Tortoni\u00e0 inferior del port de Ma\u00f3 (Menorca, Illes Balears, Mediterr\u00e0nia occidental). <em>Bollet\u00ed de la Societat d&#8217;Hist\u00f2ria Natural de les Balears<\/em>, 53: 107\u2013122.<\/li>\n\n<li><strong>Vadell, M.<\/strong> (2010). Sobre la presencia de <em>Phryssonotus platycephalus<\/em> (Lucas, 1846) en el Archipi\u00e9lago de Cabrera (Diplopoda: Polyxenida: Synxenidae). <em>Bollet\u00ed de la Societat d&#8217;Hist\u00f2ria Natural de les Balears<\/em>, 53: 85\u201392.<\/li>\n\n<li><strong>Vadell, M.<\/strong> &amp; Pons, G.X. (2010). Sobre la presencia de <em>Lamyctopristus (Eumyctes)<\/em> <em>numidicus<\/em> (Latzel, 1886) (Chilopoda: Lithobiomorpha: Henicopidae) en las Islas Baleares (Mediterr\u00e1neo occidental). <em>Bollet\u00ed de la Societat d&#8217;Hist\u00f2ria Natural de les Balears<\/em>, 53: 161\u2013178.<\/li><\/ul><h3 class=\"wp-block-heading\"><strong>2009<\/strong><\/h3><ul class=\"wp-block-list\"><li><strong>Garcia Ll.<\/strong> (2009). <em>Trichoniscus perezi<\/em> Garcia, 2008, un nuevo is\u00f3podo terrestre cavern\u00edcola (Trichoniscidae) de las Sierras de Ja\u00e9n. <em>Monograf\u00edas Bioespeleol\u00f3gicas<\/em>, 4: 1\u20133.<\/li>\n\n<li>Ginard, A.; Bover, P.; Vicens, D.; <strong>Cresp\u00ed, D.<\/strong>; <strong>Vadell, M. <\/strong>&amp; Barcel\u00f3, M.\u00c0. (2009). Les cavitats de la serra de Na Burguesa. Zona 9: Son Boronat-L\u2019Hostalet (2a part) (Calvi\u00e0, Mallorca). <em>Endins<\/em>, 33: 105\u2013120.<\/li>\n\n<li><strong>Mas, G.<\/strong> &amp; <strong>Fiol, G.<\/strong> (2009). Ictiofauna del Burdigali\u00e0 inferior de cala Sant Vicen\u00e7 (Illes Balears, Mediterr\u00e0nia occidental). Una aproximaci\u00f3 paleoecol\u00f2gica. <em>Batalleria<\/em>,14: 67\u201384.<\/li>\n\n<li>Morey, B. &amp; <strong>Mas, G.<\/strong> (2009). Aproximaci\u00f3 al Neogen de Santa Eug\u00e8nia (Mallorca, Illes Balears, Mediterr\u00e0nia occidental). <em>Bollet\u00ed de la Societat d&#8217;Hist\u00f2ria Natural de les Balears<\/em>, 52: 99\u2013122.<\/li>\n\n<li><strong>Vadell, M.<\/strong> &amp; Hoch, H. (2009). <em>Cixius (Ceratoxicius) pallipes<\/em> Fieber, 1876 (Hemiptera: Auchenorrhyncha: Fulgoromorpha: Cixiidae): first record for Spain. <em>Bollet\u00ed de la Societat d&#8217;Hist\u00f2ria Natural de les Balears<\/em>, 52: 123\u2013128.<\/li><\/ul><h3 class=\"wp-block-heading\"><strong>2008 <\/strong><\/h3><ul class=\"wp-block-list\"><li>Cannicci, S.; <strong>Garcia, Ll.<\/strong> &amp; Galil, B. (2008). Racing across the Mediterranean\u2014first record of <em>Percnon gibbesi<\/em> (Crustacea: Decapoda: Grapsidae) in Greece. <em>Marine Biodiversity Records<\/em>, 1: e32.<\/li>\n\n<li><strong>Garcia, Ll.<\/strong> (2008). Els is\u00f2podes terrestres (Crustacea: Isopoda: Oniscidea) del Parc Natural de l\u2019illa de sa Dragonera (Illes Balears, Mediterr\u00e0nia occidental). <em>Bollet\u00ed de la Societat d&#8217;Hist\u00f2ria Natural de les Balears<\/em>, 51: 203\u2013224.<\/li>\n\n<li><strong>Garcia, Ll.<\/strong> (2008). <em>Trichoniscus perezi<\/em> sp. n. (Oniscidea: Synocheta: Trichoniscidae), un nuevo is\u00f3podo terrestre cavern\u00edcola de Ja\u00e9n (Andaluc\u00eda oriental, S de la Pen\u00ednsula Ib\u00e9rica). <em>Endins<\/em>, 32: 175\u2013180.<\/li>\n\n<li><strong>Garcia, Ll.<\/strong> &amp; Delgado-Serrano, M.C. (2008). Dos nuevos registros de <em>Cylisticus convexus<\/em> (De Geer, 1778) (Isopoda, Oniscidea, Cylisticidae) de Le\u00f3n y en la isla de Menorca (Espa\u00f1a). <em>Bolet\u00edn de la Sociedad Entomol\u00f3gica Aragonesa<\/em>, 43: 493\u2013494.<\/li>\n\n<li><strong>Mas, G.<\/strong> &amp; Antunes, M.T. (2008). Pres\u00e8ncia de <em>Tomistoma <\/em>cf. <em>lusitanica <\/em>(Vianna i Moraes, 1945) (Reptilia: Crocodylia) al Burdigali\u00e0 inferior de Mallorca (Illes Balears, Mediterr\u00e0nia occidental). Implicacions paleoambientals. <em>Bollet\u00ed de la Societat d&#8217;Hist\u00f2ria Natural de les Balears<\/em>, 51: 131\u2013146.<\/li>\n\n<li><strong>Vadell, M. <\/strong>&amp; Pons, G.X. (2008). Primera cita de <em>Eurygeophilus multistiliger<\/em> (Verhoeff, 1899) (Chilopoda, Geophilomorpha) para las Islas Baleares. <em>Endins<\/em>, 32: 171\u2013174.<\/li><\/ul><h3 class=\"wp-block-heading\"><strong>2007<\/strong><\/h3><ul class=\"wp-block-list\"><li>Baquero, E.; <strong>Vadell, M.<\/strong> &amp; Jordana, R. (2007). Sa Gleda cave (Majorca, Balearic Islands) and its fauna, with description of a new species of Oncopoduridae (Collembola). <em>Subterranean Biology<\/em>, 5: 29\u201334.<\/li>\n\n<li><strong>Cresp\u00ed, D.<\/strong>; Ginard, A.; Vicens, D.; <strong>Vadell, M.<\/strong> &amp; Barcel\u00f3, M.\u00c0. (2007). Les cavitats de la serra de na Burguesa. Zona 9: Son Boronat-l&#8217;Hostalet (Calvi\u00e0, Mallorca). <em>Endins<\/em>, 31: 141\u2013160.<\/li>\n\n<li><strong>Vadell, M.<\/strong> (2007). Datos sobre los quil\u00f3podos <em>Lithobius vivesi<\/em> Serra, 1983 y <em>Lithobius piceus tabacarui <\/em>Negrea &amp; Matic, 1973 (Chilopoda: Lithobiomorpha), localizados en el clot des Sero (Calvi\u00e0, Mallorca). <em>Endins<\/em>, 31: 179\u2013183.<\/li>\n\n<li><strong>Vadell, M.<\/strong> (2007). <em>Lithobius hispanicus <\/em>Meinert, 1872 (Chilopoda: Lithobiomorpha), primera cita para las Islas Baleares. <em>Bollet\u00ed de la Societat d&#8217;Hist\u00f2ria Natural de les Balears<\/em>, 50: 249\u2013256.<\/li>\n\n<li><strong>Vadell, M.<\/strong>; Jordana, R.; Sendra, A. &amp; Moraza, M.L. (2007). Primeros datos sobre la fauna cavern\u00edcola terrestre de la cova des Pas de Vallgornera (Llucmajor, Mallorca, Baleares). <em>Endins<\/em>, 31: 117\u2013124.<\/li><\/ul><h3 class=\"wp-block-heading\"><strong>2006<\/strong><\/h3><ul class=\"wp-block-list\"><li><strong>Garcia, Ll.<\/strong> (2006). Presencia de <em>Spelaeoniscus coiffaiti<\/em> Vandel, 1961 (Isopoda: Crinocheta: Spelaeoniscidae) en la Pen\u00ednsula Ib\u00e9rica. <em>Bolet\u00edn de la Sociedad Entomol\u00f3gica Aragonesa<\/em>, 38: 307\u2013309.<\/li>\n\n<li>Ginard, A.; <strong>Cresp\u00ed, D.<\/strong>; Vicens, D.; Vadell, M.; Barcel\u00f3, M.\u00c0. &amp; <strong>Bover, P.<\/strong> (2006). Les cavitats de la serra de na Burguesa. Zona 8: mineria al voltant des coll des Vent (Palma, Mallorca). <em>Endins<\/em>, 29: 99\u2013120.<\/li>\n\n<li><strong>Mas, G.<\/strong> &amp; Forn\u00f3s, J.J. (2006). El Neogen postorog\u00e8nic de la cubeta sediment\u00e0ria de Campos (Mallorca, IlIes Balears, Mediterr\u00e0nia occidental). <em>Bollet\u00ed de la Societat d&#8217;Hist\u00f2ria Natural de les Balears<\/em>, 49: 67\u201381.<\/li>\n\n<li><strong>Vadell, M.<\/strong>; Zaragoza, J.A.; Jordana, R.; <strong>Garcia, Ll.<\/strong>; Gracia, F. &amp; Clamor, B. (2006). Nuevas aportaciones al conocimiento de la fauna cavern\u00edcola terrestre de las Coves del Pirata, Cova del Pont, Cova de sa Piqueta y la Cova des Xots (Manacor, Mallorca, Baleares). <em>Endins<\/em>, 29: 75\u201398.<\/li>\n\n<li>Vicens, D.; <strong>Cresp\u00ed, D.<\/strong>; Ginard, A.; Gr\u00e0cia, F. &amp; Pons, G. X. (2006). Les coves litorals situades a la franja costanera entre es Mal Pas i el Cap Gros (Alc\u00fadia, Mallorca) (2a part). Troballa de restes de vell mar\u00ed (<em>Monachus monachus<\/em>) a la cova des Fonoll Mar\u00ed. <em>Endins<\/em>, 30: 87\u2013100.<\/li><\/ul><h3 class=\"wp-block-heading\"><strong>2005<\/strong><\/h3><ul class=\"wp-block-list\"><li><strong>Celi\u00e0, L.<\/strong> &amp; <strong>Mateu-Vicens, G.<\/strong> (2005). Els foramin\u00edfers: bioindicadors de la pradera de Posidonia. El cas pr\u00e0ctic del litoral de Calvi\u00e0. <em>Auba\u00efna, Butllet\u00ed del Museu Balear de Ci\u00e8ncies Naturals<\/em>, 6(1): 31\u201337.<\/li>\n\n<li><strong>Garcia, Ll.<\/strong> (2005). Mr Edwin Lankester i la divulgaci\u00f3 de la microsc\u00f2pia a l\u2019\u00e8poca victoriana. <em>Auba\u00efna, Butllet\u00ed del Museu Balear de Ci\u00e8ncies Naturals<\/em>, 6(1): 29\u201330.<\/li>\n\n<li><strong>Garcia, Ll.<\/strong> (2005). Un atles de distribuci\u00f3 de les someretes del Bon Jes\u00fas (is\u00f2podes terrestres) a les Illes Balears. <em>Auba\u00efna, Butllet\u00ed del Museu Balear de Ci\u00e8ncies Naturals<\/em>, 6(1): 44\u201347<\/li>\n\n<li><strong>Garcia, Ll.<\/strong> (2005). Primera cita de <em>Leptotrichus naupliensis<\/em> (Verhoeff, 1901) en la Pen\u00ednsula Ib\u00e9rica (Crustacea, Onscidea, Crinocheta). <em>Bolet\u00edn de la Sociedad Entomol\u00f3gica Aragonesa<\/em>, 37: 303\u2013305.<\/li>\n\n<li><strong>Garcia, Ll.<\/strong> (2005). Primer registro de <em>Armadillidium album<\/em> Dollfus, 1887 para Galicia y confirmaci\u00f3n de la especie para el litoral atl\u00e1ntico espa\u00f1ol (Isopoda: Crinocheta: Armadillidiidae). <em>Bolet\u00edn de la Sociedad Entomol\u00f3gica de Aragonesa<\/em>, 37: 310\u2013311.<\/li>\n\n<li>Jordana, R.; <strong>Vadell, M.<\/strong> &amp; Baquero, E. (2005). Description of a new <em>Entomobrya<\/em> species (Collembola, Entomobryidae) from a cave in Majorca (Balearic islands, Spain). <em>Publicaciones de biolog\u00eda de la Universidad de Navarra. Serie zool\u00f3gica<\/em>, 29: 8\u201321.<\/li>\n\n<li><strong>Mas, G. <\/strong>(2005). La paleoictiologia als segles XVIII i XIX a les Illes Balears: primeres cites d&#8217;ictiofauna f\u00f2ssil a Menorca i Mallorca. <em>Bollet\u00ed de la Societat d&#8217;Hist\u00f2ria Natural de les Balears<\/em>, 48: 103\u2013108.<\/li>\n\n<li><strong>Mas, G.<\/strong> (2005). Nova cita de sargantanes f\u00f2ssils, <em>Podarcis<\/em> sp. (Lacertidae; Squamata), al Quaternari de Mallorca. <em>Auba\u00efna, Butllet\u00ed del Museu Balear de Ci\u00e8ncies Naturals<\/em>, 6(1): 48\u201351.<\/li>\n\n<li>Petitpierre, E. &amp; <strong>Sacar\u00e9s, A.<\/strong> (2005). Estudi de la biodiversitat balear de cole\u00f2pters crisom\u00e8lids. <em>Auba\u00efna, Butllet\u00ed del Museu Balear de Ci\u00e8ncies Naturals<\/em>, 6(1): 38\u201343.<\/li>\n\n<li><strong>Vadell, M.<\/strong> &amp; Zaragoza, J.A. (2005). Estudio preliminar de la fauna invertebrada terrestre de la cova des Coll (Felanitx, Mallorca). <em>Endins<\/em>, 27: 187\u2013204.<\/li>\n\n<li><strong>Vadell, M.<\/strong>; Zaragoza, J.A.; Barcel\u00f3, M.\u00c0. &amp; <strong>Cresp\u00ed, D.<\/strong> (2005). Aportaciones al conocimiento de la fauna cavern\u00edcola en el conjunto de las coves del Pilar (Palma, Mallorca). <em>Endins<\/em>, 27: 75\u201392.<\/li>\n\n<li>Vicens, D.; <strong>Cresp\u00ed, D.<\/strong>; Bover, P.; Ginard, A.; <strong>Vadell, M.<\/strong> &amp; Barcel\u00f3, M.\u00c0. (2005). Les cavitats de la serra de na Burguesa. Zona 7: les coves del Pilar i les mines de guix (Palma, Mallorca). <em>Endins<\/em>, 27: 47\u201374.<\/li><\/ul><h3 class=\"wp-block-heading\"><strong>2004<\/strong><\/h3><ul class=\"wp-block-list\"><li><strong>Bover, P.<\/strong>; Ginard, A.; <strong>Cresp\u00ed, D.<\/strong>; Vicens, D.; Vadell, M.; Serra, J.; Santandreu, G. &amp; Barcel\u00f3, M.\u00c0. (2004). Les cavitats de la serra de na Burguesa. Zona 6: La mineria a la serra d&#8217;en Marill (Palma, Mallorca). <em>Endins<\/em>, 26: 59\u201382.<\/li>\n\n<li><strong>Sacar\u00e9s, A.<\/strong> &amp; Petitpierre, E. (2004). Cites noves o interessants de Chrysomelidae (Coleoptera) de les Illes Balears. <em>Bollet\u00ed de la Societat d&#8217;Hist\u00f2ria Natural de les Balears<\/em>, 47: 135\u2013141.<\/li><\/ul><h3 class=\"wp-block-heading\"><strong>2003<\/strong><\/h3><ul class=\"wp-block-list\"><li>Barcel\u00f3, M.\u00c0.; <strong>Bover, P.<\/strong>;&nbsp;Ginard, A.;&nbsp;Vadell, M.;&nbsp;<strong>Cresp\u00ed, D. <\/strong>&amp;&nbsp;Vicens, D. (2003). Les cavitats de la serra de na Burguesa. Zona 5: coma des Mal Pas (Calvi\u00e0 i Palma, Mallorca). <em>Endins<\/em>, 25: 87\u2013106.<\/li>\n\n<li><strong>Garcia, Ll.<\/strong> (2003). <em>Armadillidium cruzi<\/em> sp.n. (Isopoda: Oniscidea: Armadillidiidae) un nuevo is\u00f3podo terrestre de la isla de Mallorca (Islas Baleares, Mediterr\u00e1neo Occidental). <em>Bolet\u00edn de la Sociedad Entomol\u00f3gica Aragonesa<\/em>, 33: 19\u201324.<\/li>\n\n<li><strong>Garcia, Ll.<\/strong> (2003). Les \u201csomeretes marines\u201d, uns crustacis dignes d\u2019atenci\u00f3. <em>Auba\u00efna, Butllet\u00ed del Museu Balear de Ci\u00e8ncies Naturals<\/em>, 5(1): 24\u201326.<\/li>\n\n<li><strong>Garcia, Ll.<\/strong> (2003). Notes sobre la distribuci\u00f3 dels crustacis de Balears . X. <em>Ballodillium pilosum<\/em> Vandel, 1963 (Oniscidea: Armadillidiidae), a Formentera. Primer registre a les illes Piti\u00fcses. <em>Auba\u00efna, Butllet\u00ed del Museu Balear de Ci\u00e8ncies Naturals<\/em>, 5(1): 22\u201323.<\/li>\n\n<li><strong>Garcia, Ll.<\/strong>; Gross, A. &amp; Riddiford, N. (2003). <em>Armadillidium album<\/em>, un is\u00f2pode terrestre nou per a la fauna balear (Isopoda, Crinocheta, Armadillidiidae). <em>Bollet\u00ed de la Societat d&#8217;Hist\u00f2ria Natural de les Balears<\/em>, 46: 91\u201394.<\/li>\n\n<li>Mateu, G.; <strong>Mateu-Vicens, G.<\/strong>; Nadal, G.; Rodr\u00edguez, B.; Gil, M.M. &amp; <strong>Celi\u00e0, L.<\/strong> (2003). Los foramin\u00edferos del mar Balear como componentes biog\u00e9nicos de los sedimentos de playa. <em>Bollet\u00ed de la Societat d&#8217;Hist\u00f2ria Natural de les Balears<\/em>,&nbsp;46: 95\u2013115.&nbsp;<\/li>\n\n<li><strong>Mateu-Vicens, G.<\/strong> &amp; <strong>Celi\u00e0, L.<\/strong> (2003). Presence of <em>Technitella legumen<\/em> Norman, 1878 (Foraminifera, Saccaminidae) in <em>Posidonia oceanica<\/em> meadows sediments of Mallorca (Balearic Islands, Western Mediterranean). <em>Bollet\u00ed de la Societat d&#8217;Hist\u00f2ria Natural de les Balears<\/em>, 46: 131\u2013134.&nbsp;<\/li>\n\n<li><strong>Morey, G.<\/strong>; Mart\u00ednez, M.; Massut\u00ed, E. &amp; Moranta, J. (2003). The occurrence of white sharks, <em>Carcharodon carcharias<\/em> around the Balearic Islands (western Mediterranean Sea). <em>Environmental Biology of Fishes<\/em>, 68(4): 425\u2013432.<\/li>\n\n<li>Pons, G.X. &amp; <strong>Garcia, Ll.<\/strong> (2003). Primera cita d\u2019<em>Iphiclides podalirius <\/em>(Lepidoptera: Papillionidae) a les Illes Balears. <em>Auba\u00efna, Butllet\u00ed del Museu Balear de Ci\u00e8ncies Naturals<\/em>, 5(1): 17\u201321.<\/li>\n\n<li>Pons, G.X.; <strong>Celi\u00e0, L.<\/strong>; <strong>Garcia, Ll. <\/strong>&amp; McMinn, M. (2003). Pres\u00e8ncia de <em>Planorbella duryi<\/em> (Weatherby, 1879) (Mollusca; Gastropoda; Planorbidae) a les Illes Balears.<em> Bollet\u00ed de la Societat d&#8217;Hist\u00f2ria Natural de les Balears<\/em>, 46: 135\u2013140.<\/li>\n\n<li>Vicens, D. &amp;&nbsp;<strong>Cresp\u00ed, D.<\/strong> (2003). Les coves litorals situades a la franja costanera entre es Mal Pas i el Cap Gros (Alc\u00fadia, Mallorca) (1a part). <em>Endins<\/em>, 25: 117\u2013130.<\/li><\/ul><h3 class=\"wp-block-heading\"><strong>2002<\/strong><\/h3><ul class=\"wp-block-list\"><li><strong>Constantino, C.<\/strong> (2002). Curiositats del m\u00f3n dels fongs: <em>Copronus<\/em> <em>atramentarius<\/em> i l\u2019efecte \u201cAntab\u00fas\u201d. <em>Auba\u00efna, Butllet\u00ed del Museu Balear de Ci\u00e8ncies Naturals<\/em>, 4 (1\u20132): 33\u201334.<\/li>\n\n<li><strong>Constantino, C.<\/strong> (2002). Fongs recol\u00b7ectats durant la Jornada Micol\u00f2gica de S\u00f3ller de la tardor de 2002. <em>Auba\u00efna, Butllet\u00ed del Museu Balear de Ci\u00e8ncies Naturals<\/em>, 4(1\u20132): 34\u201338.<\/li>\n\n<li>Forn\u00f3s, J.J.; Gelabert, B.; <strong>Gin\u00e9s, \u00c0.<\/strong>; Gin\u00e9s, J.; Tuccimei, P. &amp; Vesica, P. (2002). Phreatic overgrowths on speleothems: a useful tool in structural geology in littoral karstic landscapes. The example of eastern Mallorca (Balearic Islands). <em>Geodinamica Acta<\/em>, 15: 113\u2013125.<\/li>\n\n<li><strong>Garcia, Ll.<\/strong> (2002). Notes sobre la distribuci\u00f3 dels crustacis de Balears. IX. <em>Chaetophiloscia cellaria<\/em> (Oniscidea: Philosciidae), is\u00f2pode nou per a la fauna de Mallorca. <em>Auba\u00efna, Butllet\u00ed del Museu Balear de Ci\u00e8ncies Naturals<\/em>, 4(1\u20132): 20\u201322.<\/li>\n\n<li><strong>Garcia, Ll.<\/strong> (2002). Crustacis is\u00f2podes i amf\u00edpodes recol\u00b7lectats dins el Jard\u00ed Bot\u00e0nic de S\u00f3ller. <em>Auba\u00efna, Butllet\u00ed del Museu Balear de Ci\u00e8ncies Naturals<\/em>, 4(1\u20132): 22\u201328.<\/li>\n\n<li><strong>Garcia, Ll.<\/strong> (2002). Presencia de <em>Calappa tuerkayana <\/em>Pastore, 1995 (Decapoda: Brachyura: Calappidae) en el Mediterr\u00e1neo Occidental. <em>Bollet\u00ed de la Societat d\u2019Hist\u00f2ria Natural de les Balears<\/em>, 45: 217\u2013223.<\/li>\n\n<li>Gin\u00e9s, J.; Tuccimei, P.; Forn\u00f3s, J.J.; <strong>Gin\u00e9s, \u00c0.<\/strong>; Gr\u00e0cia, F. &amp; Vesica, P. (2002). Los espeleotemas fre\u00e1ticos de las cuevas costeras de Mallorca: su contribuci\u00f3n al estudio del Cuaternario. <em>Bolet\u00edn de la Sociedad Espa\u00f1ola de Espeleolog\u00eda y Ciencias del Karst (SEDECK)<\/em>, 3: 76\u201391.<\/li>\n\n<li><strong>Mas, G.<\/strong> &amp; Fiol, G. (2002). Ictiofauna del Messini\u00e0 de la plataforma sediment\u00e0ria de Llucmajor (Illes Balears, Mediterr\u00e0nia occidental). Aspectes paleoambientals. <em>Bollet\u00ed de la Societat d\u2019Hist\u00f2ria Natural de les Balears<\/em>, 45: 105\u2013116.<\/li>\n\n<li><strong>Mateu-Vicens, G.<\/strong> (2002). An\u00e0lisi preliminar d\u2019una mostra de la campanya oceanogr\u00e0fica BALCOM 0702 (Institut Espanyol d\u2019Oceanografia). <em>Auba\u00efna, Butllet\u00ed del Museu Balear de Ci\u00e8ncies Naturals<\/em>, 4(1\u20132): 29\u201332.<\/li><\/ul><h3 class=\"wp-block-heading\"><strong>2001<\/strong><\/h3><ul class=\"wp-block-list\"><li><strong>Constantino, C.<\/strong> (2001). Fongs macromicets recol\u00b7lectats amb motiu de la Jornada Micol\u00f2gica de la tardor 2001. <em>Auba\u00efna, Butllet\u00ed del Museu Balear de Ci\u00e8ncies Naturals<\/em>, 3(2): 26\u201329<\/li>\n\n<li><strong>Constantino, C.<\/strong> (2001). Troballa a Mallorca d\u2019<em>Ustilago maydis<\/em>, el carb\u00f3 del blat de les \u00cdndies. <em>Auba\u00efna, Butllet\u00ed del Museu Balear de Ci\u00e8ncies Naturals<\/em>, 3(2): 19\u201320.<\/li>\n\n<li><strong>Cresp\u00ed, D.<\/strong>; Gr\u00e0cia, F.; Vicens, D.; Dot, M.A.; Vadell, M.; Barcel\u00f3, M.\u00c0.; Bover, P. &amp; Pla, V. (2001). Les cavitats de la serra de na Burguesa, Zona 4: puig Gros de Bendinat (2a part) (Calvi\u00e0, Mallorca). <em>Endins<\/em>, 24: 75\u201397.<\/li>\n\n<li><strong>Garcia, Ll.<\/strong> (2001). L\u2019aprofitament de la Font de s\u2019Olla (S\u00f3ller), un nou repte per a la conservaci\u00f3 dels invertebrats aqu\u00e0tics end\u00e8mics. <em>Auba\u00efna, Butllet\u00ed del Museu Balear de Ci\u00e8ncies Naturals<\/em>, 3(1): 11\u201312.<\/li>\n\n<li><strong>Garcia, Ll.<\/strong> (2001). Recuperaci\u00f3 d\u2019una petita per\u00f2 interessant col\u00b7lecci\u00f3 de preparacions. <em>Auba\u00efna, Butllet\u00ed del Museu Balear de Ci\u00e8ncies Naturals<\/em>, 3(1): p. 13.<\/li>\n\n<li><strong>Garcia, Ll.<\/strong> (2001). M\u00e9s dades sobre els crancs oce\u00e0nics <em>Planes minutus<\/em>. <em>Auba\u00efna, Butllet\u00ed del Museu Balear de Ci\u00e8ncies Naturals<\/em>, 3(1): p. 15.<\/li>\n\n<li><strong>Garcia, Ll.<\/strong> (2001). Nova localitat mallorquina del cranc ex\u00f2tic <em>Percnon gibbesi<\/em>. <em>Auba\u00efna, Butllet\u00ed del Museu Balear de Ci\u00e8ncies Naturals<\/em>, 3(1): p. 16.<\/li>\n\n<li><strong>Garcia, Ll.<\/strong> (2001). Notes sobre la distribuci\u00f3 dels crustacis de Balears. VIII. <em>Platyarthrus caudatus<\/em> (Is\u00f2pode terrestre: Platyarthridae) a l\u2019illa de Menorca. <em>Auba\u00efna, Butllet\u00ed del Museu Balear de Ci\u00e8ncies Naturals<\/em>, 3(2): 20\u201321.<\/li>\n\n<li><strong>Garcia, Ll.<\/strong> (2001). La \u201cRevista Ib\u00e9rica de Aracnolog\u00eda\u201d, una aposta espanyola per a la comunicaci\u00f3 cient\u00edfica de qualitat sobre els ar\u00e0cnids del m\u00f3n. <em>Auba\u00efna, Butllet\u00ed del Museu Balear de Ci\u00e8ncies Naturals<\/em>, 3(1): p. 29.<\/li>\n\n<li><strong>Gin\u00e9s, A.<\/strong> (2001). Les coves de la costa oriental de Mallorca i els canvis de nivell de la mar durant els darrers 150.000 anys. Una experi\u00e8ncia d\u2019investigaci\u00f3 potenciada des del MBCN. <em>Auba\u00efna, Butllet\u00ed del Museu Balear de Ci\u00e8ncies Naturals<\/em>, 3(2): 22\u201326.<\/li>\n\n<li><strong>Mateu-Vicens, G.<\/strong> (2001). Els Foramin\u00edfers posidon\u00edcoles del port de S\u00f3ller (Mallorca) com a indicadors ambientals. <em>Auba\u00efna, Butllet\u00ed del Museu Balear de Ci\u00e8ncies Naturals<\/em>, 3(1): 17\u201322.<\/li>\n\n<li>Vicens, D. &amp; <strong>Pla, V.<\/strong> (2001). Breu hist\u00f2ria del coneixement espeleol\u00f2gic de la Serra de na Burguesa. <em>Auba\u00efna, Butllet\u00ed del Museu Balear de Ci\u00e8ncies Naturals<\/em>, 3(1): 23\u201328.<\/li><\/ul><h3 class=\"wp-block-heading\"><strong>2000<\/strong><\/h3><ul class=\"wp-block-list\"><li><strong>Constantino, C.<\/strong> (2000). Bolets medicinals. <em>Auba\u00efna, Butllet\u00ed del Museu Balear de Ci\u00e8ncies Naturals<\/em>, 2(2): 21\u201324.<\/li>\n\n<li><strong>Constantino, C.<\/strong> (2000). Excepcional abund\u00e0ncia de <em>Macrolepiota<\/em> procera a la Serra de Tramuntana durant la tardor del 2000. <em>Auba\u00efna, Butllet\u00ed del Museu Balear de Ci\u00e8ncies Naturals<\/em>, 2(2): p. 16.<\/li>\n\n<li><strong>Constantino, C.<\/strong> (2000). Un bolet de primavera. <em>Auba\u00efna, Butllet\u00ed del Museu Balear de Ci\u00e8ncies Naturals<\/em>, 2(1): 24\u201326.<\/li>\n\n<li><strong>Constantino, C.<\/strong> &amp; <strong>Constantino C.<\/strong> (2000). Esp\u00e8cies de fongs recol\u00b7lectades amb motiu de les jornades micol\u00f2giques celebrades a la tardor del 2000. <em>Auba\u00efna, Butllet\u00ed del Museu Balear de Ci\u00e8ncies Naturals<\/em>, 2(2): 17\u201321.<\/li>\n\n<li><strong>Garcia, Ll.<\/strong> (2000). La serra, refugi de les darreres milanes de Mallorca. <em>Auba\u00efna, Butllet\u00ed del Museu Balear de Ci\u00e8ncies Naturals<\/em>, 2(2): p. 13.<\/li>\n\n<li><strong>Garcia, Ll.<\/strong> (2000). <em>Platyarthrus caudatus<\/em> (Crustacea, Isopoda, Oniscidea) un nou is\u00f2pode mirmec\u00f2fil per a la fauna de Mallorca. <em>Auba\u00efna, Butllet\u00ed del Museu Balear de Ci\u00e8ncies Naturals<\/em>, 2(2): 14\u201315.<\/li>\n\n<li><strong>Garcia, Ll. <\/strong>(2000). <em>Halophiloscia ischiana<\/em> Verhoeff, 1933, un is\u00f2pode terrestre nou per a la fauna de Mallorca. <em>Auba\u00efna, Butllet\u00ed del Museu Balear de Ci\u00e8ncies Naturals<\/em>, 2(1): p. 18.<\/li>\n\n<li><strong>Garcia, Ll.<\/strong> (2000). La gamba cosmopolita <em>Brachycarpus biunguiculatus<\/em> (Lucas), tamb\u00e9 a Mallorca. <em>Auba\u00efna, Butllet\u00ed del Museu Balear de Ci\u00e8ncies Naturals<\/em>, 2(1): 19\u201320.<\/li>\n\n<li><strong>Garcia, Ll.<\/strong> (2000). Observacions sobre el cranc oce\u00e0nic <em>Planes minutus<\/em> (Linnaeus, 1758). <em>Auba\u00efna, Butllet\u00ed del Museu Balear de Ci\u00e8ncies Naturals<\/em>, 2(2): 24\u201326.<\/li>\n\n<li><strong>Garcia, Ll.<\/strong> &amp; Reviriego, B. (2000). Pres\u00e8ncia del cranc subtropical <em>Percnon gibbesi<\/em> (H. Milne Edwards, 1853) (Crustacea, Decapoda, Grapsidae) a les Illes Balears. Primera cita a la Mediterr\u00e0nia occidental. <em>Bollet\u00ed de la Societat d\u2019Hist\u00f2ria Natural de les Balears<\/em>, 43: 81\u201389.<\/li>\n\n<li><strong>Morey, B.<\/strong> (2000). La conservaci\u00f3 dels taurons a la Mediterr\u00e0nia. <em>Auba\u00efna, Butllet\u00ed del Museu Balear de Ci\u00e8ncies Naturals<\/em>, 2(1): 21\u201324.<\/li>\n\n<li>Morey, B. &amp; <strong>Garcia, Ll.<\/strong> (2000). Una nova captura d\u2019emperador, <em>Luvarus imperialis<\/em>, a cala s\u2019Algar (Mallorca). <em>Auba\u00efna, Butllet\u00ed del Museu Balear de Ci\u00e8ncies Naturals<\/em>, 2(1): p. 20.<\/li>\n\n<li><strong>Pla, V.<\/strong> &amp; Vicens, D. (2000). 25 anys d&#8217;Endins, revista de la Federaci\u00f3 Balear d&#8217;Espeleologia. <em>Endins<\/em>, 23: 155\u2013186.<\/li>\n\n<li>Tuccimei, P.; Gin\u00e9s, J.; Delitala, C.; Pazzelli, L.; Taddeucci, A.; Clamor, B.; Forn\u00f3s, J.J.; <strong>Gin\u00e9s, \u00c0.<\/strong> &amp; Gr\u00e0cia, F. (2000). Dataciones Th\/U de espeleotemas fre\u00e1ticos recolectados a cotas inferiores al actual nivel marino en cuevas costeras de Mallorca, Espa\u00f1a:&nbsp;aportaciones a la construcci\u00f3n de una curva eust\u00e1tica detallada de los \u00faltimos 300 ka para el Mediterr\u00e1neo occidental. <em>Endins<\/em>, 23: 59\u201371.<\/li>\n\n<li>Vesica, P.L.; Tuccimei, P.; Turi, B.; Forn\u00f3s, J.J.; <strong>Gin\u00e9s, \u00c0.<\/strong> &amp; Gin\u00e9s, J. (2000). Late Pleistocene Paleoclimates and sea-level change in the Mediterranean as inferred from stable isotope and U-series studies of overgrowths on speleothems, Mallorca, Spain. <em>Quaternary Science Reviews<\/em>, 19: 865\u2013879.<\/li>\n\n<li>Vicens, D.; <strong>Cresp\u00ed, D.<\/strong>; Pla, V.; Barcel\u00f3, M.\u00c0.; Gr\u00e0cia, F.; Ginard, A. &amp; Bover, P. (2000). Les cavitats de la serra de na Burguesa, Zona 4: Puig Gros de Bendinat (1a part) (Calvi\u00e0, Mallorca). <em>Endins<\/em>, 23: 23\u201340.<\/li><\/ul><h3 class=\"wp-block-heading\"><strong>1999<\/strong><\/h3><ul class=\"wp-block-list\"><li><strong>Arbona, J.<\/strong> (1999). La protecci\u00f3 geol\u00f2gica en els plans general d\u2019ordenaci\u00f3 urbana. El cas de S\u00f3ller (Serra de Tramuntana de (Mallorca). <em>Auba\u00efna, Butllet\u00ed del Museu Balear de Ci\u00e8ncies Naturals<\/em>, 1(1): 16\u201317.<\/li>\n\n<li><strong>Constantino, C.<\/strong> (1999). Un exemplar excepcional de <em>Gymnopilus spectabilis<\/em>. <em>Auba\u00efna, Butllet\u00ed del Museu Balear de Ci\u00e8ncies Naturals<\/em>, 1(2): 16\u201317.<\/li>\n\n<li><strong>Constantino, C.<\/strong> (1999). Troballa de <em>Poronia punctata<\/em>. <em>Auba\u00efna, Butllet\u00ed del Museu Balear de Ci\u00e8ncies Naturals<\/em>, 1(1): 19\u201320.<\/li>\n\n<li><strong>Constantino, C.<\/strong> (1999). Els bolets de foc. <em>Auba\u00efna, Butllet\u00ed del Museu Balear de Ci\u00e8ncies Naturals<\/em>, 1(1): 21\u201324.<\/li>\n\n<li><strong>Constantino, C.<\/strong> (1999). Anar a cercar bolets. Un rep\u00e0s a la normativa europea sobre la recol\u00b7lecci\u00f3 micol\u00f2gica. <em>Auba\u00efna, Butllet\u00ed del Museu Balear de Ci\u00e8ncies Naturals<\/em>, 1(1): 24\u201327.<\/li>\n\n<li><strong>Garcia, Ll.<\/strong> (1999). Un crustaci amf\u00edpode semiterrestre al Torrent Major de S\u00f3ller (Mallorca): <em>Orchestia cavimana<\/em> Heller, 1865. <em>Auba\u00efna, Butllet\u00ed del Museu Balear de Ci\u00e8ncies Naturals<\/em>, 1(2): 13\u201314.<\/li>\n\n<li><strong>Garcia, Ll.<\/strong> (1999). Un is\u00f2pode enigm\u00e0tic de la Serra. <em>Auba\u00efna, Butllet\u00ed del Museu Balear de Ci\u00e8ncies Naturals<\/em>, 1(1): 14\u201315.<\/li>\n\n<li><strong>Garcia, Ll.<\/strong> (1999). <em>Cylisticus convexus<\/em> (De Geer, 1778), un is\u00f2pode terrestre nouvingut a Mallorca? <em>Auba\u00efna, Butllet\u00ed del Museu Balear de Ci\u00e8ncies Naturals<\/em>, 1(1): 18\u201319.<\/li>\n\n<li><strong>Garcia, Ll.<\/strong> (1999). Cat\u00e0leg de publicacions i altres treballs del MBCN. 17 anys d&#8217;aportacions a la Hist\u00f2ria Natural de Balears. <em>Auba\u00efna, Butllet\u00ed del Museu Balear de Ci\u00e8ncies Naturals<\/em>, 1 (2): 22\u201334.<\/li>\n\n<li><strong>Garcia, Ll.<\/strong> &amp; Frontera, M. (1999). Localitzaci\u00f3 i valoraci\u00f3 hist\u00f2rica del dec\u00e0pode f\u00f2ssil <em>Cyphoplax impressa<\/em> (Desmarest, 1822) (Crustacea, Decapoda, Ocypodoidea). <em>Bollet\u00ed de la Societat d\u2019Hist\u00f2ria Natural de les Balears<\/em>, 42: 55\u221261.<\/li>\n\n<li><strong>Gin\u00e9s, A.<\/strong> (1999). Lluc (Escorca), nova localitat tipus lapiaz mundial. <em>Auba\u00efna, Butllet\u00ed del Museu Balear de Ci\u00e8ncies Naturals<\/em>, 1(2): 11\u201312.<\/li>\n\n<li>Pons, G.X.; Palmer, M. &amp; <strong>Garcia, Ll.<\/strong> (1999). Is\u00f3podos terrestres (Isopoda, Oniscidea) de las Islas Chafarinas (N Africa, Mediterr\u00e1neo Occidental). <em>Bollet\u00ed de la Societat d\u2019Hist\u00f2ria Natural de les Balears<\/em>, 42: 139\u2212146.<\/li>\n\n<li><strong>Rossell\u00f3. J.A.<\/strong> (1999). Excursi\u00f3 a Mallorca de la Societat Espanyola de Briologia. <em>Auba\u00efna, Butllet\u00ed del Museu Balear de Ci\u00e8ncies Naturals<\/em>, 1(2): 20\u201321.<\/li>\n\n<li><strong>Sacar\u00e9s, A.<\/strong> (1999). Qu\u00e8 menja <em>Timarcha balearica<\/em> Gory, 1829?. <em>Auba\u00efna, Butllet\u00ed del Museu Balear de Ci\u00e8ncies Naturals<\/em>, 1(2): 14\u201316.<\/li>\n\n<li><strong>Vicens, M.<\/strong> (1999). La conservaci\u00f3 de les races aut\u00f2ctones de fruita i hortalissa. <em>Auba\u00efna, Butllet\u00ed del Museu Balear de Ci\u00e8ncies Naturals<\/em>, 1(2): 18\u201320.<\/li><\/ul><h3 class=\"wp-block-heading\"><strong>1998<\/strong><\/h3><ul class=\"wp-block-list\"><li>Barcel\u00f3, M.\u00c0.; Gr\u00e0cia, F.; <strong>Cresp\u00ed, D.<\/strong>; Vicens, D.; <strong>Pla, V.<\/strong>; Ginard, A. &amp; Casas, J.A. (1998). Les cavitats de la serra de na Burguesa. Zona 3: coll des Pastors (Calvi\u00e0, Mallorca). <em>Endins<\/em>, 22: 19\u221235.<\/li>\n\n<li><strong>Cresp\u00ed, D.<\/strong> &amp; Merino, A. (1998). Contribuci\u00f3 al coneixement de les mines de coure situades en el Permo-Trias de Menorca. <em>Endins<\/em>, 22: 119\u2212123.<\/li>\n\n<li>Pons-Moy\u00e0, J.; Pons, G.X; <strong>Garcia, Ll.<\/strong> &amp; Grau, A.M. (1998). Mol\u00b7luscs i dec\u00e0podes presents en el contingut g\u00e0stric del rafel, <em>Trigla lyra<\/em> (Linnaeus, 1758) (Osteichthyes, Triglidae) del SW de Mallorca (Mediterr\u00e0nia Occidental). <em>Bollet\u00ed de la Societat d\u2019Hist\u00f2ria Natural de les Balears<\/em>, 41: 87\u2212100.<\/li>\n\n<li>Tuccimei, P.; Gin\u00e9s, J.; <strong>Gin\u00e9s, A.<\/strong> &amp; Forn\u00f3s, J. (1998). Datazione Th\/U di speleotemi freatici provinenti da grotte costiere dell&#8217;isola di Mallorca (Baleari, Spagna). Implicazioni paleoclimatiche. <em>Plinius<\/em>, 20: 213\u2212214.<\/li>\n\n<li>Tuccimei, P.; Gin\u00e9s, J.; <strong>Gin\u00e9s, A.<\/strong>; Forn\u00f3s, J. &amp; Vesica, P. (1998). Dataciones Th\/U de espeleotemas fre\u00e1ticos controlados por el nivel marino, procedentes de cuevas costeras de Mallorca (Espa\u00f1a). <em>Endins<\/em>, 22: 99\u2212107.<\/li><\/ul><h3 class=\"wp-block-heading\"><strong>1997<\/strong><\/h3><ul class=\"wp-block-list\"><li>Forn\u00f3s, J.J.; <strong>Cresp\u00ed, D.<\/strong> &amp; Fiol, Ll. (1997). Aspectes mineral\u00f2gics i texturals de la pols procedent de les pluges de fang a les Illes Balears: la seva import\u00e0ncia en alguns processos geol\u00f2gics recents. <em>Bollet\u00ed de la Societat d\u2019Hist\u00f2ria Natural de les Balears<\/em>, 40: 113\u2212122.<\/li>\n\n<li>Gr\u00e0cia, F.; <strong>Cresp\u00ed, D.<\/strong>; Barcel\u00f3, M.A.; <strong>Pla, V.<\/strong>; Casas, J.A. &amp; Vicens, D. (1997). Les cavitats de la serra de na Burguesa. Zona 2: puig d\u2019en Bou (Calvi\u00e0, Mallorca). <em>Endins<\/em>, 21: 37\u221249.<\/li><\/ul><h3 class=\"wp-block-heading\"><strong>1996<\/strong><\/h3><ul class=\"wp-block-list\"><li>Fiol, Ll.; Forn\u00f3s, J.J. &amp; <strong>Gin\u00e9s, A.<\/strong> (1996). Effects of biokarstic processes on the development of solutional rillenkarren in limestone rocks. <em>Earth Surface Processes and Landforms<\/em>, 21(5): 447\u2212452.<\/li>\n\n<li><strong>Garcia, Ll.<\/strong> &amp; Cruz, A. (1996). Els is\u00f2podes terrestres de les Balears (Crustacea: Isopoda: Oniscidea): cat\u00e0leg d\u2019esp\u00e8cies. <em>Bollet\u00ed de la Societat d\u2019Hist\u00f2ria Natural de les Balears<\/em>, 39: 77\u221299.<\/li>\n\n<li><strong>Garcia, Ll. <\/strong>&amp; Gr\u00e0cia, F. (1996). Sobre algunas esp\u00e8cies de Crustacis Dec\u00e0podes interessants de les Balears (Crustacea: Decapoda). <em>Bollet\u00ed de la Societat d\u2019Hist\u00f2ria Natural de les Balears<\/em>, 39: 177\u2212186.<\/li>\n\n<li>G\u00f3mez-Zurita, J.; <strong>Sacar\u00e9s, A.<\/strong> &amp; Petitpierre, E. (1996). Chysomelidae (Coleoptera) de sa Dragonera. <em>Bollet\u00ed de la Societat d\u2019Hist\u00f2ria Natural de les Balears<\/em>, 39: 129\u2212134.<\/li><\/ul><h3 class=\"wp-block-heading\"><strong>1995<\/strong><\/h3><ul class=\"wp-block-list\"><li>Calonge, F.D.; Siquier, J.Ll. &amp; <strong>Constantino, C.<\/strong> (1995). Contribuci\u00f3n al conocimiento micol\u00f3gico de las islas Baleares. VII. Cuatro especies dignas de menci\u00f3n. <em>Bolet\u00edn de la Sociedad Micol\u00f3gica de Madrid<\/em>, 20: 309\u2212312.<\/li>\n\n<li><strong>Gin\u00e9s, A.<\/strong> &amp; <strong>Garcia, Ll.<\/strong> (1995). El carst com a recurs tur\u00edstic. <em>Jornadas de Geograf\u00eda del Turismo.<\/em><\/li>\n\n<li>Siquier, J.Ll. &amp; <strong>Constantino, C.<\/strong> (1995). Contribuci\u00f3n al conocimiento micol\u00f3gico de las Islas Baleares. VI. Ibiza. <em>Bolet\u00edn de la Sociedad Micol\u00f3gica de Madrid<\/em>, 20: 199\u2212224.<\/li><\/ul><h3 class=\"wp-block-heading\"><strong>1994<\/strong><\/h3><ul class=\"wp-block-list\"><li>Gin\u00e9s, J. &amp; <strong>Gin\u00e9s, A.<\/strong> (1994). Coves del Drac (Manacor, Mallorca). <em>Tecnoambiente<\/em>, 39: 73\u221280.<\/li>\n\n<li><strong>Garcia, Ll.<\/strong> (1994). <em>Pachygrapsus transversus<\/em> (Crustacea: Decapoda: Grapsidae) a les Balears. <em>Bollet\u00ed de la Societat<\/em> <em>d&#8217;Hist\u00f2ria Natural<\/em> <em>de les Balears<\/em>, 37: 57\u221263.<\/li>\n\n<li><strong>Garcia, Ll.<\/strong> (1994). El Museu Balear de Ci\u00e8ncies Naturals de S\u00f3ller va inaugurar l&#8217;exposici\u00f3 \u201c300 milions d&#8217;anys d&#8217;hist\u00f2ria de Mallorca, la col\u00b7lecci\u00f3 paleontol\u00f2gica de Joan Bauz\u00e0 Rullan\u201d. <em>Bollet\u00ed de la Societat d\u2019Hist\u00f2ria Natural de Balears<\/em>, 37: 241\u2212244.<\/li><\/ul><h3 class=\"wp-block-heading\"><strong>1993<\/strong><\/h3><ul class=\"wp-block-list\"><li>Bened\u00ed, C. &amp; <strong>Orell, J.J.<\/strong> (1993). Contribuci\u00f3n al estudio fitodermol\u00f3gico de <em>Chamaesyce<\/em> S.F. Gray (Euphorbiaceae). <em>Collectanea<\/em> <em>Botanica<\/em>, 22: 39\u221248.<\/li>\n\n<li><strong>For\u00e9s, M.<\/strong> &amp; Vilella, M. (1993). Una nueva especie de <em>Iberellus <\/em>Hesse, 1908 (Pulmonata: Helicidae) en la isla de Eivissa. <em>Bollet\u00ed de la Societat<\/em> <em>d&#8217;Hist\u00f2ria Natural<\/em> <em>de les Balears, <\/em>36: 17\u221230.<\/li>\n\n<li><strong>Gin\u00e9s, A.<\/strong> (1993). Apuntes hist\u00f3ricos sobre las Coves d\u2019Art\u00e0 (Capdepera, Mallorca). <em>Bolet\u00edn del Museo Andaluz de Espeleolog\u00eda<\/em>, 7: 21\u221227.&nbsp;<\/li>\n\n<li>Jaume, D. &amp; <strong>Garcia, Ll.<\/strong> (1993). <em>Burrimysis palmeri<\/em>, a new genus and species de Heteromysini (Crustacea: Mysdacea) from an anchihaline cave lake of Cabrera (Balearic Islands, Mediterranean). <em>Bijdragen tot de Dierkunde<\/em>, 62(4): 227\u2212235.<\/li><\/ul><h3 class=\"wp-block-heading\"><strong>1992<\/strong><\/h3><ul class=\"wp-block-list\"><li>Cruz, A. &amp; <strong>Garcia, Ll.<\/strong> (1992). Una nueva especie de <em>Porcellio<\/em> Latreille, perteneciente al grupo ib\u00e9rico (grupo <em>monticola<\/em>), en la isla de Mallorca: <em>P. balearicus<\/em> sp. Nov. (Isopoda, Oniscidea, Porcellionidae). <em>Bollet\u00ed de la Societat<\/em> <em>d&#8217;Hist\u00f2ria Natural<\/em> <em>de les Balears<\/em>, 35: 51\u221259.&nbsp;<\/li>\n\n<li><strong>Gin\u00e9s, A.<\/strong> (1992). Inauguraci\u00f3 de la primera fase del &#8220;Museu Balear de Ci\u00e8ncies Naturals&#8221; de S\u00f3ller. <em>Bollet\u00ed de la Societat d\u2019Hist\u00f2ria Natural de Balears<\/em>, 35: 171\u2212176.<\/li>\n\n<li>Jaume, D.&nbsp;&amp; <strong>Garcia, Ll. <\/strong>(1992). A new <em>Metacirolana<\/em> (Crustacea: Isopoda: Cirolanidae) from an anchihaline cave lake on Cabrera (Balearic Islands). <em>Stygologia<\/em>, 7(2): 179\u2212186.<\/li>\n\n<li>Jaume, D.&nbsp;&amp; <strong>Garcia, Ll. <\/strong>(1992). A new <em>Psammogammarus<\/em> (Amphipoda: Melitidae) from Cabrera (Balearic Islands). <em>Stygologia<\/em>, 7(2): 107\u2212115.&nbsp;<\/li>\n\n<li>Jaume, D. &amp; <strong>Garcia, Ll.<\/strong> (1992). Nota preliminar sobre la pres\u00e8ncia de crustacis talasoestigobionts a una cova litoral de l\u2019illa de Cabrera (Balears). <em>Endins<\/em>, 17\u221218: 57\u221259.<\/li>\n\n<li><strong>Pla, V.<\/strong>; Sastre, B. &amp; Llorens, Ll. (1992). <em>Aproximaci\u00f3 al cat\u00e0leg de la flora vascular de les Illes Balears<\/em>. Universitat de les Illes Balears-Jard\u00ed Bot\u00e0nic de S\u00f3ller (MBCN). Palma de Mallorca, p. 57.<\/li><\/ul><h3 class=\"wp-block-heading\"><strong>1991<\/strong><\/h3><ul class=\"wp-block-list\"><li><strong>Constantino, C.<\/strong> &amp; P\u00e9rez, P. (1991). Una cita d\u2019\u00abEsclatassangs\u00bb (<em>Lactarius sanguifluus<\/em>) al segle XVI (1536) a S\u00f3ller, Mallorca. <em>Bollet\u00ed de la Societat<\/em> <em>d&#8217;Hist\u00f2ria Natural<\/em> <em>de les Balears<\/em>, 34: 95\u221296.<\/li>\n\n<li>Llorens, L. &amp; <strong>Gradaille, J.L.<\/strong> (1991). <em>Dianthus rupicola<\/em> Biv. subsp. <em>bocchoriana<\/em> Llorens &amp; Gradaille, nuevo endemismo de la isla de Mallorca. <em>Candollea<\/em>, 46(2): 383\u2212389.<\/li>\n\n<li><strong>Orell, J.<\/strong> &amp; Romo, A.M. (1991). The genus <em>Viola<\/em> in the Balearic Islands. <em>Butllet\u00ed de la Instituci\u00f3 Catalana d&#8217;Hist\u00f2ria Natural, <\/em>59 (Sec. Bot., 8): 81\u221288.<\/li><\/ul><h3 class=\"wp-block-heading\"><strong>1990<\/strong><\/h3><ul class=\"wp-block-list\"><li><strong>Garcia, Ll.<\/strong> (1989\u22121990). <em>Daira speciosa<\/em> (Crustacea, Decapoda, Xanthidae) en el Mioceno de la Isla de Mallorca (Baleares). <em>Bollet\u00ed de la Societat<\/em> <em>d&#8217;Hist\u00f2ria Natural<\/em> <em>de les Balears<\/em>, 33: 81\u221285.<\/li>\n\n<li>Orell, J.; <strong>Gradaille, J.L.<\/strong> &amp; Villar, L. (1990). Sobre algunos <em>Polygonum<\/em> de Mallorca. <em>Collectanea Botanica<\/em>, 18: 151\u2212152.&nbsp;<\/li>\n\n<li>Rossell\u00f3, J.A.; Cubas, P.; <strong>Gradaille, J.L.<\/strong> &amp; <strong>Sastre, B.<\/strong> (1990). <em>Asplenium <\/em>\u00d7<em> artanense<\/em> (Aspleniaceae: Pteridophyta) a new diploid hybrid from Mallorca, Spain. <em>Fern Gazette<\/em>, 13(6): 349\u2212355.<\/li><\/ul><h3 class=\"wp-block-heading\"><strong>1989<\/strong><\/h3><ul class=\"wp-block-list\"><li>Rossell\u00f3, J.A.; <strong>Gradaille, J.L.<\/strong>; <strong>Sastre, B.<\/strong>; Vicens, J. &amp; Salvo, A.E. (1989). <em>Dryopteris tyrrhena<\/em> Fraser Jenkins &amp; Reichstein en Baleares. Notas pteridol\u00f3gicas, 21-26. <em>Acta Botanica Malacitana<\/em>, 14: 255\u2212258.&nbsp;<\/li><\/ul><h3 class=\"wp-block-heading\"><strong>1988<\/strong><\/h3><ul class=\"wp-block-list\"><li><strong>Garcia, Ll.<\/strong> &amp; <strong>Gr\u00e0cia, F.<\/strong> (1988). Nuevas aportaciones a la fauna de <em>Crustacea Decapoda<\/em> de las Baleares. <em>Bollet\u00ed de la Societat<\/em> <em>d&#8217;Hist\u00f2ria Natural<\/em> <em>de les Balears<\/em>, 32: 47\u221256.<\/li>\n\n<li>Jaume, D. &amp; <strong>Garcia, Ll.<\/strong> (1988). Revisi\u00f3n de la especie polit\u00edpica <em>Jaera nordmanni<\/em> (Rhatke, 1837) de las aguas epicontinentales de la Isla de Mallorca (Baleares) (Isopoda, Astellota, Janiridae) de las aguas dulces de Mallorca. <em>Miscel\u00e1nea Zool\u00f3gica<\/em>, 12: 79\u221288.&nbsp;<\/li><\/ul><h3 class=\"wp-block-heading\"><strong>1987<\/strong><\/h3><ul class=\"wp-block-list\"><li><strong>Constantino, C. <\/strong>&amp; <strong>Siquier, J.L.<\/strong> (1987). Aportaci\u00f3n de nuevas especies a la flora micol\u00f3gica de la Isla de Mallorca, I y II. <em>Bollet\u00ed de la Societat<\/em> <em>d&#8217;Hist\u00f2ria Natural<\/em> <em>de les Balears<\/em>, 31: 93\u2212103.<\/li>\n\n<li>Forn\u00f3s, J.J.; Rodr\u00edguez-Perea, A. &amp; <strong>Arbona, J.<\/strong> (1986\u22121987). Brechas y paleokarst en los dep\u00f3sitos jur\u00e1sicos de la Serra de Tramuntana de Mallorca. <em>Acta Geol\u00f2gica Hisp\u00e0nica<\/em>, 21\u221222: 459\u2212468.<\/li>\n\n<li><strong>Garcia, Ll.<\/strong> &amp; Massut\u00ed, C. (1987). Inventari bibliogr\u00e0fic dels crustacis dec\u00e0podes de les Illes Balears (Crustacea, Decapoda). <em>Bollet\u00ed de la Societat<\/em> <em>d&#8217;Hist\u00f2ria Natural<\/em> <em>de les Balears<\/em>, 31: 67\u221292.&nbsp;<\/li><\/ul><h3 class=\"wp-block-heading\"><strong>1985<\/strong><\/h3><ul class=\"wp-block-list\"><li><strong>Arbona, J.<\/strong>; Fontbot\u00e9, J.M.; Gonz\u00e1lez-Donoso, J.M.; Linares, A.; Ol\u00f3riz, F.; Pomar, L.; Rivas, P. &amp; S\u00e0bat, F. (1985). Precisiones bioestratigr\u00e1ficas y aspectos sedimentol\u00f3gicos del Jur\u00e1sico-Cret\u00e1cico basal de la Isla de Cabrera (Baleares). <em>Cuadernos de Geolog\u00eda Ib\u00e9rica<\/em>, 12: 169\u2013186.<\/li>\n\n<li><strong>Garcia, Ll.<\/strong> (1985). Sobre la presencia en aguas de Mallorca de <em>Paragalene longicrura<\/em> (Nardo, 1868) y <em>Euchirograpsus liguricus<\/em> H. Milne Edwards, 1853 (Crustacea, Decapoda, Brachyura). <em>Bollet\u00ed de la Societat d&#8217;Hist\u00f2ria Natural de les Balears<\/em>, 29: 123\u2013127.<\/li><\/ul><h3 class=\"wp-block-heading\"><strong>1984<\/strong><\/h3><ul class=\"wp-block-list\"><li><strong>For\u00e9s, M.<\/strong> (1984). Nuevas aportaciones al conocimiento de la fauna malacol\u00f3gica terrestre y de agua dulce de Baleares y Tarragona.<em> Bollet\u00ed de la Societat d&#8217;Hist\u00f2ria Natural de les Balears<\/em>, 28: 115\u2013122.<\/li><\/ul><h3 class=\"wp-block-heading\"><strong>1983<\/strong><\/h3><ul class=\"wp-block-list\"><li><strong>Arbona, J.<\/strong> &amp; Colom, G. (1983). Nota sobre el hallazgo de un afloramiento margoso del Gault de los alrededores de Felanitx.\u2014 Sierras de Levante. Mallorca. <em>Acta Geol\u00f2gica Hisp\u00e0nica<\/em>, 18(2): 117\u2013121.<\/li><\/ul><h3 class=\"wp-block-heading\"><strong>1982<\/strong><\/h3><ul class=\"wp-block-list\"><li>Siquier, J. &amp; <strong>Constantino, C.<\/strong> (1982). Aportaci\u00f3n de nuevas especies a la flora micol\u00f3gica de la Isla de Mallorca.<em> Bollet\u00ed de la Societat d&#8217;Hist\u00f2ria Natural de les Balears<\/em>, 26: 157\u2013167.<\/li><\/ul>","protected":false},"excerpt":{"rendered":"<p>2026 2025 2024 2023 2022 2021 2020 2019 2018 2017 2016 2014 2013 2012 2011 2010 2009 2008 2007 2006 2005 2004 2003 2002 2001 2000 1999 1998 1997 1996 1995 1994 1993 1992 1991 1990 1989 1988 1987 1985 1984 1983 1982<\/p>\n","protected":false},"author":1,"featured_media":0,"parent":4820,"menu_order":0,"comment_status":"closed","ping_status":"closed","template":"","meta":{"_acf_changed":false,"footnotes":""},"class_list":["post-6440","page","type-page","status-publish","hentry"],"acf":[],"yoast_head":"<!-- This site is optimized with the Yoast SEO plugin v24.2 - https:\/\/yoast.com\/wordpress\/plugins\/seo\/ -->\n<title>Articles cient\u00edfics | MUCBO<\/title>\n<meta name=\"robots\" content=\"index, follow, max-snippet:-1, max-image-preview:large, max-video-preview:-1\" \/>\n<link rel=\"canonical\" href=\"https:\/\/mucbo.org\/en\/scientific-publications\/articles-cientifics\/\" \/>\n<meta property=\"og:locale\" content=\"en_US\" \/>\n<meta property=\"og:type\" content=\"article\" \/>\n<meta property=\"og:title\" content=\"Articles cient\u00edfics | MUCBO\" \/>\n<meta property=\"og:description\" content=\"2026 2025 2024 2023 2022 2021 2020 2019 2018 2017 2016 2014 2013 2012 2011 2010 2009 2008 2007 2006 2005 2004 2003 2002 2001 2000 1999 1998 1997 1996 1995 1994 1993 1992 1991 1990 1989 1988 1987 1985 1984 1983 1982\" \/>\n<meta property=\"og:url\" content=\"https:\/\/mucbo.org\/en\/scientific-publications\/articles-cientifics\/\" \/>\n<meta property=\"og:site_name\" content=\"MUCBO\" \/>\n<meta property=\"article:modified_time\" content=\"2026-04-20T15:46:15+00:00\" \/>\n<meta name=\"twitter:card\" content=\"summary_large_image\" \/>\n<meta name=\"twitter:label1\" content=\"Est. reading time\" \/>\n\t<meta name=\"twitter:data1\" content=\"46 minutes\" \/>\n<script type=\"application\/ld+json\" class=\"yoast-schema-graph\">{\"@context\":\"https:\/\/schema.org\",\"@graph\":[{\"@type\":\"WebPage\",\"@id\":\"https:\/\/mucbo.org\/en\/scientific-publications\/articles-cientifics\/\",\"url\":\"https:\/\/mucbo.org\/en\/scientific-publications\/articles-cientifics\/\",\"name\":\"Articles cient\u00edfics | MUCBO\",\"isPartOf\":{\"@id\":\"https:\/\/mucbo.org\/en\/#website\"},\"datePublished\":\"2025-02-18T09:00:29+00:00\",\"dateModified\":\"2026-04-20T15:46:15+00:00\",\"breadcrumb\":{\"@id\":\"https:\/\/mucbo.org\/en\/scientific-publications\/articles-cientifics\/#breadcrumb\"},\"inLanguage\":\"en-US\",\"potentialAction\":[{\"@type\":\"ReadAction\",\"target\":[\"https:\/\/mucbo.org\/en\/scientific-publications\/articles-cientifics\/\"]}]},{\"@type\":\"BreadcrumbList\",\"@id\":\"https:\/\/mucbo.org\/en\/scientific-publications\/articles-cientifics\/#breadcrumb\",\"itemListElement\":[{\"@type\":\"ListItem\",\"position\":1,\"name\":\"Inicio\",\"item\":\"https:\/\/mucbo.org\/en\/\"},{\"@type\":\"ListItem\",\"position\":2,\"name\":\"Scientific publications\",\"item\":\"https:\/\/mucbo.org\/en\/scientific-publications\/\"},{\"@type\":\"ListItem\",\"position\":3,\"name\":\"Articles cient\u00edfics\"}]},{\"@type\":\"WebSite\",\"@id\":\"https:\/\/mucbo.org\/en\/#website\",\"url\":\"https:\/\/mucbo.org\/en\/\",\"name\":\"MUCBO\",\"description\":\"Fundaci\u00f3 Jard\u00ed Bot\u00e0nic de S\u00f3ller - Museu Balear de Ci\u00e8ncies Naturals\",\"potentialAction\":[{\"@type\":\"SearchAction\",\"target\":{\"@type\":\"EntryPoint\",\"urlTemplate\":\"https:\/\/mucbo.org\/en\/?s={search_term_string}\"},\"query-input\":{\"@type\":\"PropertyValueSpecification\",\"valueRequired\":true,\"valueName\":\"search_term_string\"}}],\"inLanguage\":\"en-US\"}]}<\/script>\n<!-- \/ Yoast SEO plugin. -->","yoast_head_json":{"title":"Articles cient\u00edfics | MUCBO","robots":{"index":"index","follow":"follow","max-snippet":"max-snippet:-1","max-image-preview":"max-image-preview:large","max-video-preview":"max-video-preview:-1"},"canonical":"https:\/\/mucbo.org\/en\/scientific-publications\/articles-cientifics\/","og_locale":"en_US","og_type":"article","og_title":"Articles cient\u00edfics | MUCBO","og_description":"2026 2025 2024 2023 2022 2021 2020 2019 2018 2017 2016 2014 2013 2012 2011 2010 2009 2008 2007 2006 2005 2004 2003 2002 2001 2000 1999 1998 1997 1996 1995 1994 1993 1992 1991 1990 1989 1988 1987 1985 1984 1983 1982","og_url":"https:\/\/mucbo.org\/en\/scientific-publications\/articles-cientifics\/","og_site_name":"MUCBO","article_modified_time":"2026-04-20T15:46:15+00:00","twitter_card":"summary_large_image","twitter_misc":{"Est. reading time":"46 minutes"},"schema":{"@context":"https:\/\/schema.org","@graph":[{"@type":"WebPage","@id":"https:\/\/mucbo.org\/en\/scientific-publications\/articles-cientifics\/","url":"https:\/\/mucbo.org\/en\/scientific-publications\/articles-cientifics\/","name":"Articles cient\u00edfics | MUCBO","isPartOf":{"@id":"https:\/\/mucbo.org\/en\/#website"},"datePublished":"2025-02-18T09:00:29+00:00","dateModified":"2026-04-20T15:46:15+00:00","breadcrumb":{"@id":"https:\/\/mucbo.org\/en\/scientific-publications\/articles-cientifics\/#breadcrumb"},"inLanguage":"en-US","potentialAction":[{"@type":"ReadAction","target":["https:\/\/mucbo.org\/en\/scientific-publications\/articles-cientifics\/"]}]},{"@type":"BreadcrumbList","@id":"https:\/\/mucbo.org\/en\/scientific-publications\/articles-cientifics\/#breadcrumb","itemListElement":[{"@type":"ListItem","position":1,"name":"Inicio","item":"https:\/\/mucbo.org\/en\/"},{"@type":"ListItem","position":2,"name":"Scientific publications","item":"https:\/\/mucbo.org\/en\/scientific-publications\/"},{"@type":"ListItem","position":3,"name":"Articles cient\u00edfics"}]},{"@type":"WebSite","@id":"https:\/\/mucbo.org\/en\/#website","url":"https:\/\/mucbo.org\/en\/","name":"MUCBO","description":"Fundaci\u00f3 Jard\u00ed Bot\u00e0nic de S\u00f3ller - Museu Balear de Ci\u00e8ncies Naturals","potentialAction":[{"@type":"SearchAction","target":{"@type":"EntryPoint","urlTemplate":"https:\/\/mucbo.org\/en\/?s={search_term_string}"},"query-input":{"@type":"PropertyValueSpecification","valueRequired":true,"valueName":"search_term_string"}}],"inLanguage":"en-US"}]}},"_links":{"self":[{"href":"https:\/\/mucbo.org\/en\/wp-json\/wp\/v2\/pages\/6440","targetHints":{"allow":["GET"]}}],"collection":[{"href":"https:\/\/mucbo.org\/en\/wp-json\/wp\/v2\/pages"}],"about":[{"href":"https:\/\/mucbo.org\/en\/wp-json\/wp\/v2\/types\/page"}],"author":[{"embeddable":true,"href":"https:\/\/mucbo.org\/en\/wp-json\/wp\/v2\/users\/1"}],"replies":[{"embeddable":true,"href":"https:\/\/mucbo.org\/en\/wp-json\/wp\/v2\/comments?post=6440"}],"version-history":[{"count":23,"href":"https:\/\/mucbo.org\/en\/wp-json\/wp\/v2\/pages\/6440\/revisions"}],"predecessor-version":[{"id":10918,"href":"https:\/\/mucbo.org\/en\/wp-json\/wp\/v2\/pages\/6440\/revisions\/10918"}],"up":[{"embeddable":true,"href":"https:\/\/mucbo.org\/en\/wp-json\/wp\/v2\/pages\/4820"}],"wp:attachment":[{"href":"https:\/\/mucbo.org\/en\/wp-json\/wp\/v2\/media?parent=6440"}],"curies":[{"name":"wp","href":"https:\/\/api.w.org\/{rel}","templated":true}]}}